{"id":2610,"date":"2026-02-19T11:52:46","date_gmt":"2026-02-19T10:52:46","guid":{"rendered":"https:\/\/dev.jazzweltfestival.ch\/?page_id=2610"},"modified":"2026-02-19T11:52:46","modified_gmt":"2026-02-19T10:52:46","slug":"chronik","status":"publish","type":"page","link":"https:\/\/dev.jazzweltfestival.ch\/?page_id=2610","title":{"rendered":"Chronik"},"content":{"rendered":"<h2 style=\"text-align: center;\">Chronik<\/h2>\n<!-- default-view.php -->\n<div\n\tclass=\"ngg-galleryoverview default-view \n\t ngg-ajax-pagination-none\t\"\n\tid=\"ngg-gallery-53a394d1d2f02f154312f094a04ad177-1\">\n\n\t\t<!-- Thumbnails -->\n\t\t\t\t<div id=\"ngg-image-0\" class=\"ngg-gallery-thumbnail-box \n\t\t\t\t\t\t\t\t\t\t\t\" \n\t\t\t>\n\t\t\t\t\t\t<div class=\"ngg-gallery-thumbnail\">\n\t\t\t<a href=\"https:\/\/dev.jazzweltfestival.ch\/wp-content\/gallery\/chronik-jwf\/0001.jpg\"\n\t\t\t\ttitle=\"\"\n\t\t\t\tdata-src=\"https:\/\/dev.jazzweltfestival.ch\/wp-content\/gallery\/chronik-jwf\/0001.jpg\"\n\t\t\t\tdata-thumbnail=\"https:\/\/dev.jazzweltfestival.ch\/wp-content\/gallery\/chronik-jwf\/thumbs\/thumbs_0001.jpg\"\n\t\t\t\tdata-image-id=\"232\"\n\t\t\t\tdata-title=\"0001\"\n\t\t\t\tdata-description=\"\"\n\t\t\t\tdata-image-slug=\"0001\"\n\t\t\t\trel=\"lightbox\">\n\t\t\t\t<img\n\t\t\t\t\ttitle=\"0001\"\n\t\t\t\t\talt=\"0001\"\n\t\t\t\t\tsrc=\"https:\/\/dev.jazzweltfestival.ch\/wp-content\/gallery\/chronik-jwf\/thumbs\/thumbs_0001.jpg\"\n\t\t\t\t\twidth=\"170\"\n\t\t\t\t\theight=\"110\"\n\t\t\t\t\tstyle=\"max-width:100%;\"\n\t\t\t\t\/>\n\t\t\t<\/a>\n\t\t<\/div>\n\t\t\t\t\t\t\t<\/div> \n\t\t\t\n\t\t\t\t<div id=\"ngg-image-1\" class=\"ngg-gallery-thumbnail-box \n\t\t\t\t\t\t\t\t\t\t\t\" \n\t\t\t>\n\t\t\t\t\t\t<div class=\"ngg-gallery-thumbnail\">\n\t\t\t<a href=\"https:\/\/dev.jazzweltfestival.ch\/wp-content\/gallery\/chronik-jwf\/0002.jpeg\"\n\t\t\t\ttitle=\"\"\n\t\t\t\tdata-src=\"https:\/\/dev.jazzweltfestival.ch\/wp-content\/gallery\/chronik-jwf\/0002.jpeg\"\n\t\t\t\tdata-thumbnail=\"https:\/\/dev.jazzweltfestival.ch\/wp-content\/gallery\/chronik-jwf\/thumbs\/thumbs_0002.jpeg\"\n\t\t\t\tdata-image-id=\"243\"\n\t\t\t\tdata-title=\"0002\"\n\t\t\t\tdata-description=\"\"\n\t\t\t\tdata-image-slug=\"0002\"\n\t\t\t\trel=\"lightbox\">\n\t\t\t\t<img\n\t\t\t\t\ttitle=\"0002\"\n\t\t\t\t\talt=\"0002\"\n\t\t\t\t\tsrc=\"https:\/\/dev.jazzweltfestival.ch\/wp-content\/gallery\/chronik-jwf\/thumbs\/thumbs_0002.jpeg\"\n\t\t\t\t\twidth=\"170\"\n\t\t\t\t\theight=\"110\"\n\t\t\t\t\tstyle=\"max-width:100%;\"\n\t\t\t\t\/>\n\t\t\t<\/a>\n\t\t<\/div>\n\t\t\t\t\t\t\t<\/div> \n\t\t\t\n\t\t\t\t<div id=\"ngg-image-2\" class=\"ngg-gallery-thumbnail-box \n\t\t\t\t\t\t\t\t\t\t\t\" \n\t\t\t>\n\t\t\t\t\t\t<div class=\"ngg-gallery-thumbnail\">\n\t\t\t<a href=\"https:\/\/dev.jazzweltfestival.ch\/wp-content\/gallery\/chronik-jwf\/0003.jpeg\"\n\t\t\t\ttitle=\"\"\n\t\t\t\tdata-src=\"https:\/\/dev.jazzweltfestival.ch\/wp-content\/gallery\/chronik-jwf\/0003.jpeg\"\n\t\t\t\tdata-thumbnail=\"https:\/\/dev.jazzweltfestival.ch\/wp-content\/gallery\/chronik-jwf\/thumbs\/thumbs_0003.jpeg\"\n\t\t\t\tdata-image-id=\"244\"\n\t\t\t\tdata-title=\"0003\"\n\t\t\t\tdata-description=\"\"\n\t\t\t\tdata-image-slug=\"0003\"\n\t\t\t\trel=\"lightbox\">\n\t\t\t\t<img\n\t\t\t\t\ttitle=\"0003\"\n\t\t\t\t\talt=\"0003\"\n\t\t\t\t\tsrc=\"https:\/\/dev.jazzweltfestival.ch\/wp-content\/gallery\/chronik-jwf\/thumbs\/thumbs_0003.jpeg\"\n\t\t\t\t\twidth=\"170\"\n\t\t\t\t\theight=\"110\"\n\t\t\t\t\tstyle=\"max-width:100%;\"\n\t\t\t\t\/>\n\t\t\t<\/a>\n\t\t<\/div>\n\t\t\t\t\t\t\t<\/div> \n\t\t\t\n\t\t\t\t<div id=\"ngg-image-3\" class=\"ngg-gallery-thumbnail-box \n\t\t\t\t\t\t\t\t\t\t\t\" \n\t\t\t>\n\t\t\t\t\t\t<div class=\"ngg-gallery-thumbnail\">\n\t\t\t<a href=\"https:\/\/dev.jazzweltfestival.ch\/wp-content\/gallery\/chronik-jwf\/0004.jpg\"\n\t\t\t\ttitle=\"\"\n\t\t\t\tdata-src=\"https:\/\/dev.jazzweltfestival.ch\/wp-content\/gallery\/chronik-jwf\/0004.jpg\"\n\t\t\t\tdata-thumbnail=\"https:\/\/dev.jazzweltfestival.ch\/wp-content\/gallery\/chronik-jwf\/thumbs\/thumbs_0004.jpg\"\n\t\t\t\tdata-image-id=\"242\"\n\t\t\t\tdata-title=\"0004\"\n\t\t\t\tdata-description=\"\"\n\t\t\t\tdata-image-slug=\"0004\"\n\t\t\t\trel=\"lightbox\">\n\t\t\t\t<img\n\t\t\t\t\ttitle=\"0004\"\n\t\t\t\t\talt=\"0004\"\n\t\t\t\t\tsrc=\"https:\/\/dev.jazzweltfestival.ch\/wp-content\/gallery\/chronik-jwf\/thumbs\/thumbs_0004.jpg\"\n\t\t\t\t\twidth=\"170\"\n\t\t\t\t\theight=\"110\"\n\t\t\t\t\tstyle=\"max-width:100%;\"\n\t\t\t\t\/>\n\t\t\t<\/a>\n\t\t<\/div>\n\t\t\t\t\t\t\t<\/div> \n\t\t\t\n\t\t\t\t<div id=\"ngg-image-4\" class=\"ngg-gallery-thumbnail-box \n\t\t\t\t\t\t\t\t\t\t\t\" \n\t\t\t>\n\t\t\t\t\t\t<div class=\"ngg-gallery-thumbnail\">\n\t\t\t<a href=\"https:\/\/dev.jazzweltfestival.ch\/wp-content\/gallery\/chronik-jwf\/0005.jpg\"\n\t\t\t\ttitle=\"\"\n\t\t\t\tdata-src=\"https:\/\/dev.jazzweltfestival.ch\/wp-content\/gallery\/chronik-jwf\/0005.jpg\"\n\t\t\t\tdata-thumbnail=\"https:\/\/dev.jazzweltfestival.ch\/wp-content\/gallery\/chronik-jwf\/thumbs\/thumbs_0005.jpg\"\n\t\t\t\tdata-image-id=\"241\"\n\t\t\t\tdata-title=\"0005\"\n\t\t\t\tdata-description=\"\"\n\t\t\t\tdata-image-slug=\"0005\"\n\t\t\t\trel=\"lightbox\">\n\t\t\t\t<img\n\t\t\t\t\ttitle=\"0005\"\n\t\t\t\t\talt=\"0005\"\n\t\t\t\t\tsrc=\"https:\/\/dev.jazzweltfestival.ch\/wp-content\/gallery\/chronik-jwf\/thumbs\/thumbs_0005.jpg\"\n\t\t\t\t\twidth=\"170\"\n\t\t\t\t\theight=\"110\"\n\t\t\t\t\tstyle=\"max-width:100%;\"\n\t\t\t\t\/>\n\t\t\t<\/a>\n\t\t<\/div>\n\t\t\t\t\t\t\t<\/div> \n\t\t\t\n\t\t\t\t<div id=\"ngg-image-5\" class=\"ngg-gallery-thumbnail-box \n\t\t\t\t\t\t\t\t\t\t\t\" \n\t\t\t>\n\t\t\t\t\t\t<div class=\"ngg-gallery-thumbnail\">\n\t\t\t<a href=\"https:\/\/dev.jazzweltfestival.ch\/wp-content\/gallery\/chronik-jwf\/0006.jpg\"\n\t\t\t\ttitle=\"\"\n\t\t\t\tdata-src=\"https:\/\/dev.jazzweltfestival.ch\/wp-content\/gallery\/chronik-jwf\/0006.jpg\"\n\t\t\t\tdata-thumbnail=\"https:\/\/dev.jazzweltfestival.ch\/wp-content\/gallery\/chronik-jwf\/thumbs\/thumbs_0006.jpg\"\n\t\t\t\tdata-image-id=\"233\"\n\t\t\t\tdata-title=\"0006\"\n\t\t\t\tdata-description=\"\"\n\t\t\t\tdata-image-slug=\"0006\"\n\t\t\t\trel=\"lightbox\">\n\t\t\t\t<img\n\t\t\t\t\ttitle=\"0006\"\n\t\t\t\t\talt=\"0006\"\n\t\t\t\t\tsrc=\"https:\/\/dev.jazzweltfestival.ch\/wp-content\/gallery\/chronik-jwf\/thumbs\/thumbs_0006.jpg\"\n\t\t\t\t\twidth=\"170\"\n\t\t\t\t\theight=\"110\"\n\t\t\t\t\tstyle=\"max-width:100%;\"\n\t\t\t\t\/>\n\t\t\t<\/a>\n\t\t<\/div>\n\t\t\t\t\t\t\t<\/div> \n\t\t\t\n\t\t\t\t<div id=\"ngg-image-6\" class=\"ngg-gallery-thumbnail-box \n\t\t\t\t\t\t\t\t\t\t\t\" \n\t\t\t>\n\t\t\t\t\t\t<div class=\"ngg-gallery-thumbnail\">\n\t\t\t<a href=\"https:\/\/dev.jazzweltfestival.ch\/wp-content\/gallery\/chronik-jwf\/0007.jpg\"\n\t\t\t\ttitle=\"\"\n\t\t\t\tdata-src=\"https:\/\/dev.jazzweltfestival.ch\/wp-content\/gallery\/chronik-jwf\/0007.jpg\"\n\t\t\t\tdata-thumbnail=\"https:\/\/dev.jazzweltfestival.ch\/wp-content\/gallery\/chronik-jwf\/thumbs\/thumbs_0007.jpg\"\n\t\t\t\tdata-image-id=\"238\"\n\t\t\t\tdata-title=\"0007\"\n\t\t\t\tdata-description=\"\"\n\t\t\t\tdata-image-slug=\"0007\"\n\t\t\t\trel=\"lightbox\">\n\t\t\t\t<img\n\t\t\t\t\ttitle=\"0007\"\n\t\t\t\t\talt=\"0007\"\n\t\t\t\t\tsrc=\"https:\/\/dev.jazzweltfestival.ch\/wp-content\/gallery\/chronik-jwf\/thumbs\/thumbs_0007.jpg\"\n\t\t\t\t\twidth=\"170\"\n\t\t\t\t\theight=\"110\"\n\t\t\t\t\tstyle=\"max-width:100%;\"\n\t\t\t\t\/>\n\t\t\t<\/a>\n\t\t<\/div>\n\t\t\t\t\t\t\t<\/div> \n\t\t\t\n\t\t\t\t<div id=\"ngg-image-7\" class=\"ngg-gallery-thumbnail-box \n\t\t\t\t\t\t\t\t\t\t\t\" \n\t\t\t>\n\t\t\t\t\t\t<div class=\"ngg-gallery-thumbnail\">\n\t\t\t<a href=\"https:\/\/dev.jazzweltfestival.ch\/wp-content\/gallery\/chronik-jwf\/0008.jpg\"\n\t\t\t\ttitle=\"\"\n\t\t\t\tdata-src=\"https:\/\/dev.jazzweltfestival.ch\/wp-content\/gallery\/chronik-jwf\/0008.jpg\"\n\t\t\t\tdata-thumbnail=\"https:\/\/dev.jazzweltfestival.ch\/wp-content\/gallery\/chronik-jwf\/thumbs\/thumbs_0008.jpg\"\n\t\t\t\tdata-image-id=\"234\"\n\t\t\t\tdata-title=\"0008\"\n\t\t\t\tdata-description=\"\"\n\t\t\t\tdata-image-slug=\"0008\"\n\t\t\t\trel=\"lightbox\">\n\t\t\t\t<img\n\t\t\t\t\ttitle=\"0008\"\n\t\t\t\t\talt=\"0008\"\n\t\t\t\t\tsrc=\"https:\/\/dev.jazzweltfestival.ch\/wp-content\/gallery\/chronik-jwf\/thumbs\/thumbs_0008.jpg\"\n\t\t\t\t\twidth=\"170\"\n\t\t\t\t\theight=\"110\"\n\t\t\t\t\tstyle=\"max-width:100%;\"\n\t\t\t\t\/>\n\t\t\t<\/a>\n\t\t<\/div>\n\t\t\t\t\t\t\t<\/div> \n\t\t\t\n\t\t\t\t<div id=\"ngg-image-8\" class=\"ngg-gallery-thumbnail-box \n\t\t\t\t\t\t\t\t\t\t\t\" \n\t\t\t>\n\t\t\t\t\t\t<div class=\"ngg-gallery-thumbnail\">\n\t\t\t<a href=\"https:\/\/dev.jazzweltfestival.ch\/wp-content\/gallery\/chronik-jwf\/0009.jpg\"\n\t\t\t\ttitle=\"\"\n\t\t\t\tdata-src=\"https:\/\/dev.jazzweltfestival.ch\/wp-content\/gallery\/chronik-jwf\/0009.jpg\"\n\t\t\t\tdata-thumbnail=\"https:\/\/dev.jazzweltfestival.ch\/wp-content\/gallery\/chronik-jwf\/thumbs\/thumbs_0009.jpg\"\n\t\t\t\tdata-image-id=\"235\"\n\t\t\t\tdata-title=\"0009\"\n\t\t\t\tdata-description=\"\"\n\t\t\t\tdata-image-slug=\"0009\"\n\t\t\t\trel=\"lightbox\">\n\t\t\t\t<img\n\t\t\t\t\ttitle=\"0009\"\n\t\t\t\t\talt=\"0009\"\n\t\t\t\t\tsrc=\"https:\/\/dev.jazzweltfestival.ch\/wp-content\/gallery\/chronik-jwf\/thumbs\/thumbs_0009.jpg\"\n\t\t\t\t\twidth=\"170\"\n\t\t\t\t\theight=\"110\"\n\t\t\t\t\tstyle=\"max-width:100%;\"\n\t\t\t\t\/>\n\t\t\t<\/a>\n\t\t<\/div>\n\t\t\t\t\t\t\t<\/div> \n\t\t\t\n\t\t\t\t<div id=\"ngg-image-9\" class=\"ngg-gallery-thumbnail-box \n\t\t\t\t\t\t\t\t\t\t\t\" \n\t\t\t>\n\t\t\t\t\t\t<div class=\"ngg-gallery-thumbnail\">\n\t\t\t<a href=\"https:\/\/dev.jazzweltfestival.ch\/wp-content\/gallery\/chronik-jwf\/0010.jpg\"\n\t\t\t\ttitle=\"\"\n\t\t\t\tdata-src=\"https:\/\/dev.jazzweltfestival.ch\/wp-content\/gallery\/chronik-jwf\/0010.jpg\"\n\t\t\t\tdata-thumbnail=\"https:\/\/dev.jazzweltfestival.ch\/wp-content\/gallery\/chronik-jwf\/thumbs\/thumbs_0010.jpg\"\n\t\t\t\tdata-image-id=\"236\"\n\t\t\t\tdata-title=\"0010\"\n\t\t\t\tdata-description=\"\"\n\t\t\t\tdata-image-slug=\"0010\"\n\t\t\t\trel=\"lightbox\">\n\t\t\t\t<img\n\t\t\t\t\ttitle=\"0010\"\n\t\t\t\t\talt=\"0010\"\n\t\t\t\t\tsrc=\"https:\/\/dev.jazzweltfestival.ch\/wp-content\/gallery\/chronik-jwf\/thumbs\/thumbs_0010.jpg\"\n\t\t\t\t\twidth=\"170\"\n\t\t\t\t\theight=\"110\"\n\t\t\t\t\tstyle=\"max-width:100%;\"\n\t\t\t\t\/>\n\t\t\t<\/a>\n\t\t<\/div>\n\t\t\t\t\t\t\t<\/div> \n\t\t\t\n\t\t\t\t<div id=\"ngg-image-10\" class=\"ngg-gallery-thumbnail-box \n\t\t\t\t\t\t\t\t\t\t\t\" \n\t\t\t>\n\t\t\t\t\t\t<div class=\"ngg-gallery-thumbnail\">\n\t\t\t<a href=\"https:\/\/dev.jazzweltfestival.ch\/wp-content\/gallery\/chronik-jwf\/0011.jpg\"\n\t\t\t\ttitle=\"\"\n\t\t\t\tdata-src=\"https:\/\/dev.jazzweltfestival.ch\/wp-content\/gallery\/chronik-jwf\/0011.jpg\"\n\t\t\t\tdata-thumbnail=\"https:\/\/dev.jazzweltfestival.ch\/wp-content\/gallery\/chronik-jwf\/thumbs\/thumbs_0011.jpg\"\n\t\t\t\tdata-image-id=\"237\"\n\t\t\t\tdata-title=\"0011\"\n\t\t\t\tdata-description=\"\"\n\t\t\t\tdata-image-slug=\"0011\"\n\t\t\t\trel=\"lightbox\">\n\t\t\t\t<img\n\t\t\t\t\ttitle=\"0011\"\n\t\t\t\t\talt=\"0011\"\n\t\t\t\t\tsrc=\"https:\/\/dev.jazzweltfestival.ch\/wp-content\/gallery\/chronik-jwf\/thumbs\/thumbs_0011.jpg\"\n\t\t\t\t\twidth=\"170\"\n\t\t\t\t\theight=\"110\"\n\t\t\t\t\tstyle=\"max-width:100%;\"\n\t\t\t\t\/>\n\t\t\t<\/a>\n\t\t<\/div>\n\t\t\t\t\t\t\t<\/div> \n\t\t\t\n\t\t\t\t<div id=\"ngg-image-11\" class=\"ngg-gallery-thumbnail-box \n\t\t\t\t\t\t\t\t\t\t\t\" \n\t\t\t>\n\t\t\t\t\t\t<div class=\"ngg-gallery-thumbnail\">\n\t\t\t<a href=\"https:\/\/dev.jazzweltfestival.ch\/wp-content\/gallery\/chronik-jwf\/0012.jpg\"\n\t\t\t\ttitle=\"\"\n\t\t\t\tdata-src=\"https:\/\/dev.jazzweltfestival.ch\/wp-content\/gallery\/chronik-jwf\/0012.jpg\"\n\t\t\t\tdata-thumbnail=\"https:\/\/dev.jazzweltfestival.ch\/wp-content\/gallery\/chronik-jwf\/thumbs\/thumbs_0012.jpg\"\n\t\t\t\tdata-image-id=\"248\"\n\t\t\t\tdata-title=\"0012\"\n\t\t\t\tdata-description=\"\"\n\t\t\t\tdata-image-slug=\"0012\"\n\t\t\t\trel=\"lightbox\">\n\t\t\t\t<img\n\t\t\t\t\ttitle=\"0012\"\n\t\t\t\t\talt=\"0012\"\n\t\t\t\t\tsrc=\"https:\/\/dev.jazzweltfestival.ch\/wp-content\/gallery\/chronik-jwf\/thumbs\/thumbs_0012.jpg\"\n\t\t\t\t\twidth=\"170\"\n\t\t\t\t\theight=\"110\"\n\t\t\t\t\tstyle=\"max-width:100%;\"\n\t\t\t\t\/>\n\t\t\t<\/a>\n\t\t<\/div>\n\t\t\t\t\t\t\t<\/div> \n\t\t\t\n\t\t\t\t<div id=\"ngg-image-12\" class=\"ngg-gallery-thumbnail-box \n\t\t\t\t\t\t\t\t\t\t\t\" \n\t\t\t>\n\t\t\t\t\t\t<div class=\"ngg-gallery-thumbnail\">\n\t\t\t<a href=\"https:\/\/dev.jazzweltfestival.ch\/wp-content\/gallery\/chronik-jwf\/0013.jpg\"\n\t\t\t\ttitle=\"\"\n\t\t\t\tdata-src=\"https:\/\/dev.jazzweltfestival.ch\/wp-content\/gallery\/chronik-jwf\/0013.jpg\"\n\t\t\t\tdata-thumbnail=\"https:\/\/dev.jazzweltfestival.ch\/wp-content\/gallery\/chronik-jwf\/thumbs\/thumbs_0013.jpg\"\n\t\t\t\tdata-image-id=\"239\"\n\t\t\t\tdata-title=\"0013\"\n\t\t\t\tdata-description=\"\"\n\t\t\t\tdata-image-slug=\"0013\"\n\t\t\t\trel=\"lightbox\">\n\t\t\t\t<img\n\t\t\t\t\ttitle=\"0013\"\n\t\t\t\t\talt=\"0013\"\n\t\t\t\t\tsrc=\"https:\/\/dev.jazzweltfestival.ch\/wp-content\/gallery\/chronik-jwf\/thumbs\/thumbs_0013.jpg\"\n\t\t\t\t\twidth=\"170\"\n\t\t\t\t\theight=\"110\"\n\t\t\t\t\tstyle=\"max-width:100%;\"\n\t\t\t\t\/>\n\t\t\t<\/a>\n\t\t<\/div>\n\t\t\t\t\t\t\t<\/div> \n\t\t\t\n\t\t\t\t<div id=\"ngg-image-13\" class=\"ngg-gallery-thumbnail-box \n\t\t\t\t\t\t\t\t\t\t\t\" \n\t\t\t>\n\t\t\t\t\t\t<div class=\"ngg-gallery-thumbnail\">\n\t\t\t<a href=\"https:\/\/dev.jazzweltfestival.ch\/wp-content\/gallery\/chronik-jwf\/0014.jpg\"\n\t\t\t\ttitle=\"\"\n\t\t\t\tdata-src=\"https:\/\/dev.jazzweltfestival.ch\/wp-content\/gallery\/chronik-jwf\/0014.jpg\"\n\t\t\t\tdata-thumbnail=\"https:\/\/dev.jazzweltfestival.ch\/wp-content\/gallery\/chronik-jwf\/thumbs\/thumbs_0014.jpg\"\n\t\t\t\tdata-image-id=\"240\"\n\t\t\t\tdata-title=\"0014\"\n\t\t\t\tdata-description=\"\"\n\t\t\t\tdata-image-slug=\"0014\"\n\t\t\t\trel=\"lightbox\">\n\t\t\t\t<img\n\t\t\t\t\ttitle=\"0014\"\n\t\t\t\t\talt=\"0014\"\n\t\t\t\t\tsrc=\"https:\/\/dev.jazzweltfestival.ch\/wp-content\/gallery\/chronik-jwf\/thumbs\/thumbs_0014.jpg\"\n\t\t\t\t\twidth=\"170\"\n\t\t\t\t\theight=\"110\"\n\t\t\t\t\tstyle=\"max-width:100%;\"\n\t\t\t\t\/>\n\t\t\t<\/a>\n\t\t<\/div>\n\t\t\t\t\t\t\t<\/div> \n\t\t\t\n\t\t\t\t<div id=\"ngg-image-14\" class=\"ngg-gallery-thumbnail-box \n\t\t\t\t\t\t\t\t\t\t\t\" \n\t\t\t>\n\t\t\t\t\t\t<div class=\"ngg-gallery-thumbnail\">\n\t\t\t<a href=\"https:\/\/dev.jazzweltfestival.ch\/wp-content\/gallery\/chronik-jwf\/0015.jpg\"\n\t\t\t\ttitle=\"\"\n\t\t\t\tdata-src=\"https:\/\/dev.jazzweltfestival.ch\/wp-content\/gallery\/chronik-jwf\/0015.jpg\"\n\t\t\t\tdata-thumbnail=\"https:\/\/dev.jazzweltfestival.ch\/wp-content\/gallery\/chronik-jwf\/thumbs\/thumbs_0015.jpg\"\n\t\t\t\tdata-image-id=\"245\"\n\t\t\t\tdata-title=\"0015\"\n\t\t\t\tdata-description=\"\"\n\t\t\t\tdata-image-slug=\"0015\"\n\t\t\t\trel=\"lightbox\">\n\t\t\t\t<img\n\t\t\t\t\ttitle=\"0015\"\n\t\t\t\t\talt=\"0015\"\n\t\t\t\t\tsrc=\"https:\/\/dev.jazzweltfestival.ch\/wp-content\/gallery\/chronik-jwf\/thumbs\/thumbs_0015.jpg\"\n\t\t\t\t\twidth=\"170\"\n\t\t\t\t\theight=\"110\"\n\t\t\t\t\tstyle=\"max-width:100%;\"\n\t\t\t\t\/>\n\t\t\t<\/a>\n\t\t<\/div>\n\t\t\t\t\t\t\t<\/div> \n\t\t\t\n\t\t\t\t<div id=\"ngg-image-15\" class=\"ngg-gallery-thumbnail-box \n\t\t\t\t\t\t\t\t\t\t\t\" \n\t\t\t>\n\t\t\t\t\t\t<div class=\"ngg-gallery-thumbnail\">\n\t\t\t<a href=\"https:\/\/dev.jazzweltfestival.ch\/wp-content\/gallery\/chronik-jwf\/0016.jpg\"\n\t\t\t\ttitle=\"\"\n\t\t\t\tdata-src=\"https:\/\/dev.jazzweltfestival.ch\/wp-content\/gallery\/chronik-jwf\/0016.jpg\"\n\t\t\t\tdata-thumbnail=\"https:\/\/dev.jazzweltfestival.ch\/wp-content\/gallery\/chronik-jwf\/thumbs\/thumbs_0016.jpg\"\n\t\t\t\tdata-image-id=\"246\"\n\t\t\t\tdata-title=\"0016\"\n\t\t\t\tdata-description=\"\"\n\t\t\t\tdata-image-slug=\"0016\"\n\t\t\t\trel=\"lightbox\">\n\t\t\t\t<img\n\t\t\t\t\ttitle=\"0016\"\n\t\t\t\t\talt=\"0016\"\n\t\t\t\t\tsrc=\"https:\/\/dev.jazzweltfestival.ch\/wp-content\/gallery\/chronik-jwf\/thumbs\/thumbs_0016.jpg\"\n\t\t\t\t\twidth=\"170\"\n\t\t\t\t\theight=\"110\"\n\t\t\t\t\tstyle=\"max-width:100%;\"\n\t\t\t\t\/>\n\t\t\t<\/a>\n\t\t<\/div>\n\t\t\t\t\t\t\t<\/div> \n\t\t\t\n\t\n\t<br style=\"clear: both\" \/>\n\n\t\t<div class=\"slideshowlink\">\n\t\t<a href='https:\/\/dev.jazzweltfestival.ch\/index.php\/nggallery\/slideshow?page_id=2610'>[Zeige eine Slideshow]<\/a>\n\t\t\n\t<\/div>\n\t\n\t\t<!-- Pagination -->\n\t\t<div class='ngg-navigation'><span class='current'>1<\/span>\n<a class='page-numbers' data-pageid='2' href='https:\/\/dev.jazzweltfestival.ch\/index.php\/nggallery\/page\/2?page_id=2610'>2<\/a>\n<span class='ellipsis'>...<\/span>\n<a class='page-numbers' data-pageid='4' href='https:\/\/dev.jazzweltfestival.ch\/index.php\/nggallery\/page\/4?page_id=2610'>4<\/a>\n<a class='prev' href='https:\/\/dev.jazzweltfestival.ch\/index.php\/nggallery\/page\/2?page_id=2610' data-pageid=2>&#9658;<\/a><\/div>\t<\/div>\n\n<p style=\"text-align: center;\">&nbsp;<\/p>\n<p style=\"text-align: center;\"><img loading=\"lazy\" decoding=\"async\" class=\"wp-image-2522 size-full aligncenter\" src=\"https:\/\/dev.jazzweltfestival.ch\/wp-content\/uploads\/2023\/11\/CHronik-Fotos.jpg\" alt=\"\" width=\"800\" height=\"566\" srcset=\"https:\/\/dev.jazzweltfestival.ch\/wp-content\/uploads\/2023\/11\/CHronik-Fotos.jpg 800w, https:\/\/dev.jazzweltfestival.ch\/wp-content\/uploads\/2023\/11\/CHronik-Fotos-200x142.jpg 200w, https:\/\/dev.jazzweltfestival.ch\/wp-content\/uploads\/2023\/11\/CHronik-Fotos-768x543.jpg 768w\" sizes=\"auto, (max-width: 800px) 100vw, 800px\" \/><\/p>\n<p style=\"text-align: center;\">F\u00fcr alle, die sich gerne an dieses Projekt erinnern, hat Felix R\u00fcedi eine Chronik mit Programmen, Pressebeitr\u00e4gen, Fotos und Informationen verfasst.<\/p>\n<p style=\"text-align: center;\">Broschur A4, 50 Seiten, Kosten : 20.-\/Stk. + Porto<\/p>\n<p style=\"text-align: center;\"><a href=\"https:\/\/felixrueedi.ch\/kontakt\/\">Bestellung<\/a><\/p>\n","protected":false},"excerpt":{"rendered":"<p>Chronik &nbsp; F\u00fcr alle, die sich gerne an dieses Projekt erinnern, hat Felix R\u00fcedi eine Chronik mit Programmen, Pressebeitr\u00e4gen, Fotos und Informationen verfasst. Broschur A4, 50 Seiten, Kosten : 20.-\/Stk. + Porto Bestellung<\/p>\n","protected":false},"author":1,"featured_media":0,"parent":0,"menu_order":0,"comment_status":"closed","ping_status":"closed","template":"","meta":{"ngg_post_thumbnail":0,"footnotes":""},"class_list":["post-2610","page","type-page","status-publish","hentry"],"_links":{"self":[{"href":"https:\/\/dev.jazzweltfestival.ch\/index.php?rest_route=\/wp\/v2\/pages\/2610","targetHints":{"allow":["GET"]}}],"collection":[{"href":"https:\/\/dev.jazzweltfestival.ch\/index.php?rest_route=\/wp\/v2\/pages"}],"about":[{"href":"https:\/\/dev.jazzweltfestival.ch\/index.php?rest_route=\/wp\/v2\/types\/page"}],"author":[{"embeddable":true,"href":"https:\/\/dev.jazzweltfestival.ch\/index.php?rest_route=\/wp\/v2\/users\/1"}],"replies":[{"embeddable":true,"href":"https:\/\/dev.jazzweltfestival.ch\/index.php?rest_route=%2Fwp%2Fv2%2Fcomments&post=2610"}],"version-history":[{"count":1,"href":"https:\/\/dev.jazzweltfestival.ch\/index.php?rest_route=\/wp\/v2\/pages\/2610\/revisions"}],"predecessor-version":[{"id":2611,"href":"https:\/\/dev.jazzweltfestival.ch\/index.php?rest_route=\/wp\/v2\/pages\/2610\/revisions\/2611"}],"wp:attachment":[{"href":"https:\/\/dev.jazzweltfestival.ch\/index.php?rest_route=%2Fwp%2Fv2%2Fmedia&parent=2610"}],"curies":[{"name":"wp","href":"https:\/\/api.w.org\/{rel}","templated":true}]}}