{"id":17,"date":"2015-09-03T14:11:26","date_gmt":"2015-09-03T12:11:26","guid":{"rendered":"https:\/\/dev.jazzweltfestival.ch\/?page_id=17"},"modified":"2022-08-04T10:00:42","modified_gmt":"2022-08-04T08:00:42","slug":"galerie","status":"publish","type":"page","link":"https:\/\/dev.jazzweltfestival.ch\/?page_id=17","title":{"rendered":"Impressionen"},"content":{"rendered":"<p>&nbsp;<\/p>\n<h3>Impressionen 2022<\/h3>\n<!-- default-view.php -->\n<div\n\tclass=\"ngg-galleryoverview default-view \n\t ngg-ajax-pagination-none\t\"\n\tid=\"ngg-gallery-b1736db5aaff29f7b34a32af831fa8af-1\">\n\n\t\t<!-- Thumbnails -->\n\t\t\t\t<div id=\"ngg-image-0\" class=\"ngg-gallery-thumbnail-box \n\t\t\t\t\t\t\t\t\t\t\t\" \n\t\t\t>\n\t\t\t\t\t\t<div class=\"ngg-gallery-thumbnail\">\n\t\t\t<a href=\"https:\/\/dev.jazzweltfestival.ch\/wp-content\/gallery\/impressionen-22\/IMG_5184.jpeg\"\n\t\t\t\ttitle=\"\"\n\t\t\t\tdata-src=\"https:\/\/dev.jazzweltfestival.ch\/wp-content\/gallery\/impressionen-22\/IMG_5184.jpeg\"\n\t\t\t\tdata-thumbnail=\"https:\/\/dev.jazzweltfestival.ch\/wp-content\/gallery\/impressionen-22\/thumbs\/thumbs_IMG_5184.jpeg\"\n\t\t\t\tdata-image-id=\"223\"\n\t\t\t\tdata-title=\"IMG_5184\"\n\t\t\t\tdata-description=\"\"\n\t\t\t\tdata-image-slug=\"img_5184\"\n\t\t\t\trel=\"lightbox\">\n\t\t\t\t<img\n\t\t\t\t\ttitle=\"IMG_5184\"\n\t\t\t\t\talt=\"IMG_5184\"\n\t\t\t\t\tsrc=\"https:\/\/dev.jazzweltfestival.ch\/wp-content\/gallery\/impressionen-22\/thumbs\/thumbs_IMG_5184.jpeg\"\n\t\t\t\t\twidth=\"170\"\n\t\t\t\t\theight=\"110\"\n\t\t\t\t\tstyle=\"max-width:100%;\"\n\t\t\t\t\/>\n\t\t\t<\/a>\n\t\t<\/div>\n\t\t\t\t\t\t\t<\/div> \n\t\t\t\n\t\t\t\t<div id=\"ngg-image-1\" class=\"ngg-gallery-thumbnail-box \n\t\t\t\t\t\t\t\t\t\t\t\" \n\t\t\t>\n\t\t\t\t\t\t<div class=\"ngg-gallery-thumbnail\">\n\t\t\t<a href=\"https:\/\/dev.jazzweltfestival.ch\/wp-content\/gallery\/impressionen-22\/1d3732d7-690d-4733-bc6c-a02aadc24ceb.jpeg\"\n\t\t\t\ttitle=\"\"\n\t\t\t\tdata-src=\"https:\/\/dev.jazzweltfestival.ch\/wp-content\/gallery\/impressionen-22\/1d3732d7-690d-4733-bc6c-a02aadc24ceb.jpeg\"\n\t\t\t\tdata-thumbnail=\"https:\/\/dev.jazzweltfestival.ch\/wp-content\/gallery\/impressionen-22\/thumbs\/thumbs_1d3732d7-690d-4733-bc6c-a02aadc24ceb.jpeg\"\n\t\t\t\tdata-image-id=\"214\"\n\t\t\t\tdata-title=\"1d3732d7-690d-4733-bc6c-a02aadc24ceb\"\n\t\t\t\tdata-description=\"\"\n\t\t\t\tdata-image-slug=\"1d3732d7-690d-4733-bc6c-a02aadc24ceb\"\n\t\t\t\trel=\"lightbox\">\n\t\t\t\t<img\n\t\t\t\t\ttitle=\"1d3732d7-690d-4733-bc6c-a02aadc24ceb\"\n\t\t\t\t\talt=\"1d3732d7-690d-4733-bc6c-a02aadc24ceb\"\n\t\t\t\t\tsrc=\"https:\/\/dev.jazzweltfestival.ch\/wp-content\/gallery\/impressionen-22\/thumbs\/thumbs_1d3732d7-690d-4733-bc6c-a02aadc24ceb.jpeg\"\n\t\t\t\t\twidth=\"170\"\n\t\t\t\t\theight=\"110\"\n\t\t\t\t\tstyle=\"max-width:100%;\"\n\t\t\t\t\/>\n\t\t\t<\/a>\n\t\t<\/div>\n\t\t\t\t\t\t\t<\/div> \n\t\t\t\n\t\t\t\t<div id=\"ngg-image-2\" class=\"ngg-gallery-thumbnail-box \n\t\t\t\t\t\t\t\t\t\t\t\" \n\t\t\t>\n\t\t\t\t\t\t<div class=\"ngg-gallery-thumbnail\">\n\t\t\t<a href=\"https:\/\/dev.jazzweltfestival.ch\/wp-content\/gallery\/impressionen-22\/51fbcfa8-e2b8-4065-9b6d-d18d5ee3be50.jpeg\"\n\t\t\t\ttitle=\"\"\n\t\t\t\tdata-src=\"https:\/\/dev.jazzweltfestival.ch\/wp-content\/gallery\/impressionen-22\/51fbcfa8-e2b8-4065-9b6d-d18d5ee3be50.jpeg\"\n\t\t\t\tdata-thumbnail=\"https:\/\/dev.jazzweltfestival.ch\/wp-content\/gallery\/impressionen-22\/thumbs\/thumbs_51fbcfa8-e2b8-4065-9b6d-d18d5ee3be50.jpeg\"\n\t\t\t\tdata-image-id=\"217\"\n\t\t\t\tdata-title=\"51fbcfa8-e2b8-4065-9b6d-d18d5ee3be50\"\n\t\t\t\tdata-description=\"\"\n\t\t\t\tdata-image-slug=\"51fbcfa8-e2b8-4065-9b6d-d18d5ee3be50\"\n\t\t\t\trel=\"lightbox\">\n\t\t\t\t<img\n\t\t\t\t\ttitle=\"51fbcfa8-e2b8-4065-9b6d-d18d5ee3be50\"\n\t\t\t\t\talt=\"51fbcfa8-e2b8-4065-9b6d-d18d5ee3be50\"\n\t\t\t\t\tsrc=\"https:\/\/dev.jazzweltfestival.ch\/wp-content\/gallery\/impressionen-22\/thumbs\/thumbs_51fbcfa8-e2b8-4065-9b6d-d18d5ee3be50.jpeg\"\n\t\t\t\t\twidth=\"170\"\n\t\t\t\t\theight=\"110\"\n\t\t\t\t\tstyle=\"max-width:100%;\"\n\t\t\t\t\/>\n\t\t\t<\/a>\n\t\t<\/div>\n\t\t\t\t\t\t\t<\/div> \n\t\t\t\n\t\t\t\t<div id=\"ngg-image-3\" class=\"ngg-gallery-thumbnail-box \n\t\t\t\t\t\t\t\t\t\t\t\" \n\t\t\t>\n\t\t\t\t\t\t<div class=\"ngg-gallery-thumbnail\">\n\t\t\t<a href=\"https:\/\/dev.jazzweltfestival.ch\/wp-content\/gallery\/impressionen-22\/IMG_5114.jpeg\"\n\t\t\t\ttitle=\"\"\n\t\t\t\tdata-src=\"https:\/\/dev.jazzweltfestival.ch\/wp-content\/gallery\/impressionen-22\/IMG_5114.jpeg\"\n\t\t\t\tdata-thumbnail=\"https:\/\/dev.jazzweltfestival.ch\/wp-content\/gallery\/impressionen-22\/thumbs\/thumbs_IMG_5114.jpeg\"\n\t\t\t\tdata-image-id=\"229\"\n\t\t\t\tdata-title=\"IMG_5114\"\n\t\t\t\tdata-description=\"\"\n\t\t\t\tdata-image-slug=\"img_5114\"\n\t\t\t\trel=\"lightbox\">\n\t\t\t\t<img\n\t\t\t\t\ttitle=\"IMG_5114\"\n\t\t\t\t\talt=\"IMG_5114\"\n\t\t\t\t\tsrc=\"https:\/\/dev.jazzweltfestival.ch\/wp-content\/gallery\/impressionen-22\/thumbs\/thumbs_IMG_5114.jpeg\"\n\t\t\t\t\twidth=\"170\"\n\t\t\t\t\theight=\"110\"\n\t\t\t\t\tstyle=\"max-width:100%;\"\n\t\t\t\t\/>\n\t\t\t<\/a>\n\t\t<\/div>\n\t\t\t\t\t\t\t<\/div> \n\t\t\t\n\t\t\t\t<div id=\"ngg-image-4\" class=\"ngg-gallery-thumbnail-box \n\t\t\t\t\t\t\t\t\t\t\t\" \n\t\t\t>\n\t\t\t\t\t\t<div class=\"ngg-gallery-thumbnail\">\n\t\t\t<a href=\"https:\/\/dev.jazzweltfestival.ch\/wp-content\/gallery\/impressionen-22\/IMG_5118.jpeg\"\n\t\t\t\ttitle=\"\"\n\t\t\t\tdata-src=\"https:\/\/dev.jazzweltfestival.ch\/wp-content\/gallery\/impressionen-22\/IMG_5118.jpeg\"\n\t\t\t\tdata-thumbnail=\"https:\/\/dev.jazzweltfestival.ch\/wp-content\/gallery\/impressionen-22\/thumbs\/thumbs_IMG_5118.jpeg\"\n\t\t\t\tdata-image-id=\"227\"\n\t\t\t\tdata-title=\"IMG_5118\"\n\t\t\t\tdata-description=\"\"\n\t\t\t\tdata-image-slug=\"img_5118\"\n\t\t\t\trel=\"lightbox\">\n\t\t\t\t<img\n\t\t\t\t\ttitle=\"IMG_5118\"\n\t\t\t\t\talt=\"IMG_5118\"\n\t\t\t\t\tsrc=\"https:\/\/dev.jazzweltfestival.ch\/wp-content\/gallery\/impressionen-22\/thumbs\/thumbs_IMG_5118.jpeg\"\n\t\t\t\t\twidth=\"170\"\n\t\t\t\t\theight=\"110\"\n\t\t\t\t\tstyle=\"max-width:100%;\"\n\t\t\t\t\/>\n\t\t\t<\/a>\n\t\t<\/div>\n\t\t\t\t\t\t\t<\/div> \n\t\t\t\n\t\t\t\t<div id=\"ngg-image-5\" class=\"ngg-gallery-thumbnail-box \n\t\t\t\t\t\t\t\t\t\t\t\" \n\t\t\t>\n\t\t\t\t\t\t<div class=\"ngg-gallery-thumbnail\">\n\t\t\t<a href=\"https:\/\/dev.jazzweltfestival.ch\/wp-content\/gallery\/impressionen-22\/IMG_5176.jpeg\"\n\t\t\t\ttitle=\"\"\n\t\t\t\tdata-src=\"https:\/\/dev.jazzweltfestival.ch\/wp-content\/gallery\/impressionen-22\/IMG_5176.jpeg\"\n\t\t\t\tdata-thumbnail=\"https:\/\/dev.jazzweltfestival.ch\/wp-content\/gallery\/impressionen-22\/thumbs\/thumbs_IMG_5176.jpeg\"\n\t\t\t\tdata-image-id=\"213\"\n\t\t\t\tdata-title=\"IMG_5176\"\n\t\t\t\tdata-description=\"\"\n\t\t\t\tdata-image-slug=\"img_5176\"\n\t\t\t\trel=\"lightbox\">\n\t\t\t\t<img\n\t\t\t\t\ttitle=\"IMG_5176\"\n\t\t\t\t\talt=\"IMG_5176\"\n\t\t\t\t\tsrc=\"https:\/\/dev.jazzweltfestival.ch\/wp-content\/gallery\/impressionen-22\/thumbs\/thumbs_IMG_5176.jpeg\"\n\t\t\t\t\twidth=\"170\"\n\t\t\t\t\theight=\"110\"\n\t\t\t\t\tstyle=\"max-width:100%;\"\n\t\t\t\t\/>\n\t\t\t<\/a>\n\t\t<\/div>\n\t\t\t\t\t\t\t<\/div> \n\t\t\t\n\t\t\t\t<div id=\"ngg-image-6\" class=\"ngg-gallery-thumbnail-box \n\t\t\t\t\t\t\t\t\t\t\t\" \n\t\t\t>\n\t\t\t\t\t\t<div class=\"ngg-gallery-thumbnail\">\n\t\t\t<a href=\"https:\/\/dev.jazzweltfestival.ch\/wp-content\/gallery\/impressionen-22\/6795b35d-347e-492d-917b-a13c800c5a02.jpeg\"\n\t\t\t\ttitle=\"\"\n\t\t\t\tdata-src=\"https:\/\/dev.jazzweltfestival.ch\/wp-content\/gallery\/impressionen-22\/6795b35d-347e-492d-917b-a13c800c5a02.jpeg\"\n\t\t\t\tdata-thumbnail=\"https:\/\/dev.jazzweltfestival.ch\/wp-content\/gallery\/impressionen-22\/thumbs\/thumbs_6795b35d-347e-492d-917b-a13c800c5a02.jpeg\"\n\t\t\t\tdata-image-id=\"222\"\n\t\t\t\tdata-title=\"6795b35d-347e-492d-917b-a13c800c5a02\"\n\t\t\t\tdata-description=\"\"\n\t\t\t\tdata-image-slug=\"6795b35d-347e-492d-917b-a13c800c5a02\"\n\t\t\t\trel=\"lightbox\">\n\t\t\t\t<img\n\t\t\t\t\ttitle=\"6795b35d-347e-492d-917b-a13c800c5a02\"\n\t\t\t\t\talt=\"6795b35d-347e-492d-917b-a13c800c5a02\"\n\t\t\t\t\tsrc=\"https:\/\/dev.jazzweltfestival.ch\/wp-content\/gallery\/impressionen-22\/thumbs\/thumbs_6795b35d-347e-492d-917b-a13c800c5a02.jpeg\"\n\t\t\t\t\twidth=\"170\"\n\t\t\t\t\theight=\"110\"\n\t\t\t\t\tstyle=\"max-width:100%;\"\n\t\t\t\t\/>\n\t\t\t<\/a>\n\t\t<\/div>\n\t\t\t\t\t\t\t<\/div> \n\t\t\t\n\t\t\t\t<div id=\"ngg-image-7\" class=\"ngg-gallery-thumbnail-box \n\t\t\t\t\t\t\t\t\t\t\t\" \n\t\t\t>\n\t\t\t\t\t\t<div class=\"ngg-gallery-thumbnail\">\n\t\t\t<a href=\"https:\/\/dev.jazzweltfestival.ch\/wp-content\/gallery\/impressionen-22\/IMG_5130.jpeg\"\n\t\t\t\ttitle=\"\"\n\t\t\t\tdata-src=\"https:\/\/dev.jazzweltfestival.ch\/wp-content\/gallery\/impressionen-22\/IMG_5130.jpeg\"\n\t\t\t\tdata-thumbnail=\"https:\/\/dev.jazzweltfestival.ch\/wp-content\/gallery\/impressionen-22\/thumbs\/thumbs_IMG_5130.jpeg\"\n\t\t\t\tdata-image-id=\"230\"\n\t\t\t\tdata-title=\"IMG_5130\"\n\t\t\t\tdata-description=\"\"\n\t\t\t\tdata-image-slug=\"img_5130\"\n\t\t\t\trel=\"lightbox\">\n\t\t\t\t<img\n\t\t\t\t\ttitle=\"IMG_5130\"\n\t\t\t\t\talt=\"IMG_5130\"\n\t\t\t\t\tsrc=\"https:\/\/dev.jazzweltfestival.ch\/wp-content\/gallery\/impressionen-22\/thumbs\/thumbs_IMG_5130.jpeg\"\n\t\t\t\t\twidth=\"170\"\n\t\t\t\t\theight=\"110\"\n\t\t\t\t\tstyle=\"max-width:100%;\"\n\t\t\t\t\/>\n\t\t\t<\/a>\n\t\t<\/div>\n\t\t\t\t\t\t\t<\/div> \n\t\t\t\n\t\t\t\t<div id=\"ngg-image-8\" class=\"ngg-gallery-thumbnail-box \n\t\t\t\t\t\t\t\t\t\t\t\" \n\t\t\t>\n\t\t\t\t\t\t<div class=\"ngg-gallery-thumbnail\">\n\t\t\t<a href=\"https:\/\/dev.jazzweltfestival.ch\/wp-content\/gallery\/impressionen-22\/4d7388f3-bd9f-4c84-b3e2-bd245aebeb5a.jpeg\"\n\t\t\t\ttitle=\"\"\n\t\t\t\tdata-src=\"https:\/\/dev.jazzweltfestival.ch\/wp-content\/gallery\/impressionen-22\/4d7388f3-bd9f-4c84-b3e2-bd245aebeb5a.jpeg\"\n\t\t\t\tdata-thumbnail=\"https:\/\/dev.jazzweltfestival.ch\/wp-content\/gallery\/impressionen-22\/thumbs\/thumbs_4d7388f3-bd9f-4c84-b3e2-bd245aebeb5a.jpeg\"\n\t\t\t\tdata-image-id=\"215\"\n\t\t\t\tdata-title=\"4d7388f3-bd9f-4c84-b3e2-bd245aebeb5a\"\n\t\t\t\tdata-description=\"\"\n\t\t\t\tdata-image-slug=\"4d7388f3-bd9f-4c84-b3e2-bd245aebeb5a\"\n\t\t\t\trel=\"lightbox\">\n\t\t\t\t<img\n\t\t\t\t\ttitle=\"4d7388f3-bd9f-4c84-b3e2-bd245aebeb5a\"\n\t\t\t\t\talt=\"4d7388f3-bd9f-4c84-b3e2-bd245aebeb5a\"\n\t\t\t\t\tsrc=\"https:\/\/dev.jazzweltfestival.ch\/wp-content\/gallery\/impressionen-22\/thumbs\/thumbs_4d7388f3-bd9f-4c84-b3e2-bd245aebeb5a.jpeg\"\n\t\t\t\t\twidth=\"170\"\n\t\t\t\t\theight=\"110\"\n\t\t\t\t\tstyle=\"max-width:100%;\"\n\t\t\t\t\/>\n\t\t\t<\/a>\n\t\t<\/div>\n\t\t\t\t\t\t\t<\/div> \n\t\t\t\n\t\t\t\t<div id=\"ngg-image-9\" class=\"ngg-gallery-thumbnail-box \n\t\t\t\t\t\t\t\t\t\t\t\" \n\t\t\t>\n\t\t\t\t\t\t<div class=\"ngg-gallery-thumbnail\">\n\t\t\t<a href=\"https:\/\/dev.jazzweltfestival.ch\/wp-content\/gallery\/impressionen-22\/IMG_5132.jpeg\"\n\t\t\t\ttitle=\"\"\n\t\t\t\tdata-src=\"https:\/\/dev.jazzweltfestival.ch\/wp-content\/gallery\/impressionen-22\/IMG_5132.jpeg\"\n\t\t\t\tdata-thumbnail=\"https:\/\/dev.jazzweltfestival.ch\/wp-content\/gallery\/impressionen-22\/thumbs\/thumbs_IMG_5132.jpeg\"\n\t\t\t\tdata-image-id=\"228\"\n\t\t\t\tdata-title=\"IMG_5132\"\n\t\t\t\tdata-description=\"\"\n\t\t\t\tdata-image-slug=\"img_5132\"\n\t\t\t\trel=\"lightbox\">\n\t\t\t\t<img\n\t\t\t\t\ttitle=\"IMG_5132\"\n\t\t\t\t\talt=\"IMG_5132\"\n\t\t\t\t\tsrc=\"https:\/\/dev.jazzweltfestival.ch\/wp-content\/gallery\/impressionen-22\/thumbs\/thumbs_IMG_5132.jpeg\"\n\t\t\t\t\twidth=\"170\"\n\t\t\t\t\theight=\"110\"\n\t\t\t\t\tstyle=\"max-width:100%;\"\n\t\t\t\t\/>\n\t\t\t<\/a>\n\t\t<\/div>\n\t\t\t\t\t\t\t<\/div> \n\t\t\t\n\t\t\t\t<div id=\"ngg-image-10\" class=\"ngg-gallery-thumbnail-box \n\t\t\t\t\t\t\t\t\t\t\t\" \n\t\t\t>\n\t\t\t\t\t\t<div class=\"ngg-gallery-thumbnail\">\n\t\t\t<a href=\"https:\/\/dev.jazzweltfestival.ch\/wp-content\/gallery\/impressionen-22\/2ff77210-bf66-48d2-994c-fea858eadde0.jpeg\"\n\t\t\t\ttitle=\"\"\n\t\t\t\tdata-src=\"https:\/\/dev.jazzweltfestival.ch\/wp-content\/gallery\/impressionen-22\/2ff77210-bf66-48d2-994c-fea858eadde0.jpeg\"\n\t\t\t\tdata-thumbnail=\"https:\/\/dev.jazzweltfestival.ch\/wp-content\/gallery\/impressionen-22\/thumbs\/thumbs_2ff77210-bf66-48d2-994c-fea858eadde0.jpeg\"\n\t\t\t\tdata-image-id=\"219\"\n\t\t\t\tdata-title=\"2ff77210-bf66-48d2-994c-fea858eadde0\"\n\t\t\t\tdata-description=\"\"\n\t\t\t\tdata-image-slug=\"2ff77210-bf66-48d2-994c-fea858eadde0\"\n\t\t\t\trel=\"lightbox\">\n\t\t\t\t<img\n\t\t\t\t\ttitle=\"2ff77210-bf66-48d2-994c-fea858eadde0\"\n\t\t\t\t\talt=\"2ff77210-bf66-48d2-994c-fea858eadde0\"\n\t\t\t\t\tsrc=\"https:\/\/dev.jazzweltfestival.ch\/wp-content\/gallery\/impressionen-22\/thumbs\/thumbs_2ff77210-bf66-48d2-994c-fea858eadde0.jpeg\"\n\t\t\t\t\twidth=\"170\"\n\t\t\t\t\theight=\"110\"\n\t\t\t\t\tstyle=\"max-width:100%;\"\n\t\t\t\t\/>\n\t\t\t<\/a>\n\t\t<\/div>\n\t\t\t\t\t\t\t<\/div> \n\t\t\t\n\t\t\t\t<div id=\"ngg-image-11\" class=\"ngg-gallery-thumbnail-box \n\t\t\t\t\t\t\t\t\t\t\t\" \n\t\t\t>\n\t\t\t\t\t\t<div class=\"ngg-gallery-thumbnail\">\n\t\t\t<a href=\"https:\/\/dev.jazzweltfestival.ch\/wp-content\/gallery\/impressionen-22\/IMG_5136.jpeg\"\n\t\t\t\ttitle=\"\"\n\t\t\t\tdata-src=\"https:\/\/dev.jazzweltfestival.ch\/wp-content\/gallery\/impressionen-22\/IMG_5136.jpeg\"\n\t\t\t\tdata-thumbnail=\"https:\/\/dev.jazzweltfestival.ch\/wp-content\/gallery\/impressionen-22\/thumbs\/thumbs_IMG_5136.jpeg\"\n\t\t\t\tdata-image-id=\"224\"\n\t\t\t\tdata-title=\"IMG_5136\"\n\t\t\t\tdata-description=\"\"\n\t\t\t\tdata-image-slug=\"img_5136\"\n\t\t\t\trel=\"lightbox\">\n\t\t\t\t<img\n\t\t\t\t\ttitle=\"IMG_5136\"\n\t\t\t\t\talt=\"IMG_5136\"\n\t\t\t\t\tsrc=\"https:\/\/dev.jazzweltfestival.ch\/wp-content\/gallery\/impressionen-22\/thumbs\/thumbs_IMG_5136.jpeg\"\n\t\t\t\t\twidth=\"170\"\n\t\t\t\t\theight=\"110\"\n\t\t\t\t\tstyle=\"max-width:100%;\"\n\t\t\t\t\/>\n\t\t\t<\/a>\n\t\t<\/div>\n\t\t\t\t\t\t\t<\/div> \n\t\t\t\n\t\t\t\t<div id=\"ngg-image-12\" class=\"ngg-gallery-thumbnail-box \n\t\t\t\t\t\t\t\t\t\t\t\" \n\t\t\t>\n\t\t\t\t\t\t<div class=\"ngg-gallery-thumbnail\">\n\t\t\t<a href=\"https:\/\/dev.jazzweltfestival.ch\/wp-content\/gallery\/impressionen-22\/IMG_5143.jpeg\"\n\t\t\t\ttitle=\"\"\n\t\t\t\tdata-src=\"https:\/\/dev.jazzweltfestival.ch\/wp-content\/gallery\/impressionen-22\/IMG_5143.jpeg\"\n\t\t\t\tdata-thumbnail=\"https:\/\/dev.jazzweltfestival.ch\/wp-content\/gallery\/impressionen-22\/thumbs\/thumbs_IMG_5143.jpeg\"\n\t\t\t\tdata-image-id=\"225\"\n\t\t\t\tdata-title=\"IMG_5143\"\n\t\t\t\tdata-description=\"\"\n\t\t\t\tdata-image-slug=\"img_5143\"\n\t\t\t\trel=\"lightbox\">\n\t\t\t\t<img\n\t\t\t\t\ttitle=\"IMG_5143\"\n\t\t\t\t\talt=\"IMG_5143\"\n\t\t\t\t\tsrc=\"https:\/\/dev.jazzweltfestival.ch\/wp-content\/gallery\/impressionen-22\/thumbs\/thumbs_IMG_5143.jpeg\"\n\t\t\t\t\twidth=\"170\"\n\t\t\t\t\theight=\"110\"\n\t\t\t\t\tstyle=\"max-width:100%;\"\n\t\t\t\t\/>\n\t\t\t<\/a>\n\t\t<\/div>\n\t\t\t\t\t\t\t<\/div> \n\t\t\t\n\t\t\t\t<div id=\"ngg-image-13\" class=\"ngg-gallery-thumbnail-box \n\t\t\t\t\t\t\t\t\t\t\t\" \n\t\t\t>\n\t\t\t\t\t\t<div class=\"ngg-gallery-thumbnail\">\n\t\t\t<a href=\"https:\/\/dev.jazzweltfestival.ch\/wp-content\/gallery\/impressionen-22\/IMG_5131-2.jpeg\"\n\t\t\t\ttitle=\"\"\n\t\t\t\tdata-src=\"https:\/\/dev.jazzweltfestival.ch\/wp-content\/gallery\/impressionen-22\/IMG_5131-2.jpeg\"\n\t\t\t\tdata-thumbnail=\"https:\/\/dev.jazzweltfestival.ch\/wp-content\/gallery\/impressionen-22\/thumbs\/thumbs_IMG_5131-2.jpeg\"\n\t\t\t\tdata-image-id=\"220\"\n\t\t\t\tdata-title=\"IMG_5131-2\"\n\t\t\t\tdata-description=\"\"\n\t\t\t\tdata-image-slug=\"img_5131-2\"\n\t\t\t\trel=\"lightbox\">\n\t\t\t\t<img\n\t\t\t\t\ttitle=\"IMG_5131-2\"\n\t\t\t\t\talt=\"IMG_5131-2\"\n\t\t\t\t\tsrc=\"https:\/\/dev.jazzweltfestival.ch\/wp-content\/gallery\/impressionen-22\/thumbs\/thumbs_IMG_5131-2.jpeg\"\n\t\t\t\t\twidth=\"170\"\n\t\t\t\t\theight=\"110\"\n\t\t\t\t\tstyle=\"max-width:100%;\"\n\t\t\t\t\/>\n\t\t\t<\/a>\n\t\t<\/div>\n\t\t\t\t\t\t\t<\/div> \n\t\t\t\n\t\t\t\t<div id=\"ngg-image-14\" class=\"ngg-gallery-thumbnail-box \n\t\t\t\t\t\t\t\t\t\t\t\" \n\t\t\t>\n\t\t\t\t\t\t<div class=\"ngg-gallery-thumbnail\">\n\t\t\t<a href=\"https:\/\/dev.jazzweltfestival.ch\/wp-content\/gallery\/impressionen-22\/24ec9072-790c-4f3c-bc9a-5414ced327a8.jpeg\"\n\t\t\t\ttitle=\"\"\n\t\t\t\tdata-src=\"https:\/\/dev.jazzweltfestival.ch\/wp-content\/gallery\/impressionen-22\/24ec9072-790c-4f3c-bc9a-5414ced327a8.jpeg\"\n\t\t\t\tdata-thumbnail=\"https:\/\/dev.jazzweltfestival.ch\/wp-content\/gallery\/impressionen-22\/thumbs\/thumbs_24ec9072-790c-4f3c-bc9a-5414ced327a8.jpeg\"\n\t\t\t\tdata-image-id=\"218\"\n\t\t\t\tdata-title=\"24ec9072-790c-4f3c-bc9a-5414ced327a8\"\n\t\t\t\tdata-description=\"\"\n\t\t\t\tdata-image-slug=\"24ec9072-790c-4f3c-bc9a-5414ced327a8\"\n\t\t\t\trel=\"lightbox\">\n\t\t\t\t<img\n\t\t\t\t\ttitle=\"24ec9072-790c-4f3c-bc9a-5414ced327a8\"\n\t\t\t\t\talt=\"24ec9072-790c-4f3c-bc9a-5414ced327a8\"\n\t\t\t\t\tsrc=\"https:\/\/dev.jazzweltfestival.ch\/wp-content\/gallery\/impressionen-22\/thumbs\/thumbs_24ec9072-790c-4f3c-bc9a-5414ced327a8.jpeg\"\n\t\t\t\t\twidth=\"170\"\n\t\t\t\t\theight=\"110\"\n\t\t\t\t\tstyle=\"max-width:100%;\"\n\t\t\t\t\/>\n\t\t\t<\/a>\n\t\t<\/div>\n\t\t\t\t\t\t\t<\/div> \n\t\t\t\n\t\t\t\t<div id=\"ngg-image-15\" class=\"ngg-gallery-thumbnail-box \n\t\t\t\t\t\t\t\t\t\t\t\" \n\t\t\t>\n\t\t\t\t\t\t<div class=\"ngg-gallery-thumbnail\">\n\t\t\t<a href=\"https:\/\/dev.jazzweltfestival.ch\/wp-content\/gallery\/impressionen-22\/d9fd9699-7b59-424c-b75f-ab5e1d4d9f4f.jpeg\"\n\t\t\t\ttitle=\"\"\n\t\t\t\tdata-src=\"https:\/\/dev.jazzweltfestival.ch\/wp-content\/gallery\/impressionen-22\/d9fd9699-7b59-424c-b75f-ab5e1d4d9f4f.jpeg\"\n\t\t\t\tdata-thumbnail=\"https:\/\/dev.jazzweltfestival.ch\/wp-content\/gallery\/impressionen-22\/thumbs\/thumbs_d9fd9699-7b59-424c-b75f-ab5e1d4d9f4f.jpeg\"\n\t\t\t\tdata-image-id=\"212\"\n\t\t\t\tdata-title=\"d9fd9699-7b59-424c-b75f-ab5e1d4d9f4f\"\n\t\t\t\tdata-description=\"\"\n\t\t\t\tdata-image-slug=\"d9fd9699-7b59-424c-b75f-ab5e1d4d9f4f\"\n\t\t\t\trel=\"lightbox\">\n\t\t\t\t<img\n\t\t\t\t\ttitle=\"d9fd9699-7b59-424c-b75f-ab5e1d4d9f4f\"\n\t\t\t\t\talt=\"d9fd9699-7b59-424c-b75f-ab5e1d4d9f4f\"\n\t\t\t\t\tsrc=\"https:\/\/dev.jazzweltfestival.ch\/wp-content\/gallery\/impressionen-22\/thumbs\/thumbs_d9fd9699-7b59-424c-b75f-ab5e1d4d9f4f.jpeg\"\n\t\t\t\t\twidth=\"170\"\n\t\t\t\t\theight=\"110\"\n\t\t\t\t\tstyle=\"max-width:100%;\"\n\t\t\t\t\/>\n\t\t\t<\/a>\n\t\t<\/div>\n\t\t\t\t\t\t\t<\/div> \n\t\t\t\n\t\n\t<br style=\"clear: both\" \/>\n\n\t\t<div class=\"slideshowlink\">\n\t\t<a href='https:\/\/dev.jazzweltfestival.ch\/index.php\/nggallery\/slideshow?page_id=17'>[Zeige eine Slideshow]<\/a>\n\t\t\n\t<\/div>\n\t\n\t\t<!-- Pagination -->\n\t\t<div class='ngg-navigation'><span class='current'>1<\/span>\n<a class='page-numbers' data-pageid='2' href='https:\/\/dev.jazzweltfestival.ch\/index.php\/nggallery\/page\/2?page_id=17'>2<\/a>\n<a class='prev' href='https:\/\/dev.jazzweltfestival.ch\/index.php\/nggallery\/page\/2?page_id=17' data-pageid=2>&#9658;<\/a><\/div>\t<\/div>\n\n<h3>Feedbacks 2022<\/h3>\n<p class=\"p1\">&nbsp;<\/p>\n<p class=\"p1\"><span style=\"color: #003300;\"><em>\u00abJazz Welt Festival heisst f\u00fcr mich spannende Musik, tolle Stimmung, wunderbares Essen, Freunde wiedersehen. Ich kam zwar etwas sp\u00e4ter am Samstagabend aber Calabrun hat mich mit Fl\u00f6ten, Handpan und Trommeln sofort verzaubert. Danach eine mitreissende afrikanische Formation. Der charismatische S\u00e4nger zog das Publikum sofort in seinen Bann, die Leute tanzten, die Stimmung erreichte ihren H\u00f6hepunkt. Ein wunderbarer Abend. Gerne wieder n\u00e4chstes Jahr\u00bb&nbsp; Roman<\/em><\/span><\/p>\n<p class=\"p1\"><span style=\"color: #993300;\"><em>\u00abSisch dr Hammer gsi! Jeden Moment des Festivals habe ich genossen und die beiden Abende in ihrer vollen L\u00e4nge ausgekostet. Die grosse Vielfalt des musikalischen Programms hat mich<\/em> <em>beeindruckt. Auch dass ihr nebst den grossen Profis Jugendlichen auf eurer B\u00fchne einen Raum bietet, finde ich toll. Ein besonderes Highlight war f\u00fcr mich das Modus Quartet. Zusammen mit der unvergleichlichen Stimme von Houry Dora Apartian weben und erz\u00e4hlen die Kl\u00e4nge von Harfe, Bass und Percussion Seelen-Geschichten, die nachklingen. Die Vielfalt und soziale Offenheit zeigt sich aber nicht nur auf der B\u00fchne, sondern zieht sich durch das ganze Konzept des JWF. Dass es z.B. auch f\u00fcr PassantInnen m\u00f6glich ist, &#8220;einfach so&#8221; am Festival teilzunehmen, ist meines Wissens ziemlich einzigartig. Auch die somalische K\u00fcche und das Kuchenbuffet waren wunderbar. Ja, und zum Schluss dann das musikalische Feuerwerk von Baye Magatte Ndiaye! Fr\u00f6hlich und beschwingt ging&#8217;s danach in die Nacht hinaus auf den Heimweg. Viel Herzblut fliesst sp\u00fcrbar durch das JWF. Ich danke dir, Felix, und dem ganzen OK herzlich f\u00fcr euer grosses Engagement. Ich komme wieder \ud83d\ude42 !\u00bb&nbsp; <\/em><\/span><span style=\"color: #993300;\"><em>Esther<\/em><\/span><\/p>\n<p class=\"p1\"><span style=\"color: #333300;\"><em>\u00abEntspannte Atmosph\u00e4re, abwechslungsreiches und hochkar\u00e4tiges Programm. Freue mich schon auf die n\u00e4chste Ausgabe.\u00bb&nbsp; <\/em><\/span><span style=\"color: #333300;\"><em>Andi<\/em><\/span><\/p>\n<p class=\"p1\"><em><span style=\"color: #993300;\">\u00abIch habe das kleine, feine Festival sehr genossen! Eine wohltuende Musik-Oase mitten in der Stadt mit wundersch\u00f6ner Kulisse. Der Mix der Musik von Kids \u00fcber Lokal zu Welt &#8211; finde ich wirklich genial ! Ein wahres Fest !! Vielen Dank euch allen f\u00fcr eure Arbeit und f\u00fcr euer Herzblut ! Ich freu mich schon auf n\u00e4chstes Jahr !\u00bb&nbsp; <\/span><\/em><em><span style=\"color: #993300;\">Michelle<\/span><\/em><\/p>\n<p class=\"p1\"><span style=\"color: #333300;\"><em>\u00abSeit 15 Jahren erlebe ich punktuell die JWF-Events als eine kulturelle Bereicherung Sonderg\u00fcte. Dieses Jahr beispielsweise genoss ich &#8211; wie gewohnt in der Altstadt von Chur am Freitag im Nikolaiplatz &#8211; r\u00e4toromanischen Worte mit Gitarrenkl\u00e4ngen lauschend, gleichzeitig eine somalischen K\u00f6stlichkeit verspeisend und dies in tollster Gesellschaft, mit altbekannten Freuden umringt.\u00bb&nbsp; <\/em><\/span><span style=\"color: #333300;\"><em>Linus<\/em><\/span><\/p>\n<p><span style=\"color: #993300;\"><em>\u00abKlein, fein und gute Musik an einem einzigartigen Ort &#8211; dank Weltmusik und feinem internationalen Essen auch ein Ort, an welchem Begegnungen \u00fcber alle Kulturen m\u00f6glich sind.\u00bb&nbsp; Moni<\/em><\/span><\/p>\n<h3>Impressionen 2019<\/h3>\n<!-- default-view.php -->\n<div\n\tclass=\"ngg-galleryoverview default-view \n\t ngg-ajax-pagination-none\t\"\n\tid=\"ngg-gallery-2b14d4096dfc1317fc25fc49e5c0f2ae-1\">\n\n\t\t<!-- Thumbnails -->\n\t\t\t\t<div id=\"ngg-image-0\" class=\"ngg-gallery-thumbnail-box \n\t\t\t\t\t\t\t\t\t\t\t\" \n\t\t\t>\n\t\t\t\t\t\t<div class=\"ngg-gallery-thumbnail\">\n\t\t\t<a href=\"https:\/\/dev.jazzweltfestival.ch\/wp-content\/gallery\/impressionen-2019\/IMG_0833.jpeg\"\n\t\t\t\ttitle=\"\"\n\t\t\t\tdata-src=\"https:\/\/dev.jazzweltfestival.ch\/wp-content\/gallery\/impressionen-2019\/IMG_0833.jpeg\"\n\t\t\t\tdata-thumbnail=\"https:\/\/dev.jazzweltfestival.ch\/wp-content\/gallery\/impressionen-2019\/thumbs\/thumbs_IMG_0833.jpeg\"\n\t\t\t\tdata-image-id=\"198\"\n\t\t\t\tdata-title=\"IMG_0833\"\n\t\t\t\tdata-description=\"\"\n\t\t\t\tdata-image-slug=\"img_0833\"\n\t\t\t\trel=\"lightbox\">\n\t\t\t\t<img\n\t\t\t\t\ttitle=\"IMG_0833\"\n\t\t\t\t\talt=\"IMG_0833\"\n\t\t\t\t\tsrc=\"https:\/\/dev.jazzweltfestival.ch\/wp-content\/gallery\/impressionen-2019\/cache\/IMG_0833.jpeg-nggid03198-ngg0dyn-170x110x100-00f0w010c011r110f110r010t010.jpeg\"\n\t\t\t\t\twidth=\"170\"\n\t\t\t\t\theight=\"110\"\n\t\t\t\t\tstyle=\"max-width:100%;\"\n\t\t\t\t\/>\n\t\t\t<\/a>\n\t\t<\/div>\n\t\t\t\t\t\t\t<\/div> \n\t\t\t\n\t\t\t\t<div id=\"ngg-image-1\" class=\"ngg-gallery-thumbnail-box \n\t\t\t\t\t\t\t\t\t\t\t\" \n\t\t\t>\n\t\t\t\t\t\t<div class=\"ngg-gallery-thumbnail\">\n\t\t\t<a href=\"https:\/\/dev.jazzweltfestival.ch\/wp-content\/gallery\/impressionen-2019\/IMG_0834.jpeg\"\n\t\t\t\ttitle=\"\"\n\t\t\t\tdata-src=\"https:\/\/dev.jazzweltfestival.ch\/wp-content\/gallery\/impressionen-2019\/IMG_0834.jpeg\"\n\t\t\t\tdata-thumbnail=\"https:\/\/dev.jazzweltfestival.ch\/wp-content\/gallery\/impressionen-2019\/thumbs\/thumbs_IMG_0834.jpeg\"\n\t\t\t\tdata-image-id=\"199\"\n\t\t\t\tdata-title=\"IMG_0834\"\n\t\t\t\tdata-description=\"\"\n\t\t\t\tdata-image-slug=\"img_0834\"\n\t\t\t\trel=\"lightbox\">\n\t\t\t\t<img\n\t\t\t\t\ttitle=\"IMG_0834\"\n\t\t\t\t\talt=\"IMG_0834\"\n\t\t\t\t\tsrc=\"https:\/\/dev.jazzweltfestival.ch\/wp-content\/gallery\/impressionen-2019\/cache\/IMG_0834.jpeg-nggid03199-ngg0dyn-170x110x100-00f0w010c011r110f110r010t010.jpeg\"\n\t\t\t\t\twidth=\"170\"\n\t\t\t\t\theight=\"110\"\n\t\t\t\t\tstyle=\"max-width:100%;\"\n\t\t\t\t\/>\n\t\t\t<\/a>\n\t\t<\/div>\n\t\t\t\t\t\t\t<\/div> \n\t\t\t\n\t\t\t\t<div id=\"ngg-image-2\" class=\"ngg-gallery-thumbnail-box \n\t\t\t\t\t\t\t\t\t\t\t\" \n\t\t\t>\n\t\t\t\t\t\t<div class=\"ngg-gallery-thumbnail\">\n\t\t\t<a href=\"https:\/\/dev.jazzweltfestival.ch\/wp-content\/gallery\/impressionen-2019\/IMG_0847-20.18.35.jpeg\"\n\t\t\t\ttitle=\"\"\n\t\t\t\tdata-src=\"https:\/\/dev.jazzweltfestival.ch\/wp-content\/gallery\/impressionen-2019\/IMG_0847-20.18.35.jpeg\"\n\t\t\t\tdata-thumbnail=\"https:\/\/dev.jazzweltfestival.ch\/wp-content\/gallery\/impressionen-2019\/thumbs\/thumbs_IMG_0847-20.18.35.jpeg\"\n\t\t\t\tdata-image-id=\"209\"\n\t\t\t\tdata-title=\"IMG_0847 20.18.35\"\n\t\t\t\tdata-description=\"\"\n\t\t\t\tdata-image-slug=\"img_0847-20-18-35\"\n\t\t\t\trel=\"lightbox\">\n\t\t\t\t<img\n\t\t\t\t\ttitle=\"IMG_0847 20.18.35\"\n\t\t\t\t\talt=\"IMG_0847 20.18.35\"\n\t\t\t\t\tsrc=\"https:\/\/dev.jazzweltfestival.ch\/wp-content\/gallery\/impressionen-2019\/cache\/IMG_0847-20.18.35.jpeg-nggid03209-ngg0dyn-170x110x100-00f0w010c011r110f110r010t010.jpeg\"\n\t\t\t\t\twidth=\"170\"\n\t\t\t\t\theight=\"110\"\n\t\t\t\t\tstyle=\"max-width:100%;\"\n\t\t\t\t\/>\n\t\t\t<\/a>\n\t\t<\/div>\n\t\t\t\t\t\t\t<\/div> \n\t\t\t\n\t\t\t\t<div id=\"ngg-image-3\" class=\"ngg-gallery-thumbnail-box \n\t\t\t\t\t\t\t\t\t\t\t\" \n\t\t\t>\n\t\t\t\t\t\t<div class=\"ngg-gallery-thumbnail\">\n\t\t\t<a href=\"https:\/\/dev.jazzweltfestival.ch\/wp-content\/gallery\/impressionen-2019\/IMG_0848.jpeg\"\n\t\t\t\ttitle=\"\"\n\t\t\t\tdata-src=\"https:\/\/dev.jazzweltfestival.ch\/wp-content\/gallery\/impressionen-2019\/IMG_0848.jpeg\"\n\t\t\t\tdata-thumbnail=\"https:\/\/dev.jazzweltfestival.ch\/wp-content\/gallery\/impressionen-2019\/thumbs\/thumbs_IMG_0848.jpeg\"\n\t\t\t\tdata-image-id=\"200\"\n\t\t\t\tdata-title=\"IMG_0848\"\n\t\t\t\tdata-description=\"\"\n\t\t\t\tdata-image-slug=\"img_0848\"\n\t\t\t\trel=\"lightbox\">\n\t\t\t\t<img\n\t\t\t\t\ttitle=\"IMG_0848\"\n\t\t\t\t\talt=\"IMG_0848\"\n\t\t\t\t\tsrc=\"https:\/\/dev.jazzweltfestival.ch\/wp-content\/gallery\/impressionen-2019\/cache\/IMG_0848.jpeg-nggid03200-ngg0dyn-170x110x100-00f0w010c011r110f110r010t010.jpeg\"\n\t\t\t\t\twidth=\"170\"\n\t\t\t\t\theight=\"110\"\n\t\t\t\t\tstyle=\"max-width:100%;\"\n\t\t\t\t\/>\n\t\t\t<\/a>\n\t\t<\/div>\n\t\t\t\t\t\t\t<\/div> \n\t\t\t\n\t\t\t\t<div id=\"ngg-image-4\" class=\"ngg-gallery-thumbnail-box \n\t\t\t\t\t\t\t\t\t\t\t\" \n\t\t\t>\n\t\t\t\t\t\t<div class=\"ngg-gallery-thumbnail\">\n\t\t\t<a href=\"https:\/\/dev.jazzweltfestival.ch\/wp-content\/gallery\/impressionen-2019\/IMG_0849-20.18.35.jpeg\"\n\t\t\t\ttitle=\"\"\n\t\t\t\tdata-src=\"https:\/\/dev.jazzweltfestival.ch\/wp-content\/gallery\/impressionen-2019\/IMG_0849-20.18.35.jpeg\"\n\t\t\t\tdata-thumbnail=\"https:\/\/dev.jazzweltfestival.ch\/wp-content\/gallery\/impressionen-2019\/thumbs\/thumbs_IMG_0849-20.18.35.jpeg\"\n\t\t\t\tdata-image-id=\"202\"\n\t\t\t\tdata-title=\"IMG_0849 20.18.35\"\n\t\t\t\tdata-description=\"\"\n\t\t\t\tdata-image-slug=\"img_0849-20-18-35\"\n\t\t\t\trel=\"lightbox\">\n\t\t\t\t<img\n\t\t\t\t\ttitle=\"IMG_0849 20.18.35\"\n\t\t\t\t\talt=\"IMG_0849 20.18.35\"\n\t\t\t\t\tsrc=\"https:\/\/dev.jazzweltfestival.ch\/wp-content\/gallery\/impressionen-2019\/cache\/IMG_0849-20.18.35.jpeg-nggid03202-ngg0dyn-170x110x100-00f0w010c011r110f110r010t010.jpeg\"\n\t\t\t\t\twidth=\"170\"\n\t\t\t\t\theight=\"110\"\n\t\t\t\t\tstyle=\"max-width:100%;\"\n\t\t\t\t\/>\n\t\t\t<\/a>\n\t\t<\/div>\n\t\t\t\t\t\t\t<\/div> \n\t\t\t\n\t\t\t\t<div id=\"ngg-image-5\" class=\"ngg-gallery-thumbnail-box \n\t\t\t\t\t\t\t\t\t\t\t\" \n\t\t\t>\n\t\t\t\t\t\t<div class=\"ngg-gallery-thumbnail\">\n\t\t\t<a href=\"https:\/\/dev.jazzweltfestival.ch\/wp-content\/gallery\/impressionen-2019\/IMG_0856.jpeg\"\n\t\t\t\ttitle=\"\"\n\t\t\t\tdata-src=\"https:\/\/dev.jazzweltfestival.ch\/wp-content\/gallery\/impressionen-2019\/IMG_0856.jpeg\"\n\t\t\t\tdata-thumbnail=\"https:\/\/dev.jazzweltfestival.ch\/wp-content\/gallery\/impressionen-2019\/thumbs\/thumbs_IMG_0856.jpeg\"\n\t\t\t\tdata-image-id=\"201\"\n\t\t\t\tdata-title=\"IMG_0856\"\n\t\t\t\tdata-description=\"\"\n\t\t\t\tdata-image-slug=\"img_0856\"\n\t\t\t\trel=\"lightbox\">\n\t\t\t\t<img\n\t\t\t\t\ttitle=\"IMG_0856\"\n\t\t\t\t\talt=\"IMG_0856\"\n\t\t\t\t\tsrc=\"https:\/\/dev.jazzweltfestival.ch\/wp-content\/gallery\/impressionen-2019\/cache\/IMG_0856.jpeg-nggid03201-ngg0dyn-170x110x100-00f0w010c011r110f110r010t010.jpeg\"\n\t\t\t\t\twidth=\"170\"\n\t\t\t\t\theight=\"110\"\n\t\t\t\t\tstyle=\"max-width:100%;\"\n\t\t\t\t\/>\n\t\t\t<\/a>\n\t\t<\/div>\n\t\t\t\t\t\t\t<\/div> \n\t\t\t\n\t\t\t\t<div id=\"ngg-image-6\" class=\"ngg-gallery-thumbnail-box \n\t\t\t\t\t\t\t\t\t\t\t\" \n\t\t\t>\n\t\t\t\t\t\t<div class=\"ngg-gallery-thumbnail\">\n\t\t\t<a href=\"https:\/\/dev.jazzweltfestival.ch\/wp-content\/gallery\/impressionen-2019\/IMG_0858.jpeg\"\n\t\t\t\ttitle=\"\"\n\t\t\t\tdata-src=\"https:\/\/dev.jazzweltfestival.ch\/wp-content\/gallery\/impressionen-2019\/IMG_0858.jpeg\"\n\t\t\t\tdata-thumbnail=\"https:\/\/dev.jazzweltfestival.ch\/wp-content\/gallery\/impressionen-2019\/thumbs\/thumbs_IMG_0858.jpeg\"\n\t\t\t\tdata-image-id=\"203\"\n\t\t\t\tdata-title=\"IMG_0858\"\n\t\t\t\tdata-description=\"\"\n\t\t\t\tdata-image-slug=\"img_0858\"\n\t\t\t\trel=\"lightbox\">\n\t\t\t\t<img\n\t\t\t\t\ttitle=\"IMG_0858\"\n\t\t\t\t\talt=\"IMG_0858\"\n\t\t\t\t\tsrc=\"https:\/\/dev.jazzweltfestival.ch\/wp-content\/gallery\/impressionen-2019\/cache\/IMG_0858.jpeg-nggid03203-ngg0dyn-170x110x100-00f0w010c011r110f110r010t010.jpeg\"\n\t\t\t\t\twidth=\"170\"\n\t\t\t\t\theight=\"110\"\n\t\t\t\t\tstyle=\"max-width:100%;\"\n\t\t\t\t\/>\n\t\t\t<\/a>\n\t\t<\/div>\n\t\t\t\t\t\t\t<\/div> \n\t\t\t\n\t\t\t\t<div id=\"ngg-image-7\" class=\"ngg-gallery-thumbnail-box \n\t\t\t\t\t\t\t\t\t\t\t\" \n\t\t\t>\n\t\t\t\t\t\t<div class=\"ngg-gallery-thumbnail\">\n\t\t\t<a href=\"https:\/\/dev.jazzweltfestival.ch\/wp-content\/gallery\/impressionen-2019\/IMG_0869.jpeg\"\n\t\t\t\ttitle=\"\"\n\t\t\t\tdata-src=\"https:\/\/dev.jazzweltfestival.ch\/wp-content\/gallery\/impressionen-2019\/IMG_0869.jpeg\"\n\t\t\t\tdata-thumbnail=\"https:\/\/dev.jazzweltfestival.ch\/wp-content\/gallery\/impressionen-2019\/thumbs\/thumbs_IMG_0869.jpeg\"\n\t\t\t\tdata-image-id=\"207\"\n\t\t\t\tdata-title=\"IMG_0869\"\n\t\t\t\tdata-description=\"\"\n\t\t\t\tdata-image-slug=\"img_0869\"\n\t\t\t\trel=\"lightbox\">\n\t\t\t\t<img\n\t\t\t\t\ttitle=\"IMG_0869\"\n\t\t\t\t\talt=\"IMG_0869\"\n\t\t\t\t\tsrc=\"https:\/\/dev.jazzweltfestival.ch\/wp-content\/gallery\/impressionen-2019\/cache\/IMG_0869.jpeg-nggid03207-ngg0dyn-170x110x100-00f0w010c011r110f110r010t010.jpeg\"\n\t\t\t\t\twidth=\"170\"\n\t\t\t\t\theight=\"110\"\n\t\t\t\t\tstyle=\"max-width:100%;\"\n\t\t\t\t\/>\n\t\t\t<\/a>\n\t\t<\/div>\n\t\t\t\t\t\t\t<\/div> \n\t\t\t\n\t\t\t\t<div id=\"ngg-image-8\" class=\"ngg-gallery-thumbnail-box \n\t\t\t\t\t\t\t\t\t\t\t\" \n\t\t\t>\n\t\t\t\t\t\t<div class=\"ngg-gallery-thumbnail\">\n\t\t\t<a href=\"https:\/\/dev.jazzweltfestival.ch\/wp-content\/gallery\/impressionen-2019\/IMG_0866.jpeg\"\n\t\t\t\ttitle=\"\"\n\t\t\t\tdata-src=\"https:\/\/dev.jazzweltfestival.ch\/wp-content\/gallery\/impressionen-2019\/IMG_0866.jpeg\"\n\t\t\t\tdata-thumbnail=\"https:\/\/dev.jazzweltfestival.ch\/wp-content\/gallery\/impressionen-2019\/thumbs\/thumbs_IMG_0866.jpeg\"\n\t\t\t\tdata-image-id=\"206\"\n\t\t\t\tdata-title=\"IMG_0866\"\n\t\t\t\tdata-description=\"\"\n\t\t\t\tdata-image-slug=\"img_0866\"\n\t\t\t\trel=\"lightbox\">\n\t\t\t\t<img\n\t\t\t\t\ttitle=\"IMG_0866\"\n\t\t\t\t\talt=\"IMG_0866\"\n\t\t\t\t\tsrc=\"https:\/\/dev.jazzweltfestival.ch\/wp-content\/gallery\/impressionen-2019\/cache\/IMG_0866.jpeg-nggid03206-ngg0dyn-170x110x100-00f0w010c011r110f110r010t010.jpeg\"\n\t\t\t\t\twidth=\"170\"\n\t\t\t\t\theight=\"110\"\n\t\t\t\t\tstyle=\"max-width:100%;\"\n\t\t\t\t\/>\n\t\t\t<\/a>\n\t\t<\/div>\n\t\t\t\t\t\t\t<\/div> \n\t\t\t\n\t\t\t\t<div id=\"ngg-image-9\" class=\"ngg-gallery-thumbnail-box \n\t\t\t\t\t\t\t\t\t\t\t\" \n\t\t\t>\n\t\t\t\t\t\t<div class=\"ngg-gallery-thumbnail\">\n\t\t\t<a href=\"https:\/\/dev.jazzweltfestival.ch\/wp-content\/gallery\/impressionen-2019\/IMG_0870.jpeg\"\n\t\t\t\ttitle=\"\"\n\t\t\t\tdata-src=\"https:\/\/dev.jazzweltfestival.ch\/wp-content\/gallery\/impressionen-2019\/IMG_0870.jpeg\"\n\t\t\t\tdata-thumbnail=\"https:\/\/dev.jazzweltfestival.ch\/wp-content\/gallery\/impressionen-2019\/thumbs\/thumbs_IMG_0870.jpeg\"\n\t\t\t\tdata-image-id=\"204\"\n\t\t\t\tdata-title=\"IMG_0870\"\n\t\t\t\tdata-description=\"\"\n\t\t\t\tdata-image-slug=\"img_0870\"\n\t\t\t\trel=\"lightbox\">\n\t\t\t\t<img\n\t\t\t\t\ttitle=\"IMG_0870\"\n\t\t\t\t\talt=\"IMG_0870\"\n\t\t\t\t\tsrc=\"https:\/\/dev.jazzweltfestival.ch\/wp-content\/gallery\/impressionen-2019\/cache\/IMG_0870.jpeg-nggid03204-ngg0dyn-170x110x100-00f0w010c011r110f110r010t010.jpeg\"\n\t\t\t\t\twidth=\"170\"\n\t\t\t\t\theight=\"110\"\n\t\t\t\t\tstyle=\"max-width:100%;\"\n\t\t\t\t\/>\n\t\t\t<\/a>\n\t\t<\/div>\n\t\t\t\t\t\t\t<\/div> \n\t\t\t\n\t\t\t\t<div id=\"ngg-image-10\" class=\"ngg-gallery-thumbnail-box \n\t\t\t\t\t\t\t\t\t\t\t\" \n\t\t\t>\n\t\t\t\t\t\t<div class=\"ngg-gallery-thumbnail\">\n\t\t\t<a href=\"https:\/\/dev.jazzweltfestival.ch\/wp-content\/gallery\/impressionen-2019\/IMG_0871.jpeg\"\n\t\t\t\ttitle=\"\"\n\t\t\t\tdata-src=\"https:\/\/dev.jazzweltfestival.ch\/wp-content\/gallery\/impressionen-2019\/IMG_0871.jpeg\"\n\t\t\t\tdata-thumbnail=\"https:\/\/dev.jazzweltfestival.ch\/wp-content\/gallery\/impressionen-2019\/thumbs\/thumbs_IMG_0871.jpeg\"\n\t\t\t\tdata-image-id=\"205\"\n\t\t\t\tdata-title=\"IMG_0871\"\n\t\t\t\tdata-description=\"\"\n\t\t\t\tdata-image-slug=\"img_0871\"\n\t\t\t\trel=\"lightbox\">\n\t\t\t\t<img\n\t\t\t\t\ttitle=\"IMG_0871\"\n\t\t\t\t\talt=\"IMG_0871\"\n\t\t\t\t\tsrc=\"https:\/\/dev.jazzweltfestival.ch\/wp-content\/gallery\/impressionen-2019\/cache\/IMG_0871.jpeg-nggid03205-ngg0dyn-170x110x100-00f0w010c011r110f110r010t010.jpeg\"\n\t\t\t\t\twidth=\"170\"\n\t\t\t\t\theight=\"110\"\n\t\t\t\t\tstyle=\"max-width:100%;\"\n\t\t\t\t\/>\n\t\t\t<\/a>\n\t\t<\/div>\n\t\t\t\t\t\t\t<\/div> \n\t\t\t\n\t\t\t\t<div id=\"ngg-image-11\" class=\"ngg-gallery-thumbnail-box \n\t\t\t\t\t\t\t\t\t\t\t\" \n\t\t\t>\n\t\t\t\t\t\t<div class=\"ngg-gallery-thumbnail\">\n\t\t\t<a href=\"https:\/\/dev.jazzweltfestival.ch\/wp-content\/gallery\/impressionen-2019\/IMG_0873.jpeg\"\n\t\t\t\ttitle=\"\"\n\t\t\t\tdata-src=\"https:\/\/dev.jazzweltfestival.ch\/wp-content\/gallery\/impressionen-2019\/IMG_0873.jpeg\"\n\t\t\t\tdata-thumbnail=\"https:\/\/dev.jazzweltfestival.ch\/wp-content\/gallery\/impressionen-2019\/thumbs\/thumbs_IMG_0873.jpeg\"\n\t\t\t\tdata-image-id=\"208\"\n\t\t\t\tdata-title=\"IMG_0873\"\n\t\t\t\tdata-description=\"\"\n\t\t\t\tdata-image-slug=\"img_0873\"\n\t\t\t\trel=\"lightbox\">\n\t\t\t\t<img\n\t\t\t\t\ttitle=\"IMG_0873\"\n\t\t\t\t\talt=\"IMG_0873\"\n\t\t\t\t\tsrc=\"https:\/\/dev.jazzweltfestival.ch\/wp-content\/gallery\/impressionen-2019\/cache\/IMG_0873.jpeg-nggid03208-ngg0dyn-170x110x100-00f0w010c011r110f110r010t010.jpeg\"\n\t\t\t\t\twidth=\"170\"\n\t\t\t\t\theight=\"110\"\n\t\t\t\t\tstyle=\"max-width:100%;\"\n\t\t\t\t\/>\n\t\t\t<\/a>\n\t\t<\/div>\n\t\t\t\t\t\t\t<\/div> \n\t\t\t\n\t\t\t\t<div id=\"ngg-image-12\" class=\"ngg-gallery-thumbnail-box \n\t\t\t\t\t\t\t\t\t\t\t\" \n\t\t\t>\n\t\t\t\t\t\t<div class=\"ngg-gallery-thumbnail\">\n\t\t\t<a href=\"https:\/\/dev.jazzweltfestival.ch\/wp-content\/gallery\/impressionen-2019\/IMG_0877.jpeg\"\n\t\t\t\ttitle=\"\"\n\t\t\t\tdata-src=\"https:\/\/dev.jazzweltfestival.ch\/wp-content\/gallery\/impressionen-2019\/IMG_0877.jpeg\"\n\t\t\t\tdata-thumbnail=\"https:\/\/dev.jazzweltfestival.ch\/wp-content\/gallery\/impressionen-2019\/thumbs\/thumbs_IMG_0877.jpeg\"\n\t\t\t\tdata-image-id=\"210\"\n\t\t\t\tdata-title=\"IMG_0877\"\n\t\t\t\tdata-description=\"\"\n\t\t\t\tdata-image-slug=\"img_0877\"\n\t\t\t\trel=\"lightbox\">\n\t\t\t\t<img\n\t\t\t\t\ttitle=\"IMG_0877\"\n\t\t\t\t\talt=\"IMG_0877\"\n\t\t\t\t\tsrc=\"https:\/\/dev.jazzweltfestival.ch\/wp-content\/gallery\/impressionen-2019\/cache\/IMG_0877.jpeg-nggid03210-ngg0dyn-170x110x100-00f0w010c011r110f110r010t010.jpeg\"\n\t\t\t\t\twidth=\"170\"\n\t\t\t\t\theight=\"110\"\n\t\t\t\t\tstyle=\"max-width:100%;\"\n\t\t\t\t\/>\n\t\t\t<\/a>\n\t\t<\/div>\n\t\t\t\t\t\t\t<\/div> \n\t\t\t\n\t\t\t\t<div id=\"ngg-image-13\" class=\"ngg-gallery-thumbnail-box \n\t\t\t\t\t\t\t\t\t\t\t\" \n\t\t\t>\n\t\t\t\t\t\t<div class=\"ngg-gallery-thumbnail\">\n\t\t\t<a href=\"https:\/\/dev.jazzweltfestival.ch\/wp-content\/gallery\/impressionen-2019\/IMG_0879.jpeg\"\n\t\t\t\ttitle=\"\"\n\t\t\t\tdata-src=\"https:\/\/dev.jazzweltfestival.ch\/wp-content\/gallery\/impressionen-2019\/IMG_0879.jpeg\"\n\t\t\t\tdata-thumbnail=\"https:\/\/dev.jazzweltfestival.ch\/wp-content\/gallery\/impressionen-2019\/thumbs\/thumbs_IMG_0879.jpeg\"\n\t\t\t\tdata-image-id=\"211\"\n\t\t\t\tdata-title=\"IMG_0879\"\n\t\t\t\tdata-description=\"\"\n\t\t\t\tdata-image-slug=\"img_0879\"\n\t\t\t\trel=\"lightbox\">\n\t\t\t\t<img\n\t\t\t\t\ttitle=\"IMG_0879\"\n\t\t\t\t\talt=\"IMG_0879\"\n\t\t\t\t\tsrc=\"https:\/\/dev.jazzweltfestival.ch\/wp-content\/gallery\/impressionen-2019\/cache\/IMG_0879.jpeg-nggid03211-ngg0dyn-170x110x100-00f0w010c011r110f110r010t010.jpeg\"\n\t\t\t\t\twidth=\"170\"\n\t\t\t\t\theight=\"110\"\n\t\t\t\t\tstyle=\"max-width:100%;\"\n\t\t\t\t\/>\n\t\t\t<\/a>\n\t\t<\/div>\n\t\t\t\t\t\t\t<\/div> \n\t\t\t\n\t\n\t<br style=\"clear: both\" \/>\n\n\t\n\t\t<!-- Pagination -->\n\t\t<div class='ngg-clear'><\/div>\t<\/div>\n\n<h3>Impressionen 2018<\/h3>\n<!-- default-view.php -->\n<div\n\tclass=\"ngg-galleryoverview default-view \n\t ngg-ajax-pagination-none\t\"\n\tid=\"ngg-gallery-653cee024851935ae83fd004d9e8100a-1\">\n\n\t\t<!-- Thumbnails -->\n\t\t\t\t<div id=\"ngg-image-0\" class=\"ngg-gallery-thumbnail-box \n\t\t\t\t\t\t\t\t\t\t\t\" \n\t\t\t>\n\t\t\t\t\t\t<div class=\"ngg-gallery-thumbnail\">\n\t\t\t<a href=\"https:\/\/dev.jazzweltfestival.ch\/wp-content\/gallery\/jwf18\/10GrCe1.JPG\"\n\t\t\t\ttitle=\"\"\n\t\t\t\tdata-src=\"https:\/\/dev.jazzweltfestival.ch\/wp-content\/gallery\/jwf18\/10GrCe1.JPG\"\n\t\t\t\tdata-thumbnail=\"https:\/\/dev.jazzweltfestival.ch\/wp-content\/gallery\/jwf18\/thumbs\/thumbs_10GrCe1.JPG\"\n\t\t\t\tdata-image-id=\"169\"\n\t\t\t\tdata-title=\"10GrCe1\"\n\t\t\t\tdata-description=\"\"\n\t\t\t\tdata-image-slug=\"10grce1\"\n\t\t\t\trel=\"lightbox\">\n\t\t\t\t<img\n\t\t\t\t\ttitle=\"10GrCe1\"\n\t\t\t\t\talt=\"10GrCe1\"\n\t\t\t\t\tsrc=\"https:\/\/dev.jazzweltfestival.ch\/wp-content\/gallery\/jwf18\/cache\/10GrCe1.JPG-nggid03169-ngg0dyn-170x110x100-00f0w010c011r110f110r010t010.JPG\"\n\t\t\t\t\twidth=\"170\"\n\t\t\t\t\theight=\"110\"\n\t\t\t\t\tstyle=\"max-width:100%;\"\n\t\t\t\t\/>\n\t\t\t<\/a>\n\t\t<\/div>\n\t\t\t\t\t\t\t<\/div> \n\t\t\t\n\t\t\t\t<div id=\"ngg-image-1\" class=\"ngg-gallery-thumbnail-box \n\t\t\t\t\t\t\t\t\t\t\t\" \n\t\t\t>\n\t\t\t\t\t\t<div class=\"ngg-gallery-thumbnail\">\n\t\t\t<a href=\"https:\/\/dev.jazzweltfestival.ch\/wp-content\/gallery\/jwf18\/11GrCe2.JPG\"\n\t\t\t\ttitle=\"\"\n\t\t\t\tdata-src=\"https:\/\/dev.jazzweltfestival.ch\/wp-content\/gallery\/jwf18\/11GrCe2.JPG\"\n\t\t\t\tdata-thumbnail=\"https:\/\/dev.jazzweltfestival.ch\/wp-content\/gallery\/jwf18\/thumbs\/thumbs_11GrCe2.JPG\"\n\t\t\t\tdata-image-id=\"170\"\n\t\t\t\tdata-title=\"11GrCe2\"\n\t\t\t\tdata-description=\"\"\n\t\t\t\tdata-image-slug=\"11grce2\"\n\t\t\t\trel=\"lightbox\">\n\t\t\t\t<img\n\t\t\t\t\ttitle=\"11GrCe2\"\n\t\t\t\t\talt=\"11GrCe2\"\n\t\t\t\t\tsrc=\"https:\/\/dev.jazzweltfestival.ch\/wp-content\/gallery\/jwf18\/cache\/11GrCe2.JPG-nggid03170-ngg0dyn-170x110x100-00f0w010c011r110f110r010t010.JPG\"\n\t\t\t\t\twidth=\"170\"\n\t\t\t\t\theight=\"110\"\n\t\t\t\t\tstyle=\"max-width:100%;\"\n\t\t\t\t\/>\n\t\t\t<\/a>\n\t\t<\/div>\n\t\t\t\t\t\t\t<\/div> \n\t\t\t\n\t\t\t\t<div id=\"ngg-image-2\" class=\"ngg-gallery-thumbnail-box \n\t\t\t\t\t\t\t\t\t\t\t\" \n\t\t\t>\n\t\t\t\t\t\t<div class=\"ngg-gallery-thumbnail\">\n\t\t\t<a href=\"https:\/\/dev.jazzweltfestival.ch\/wp-content\/gallery\/jwf18\/12GrCe3.JPG\"\n\t\t\t\ttitle=\"\"\n\t\t\t\tdata-src=\"https:\/\/dev.jazzweltfestival.ch\/wp-content\/gallery\/jwf18\/12GrCe3.JPG\"\n\t\t\t\tdata-thumbnail=\"https:\/\/dev.jazzweltfestival.ch\/wp-content\/gallery\/jwf18\/thumbs\/thumbs_12GrCe3.JPG\"\n\t\t\t\tdata-image-id=\"171\"\n\t\t\t\tdata-title=\"12GrCe3\"\n\t\t\t\tdata-description=\"\"\n\t\t\t\tdata-image-slug=\"12grce3\"\n\t\t\t\trel=\"lightbox\">\n\t\t\t\t<img\n\t\t\t\t\ttitle=\"12GrCe3\"\n\t\t\t\t\talt=\"12GrCe3\"\n\t\t\t\t\tsrc=\"https:\/\/dev.jazzweltfestival.ch\/wp-content\/gallery\/jwf18\/cache\/12GrCe3.JPG-nggid03171-ngg0dyn-170x110x100-00f0w010c011r110f110r010t010.JPG\"\n\t\t\t\t\twidth=\"170\"\n\t\t\t\t\theight=\"110\"\n\t\t\t\t\tstyle=\"max-width:100%;\"\n\t\t\t\t\/>\n\t\t\t<\/a>\n\t\t<\/div>\n\t\t\t\t\t\t\t<\/div> \n\t\t\t\n\t\t\t\t<div id=\"ngg-image-3\" class=\"ngg-gallery-thumbnail-box \n\t\t\t\t\t\t\t\t\t\t\t\" \n\t\t\t>\n\t\t\t\t\t\t<div class=\"ngg-gallery-thumbnail\">\n\t\t\t<a href=\"https:\/\/dev.jazzweltfestival.ch\/wp-content\/gallery\/jwf18\/13GrCe4.JPG\"\n\t\t\t\ttitle=\"\"\n\t\t\t\tdata-src=\"https:\/\/dev.jazzweltfestival.ch\/wp-content\/gallery\/jwf18\/13GrCe4.JPG\"\n\t\t\t\tdata-thumbnail=\"https:\/\/dev.jazzweltfestival.ch\/wp-content\/gallery\/jwf18\/thumbs\/thumbs_13GrCe4.JPG\"\n\t\t\t\tdata-image-id=\"172\"\n\t\t\t\tdata-title=\"13GrCe4\"\n\t\t\t\tdata-description=\"\"\n\t\t\t\tdata-image-slug=\"13grce4\"\n\t\t\t\trel=\"lightbox\">\n\t\t\t\t<img\n\t\t\t\t\ttitle=\"13GrCe4\"\n\t\t\t\t\talt=\"13GrCe4\"\n\t\t\t\t\tsrc=\"https:\/\/dev.jazzweltfestival.ch\/wp-content\/gallery\/jwf18\/cache\/13GrCe4.JPG-nggid03172-ngg0dyn-170x110x100-00f0w010c011r110f110r010t010.JPG\"\n\t\t\t\t\twidth=\"170\"\n\t\t\t\t\theight=\"110\"\n\t\t\t\t\tstyle=\"max-width:100%;\"\n\t\t\t\t\/>\n\t\t\t<\/a>\n\t\t<\/div>\n\t\t\t\t\t\t\t<\/div> \n\t\t\t\n\t\t\t\t<div id=\"ngg-image-4\" class=\"ngg-gallery-thumbnail-box \n\t\t\t\t\t\t\t\t\t\t\t\" \n\t\t\t>\n\t\t\t\t\t\t<div class=\"ngg-gallery-thumbnail\">\n\t\t\t<a href=\"https:\/\/dev.jazzweltfestival.ch\/wp-content\/gallery\/jwf18\/14CaMo1.JPG\"\n\t\t\t\ttitle=\"\"\n\t\t\t\tdata-src=\"https:\/\/dev.jazzweltfestival.ch\/wp-content\/gallery\/jwf18\/14CaMo1.JPG\"\n\t\t\t\tdata-thumbnail=\"https:\/\/dev.jazzweltfestival.ch\/wp-content\/gallery\/jwf18\/thumbs\/thumbs_14CaMo1.JPG\"\n\t\t\t\tdata-image-id=\"173\"\n\t\t\t\tdata-title=\"14CaMo1\"\n\t\t\t\tdata-description=\"\"\n\t\t\t\tdata-image-slug=\"14camo1\"\n\t\t\t\trel=\"lightbox\">\n\t\t\t\t<img\n\t\t\t\t\ttitle=\"14CaMo1\"\n\t\t\t\t\talt=\"14CaMo1\"\n\t\t\t\t\tsrc=\"https:\/\/dev.jazzweltfestival.ch\/wp-content\/gallery\/jwf18\/cache\/14CaMo1.JPG-nggid03173-ngg0dyn-170x110x100-00f0w010c011r110f110r010t010.JPG\"\n\t\t\t\t\twidth=\"170\"\n\t\t\t\t\theight=\"110\"\n\t\t\t\t\tstyle=\"max-width:100%;\"\n\t\t\t\t\/>\n\t\t\t<\/a>\n\t\t<\/div>\n\t\t\t\t\t\t\t<\/div> \n\t\t\t\n\t\t\t\t<div id=\"ngg-image-5\" class=\"ngg-gallery-thumbnail-box \n\t\t\t\t\t\t\t\t\t\t\t\" \n\t\t\t>\n\t\t\t\t\t\t<div class=\"ngg-gallery-thumbnail\">\n\t\t\t<a href=\"https:\/\/dev.jazzweltfestival.ch\/wp-content\/gallery\/jwf18\/15CaMo2.JPG\"\n\t\t\t\ttitle=\"\"\n\t\t\t\tdata-src=\"https:\/\/dev.jazzweltfestival.ch\/wp-content\/gallery\/jwf18\/15CaMo2.JPG\"\n\t\t\t\tdata-thumbnail=\"https:\/\/dev.jazzweltfestival.ch\/wp-content\/gallery\/jwf18\/thumbs\/thumbs_15CaMo2.JPG\"\n\t\t\t\tdata-image-id=\"174\"\n\t\t\t\tdata-title=\"15CaMo2\"\n\t\t\t\tdata-description=\"\"\n\t\t\t\tdata-image-slug=\"15camo2\"\n\t\t\t\trel=\"lightbox\">\n\t\t\t\t<img\n\t\t\t\t\ttitle=\"15CaMo2\"\n\t\t\t\t\talt=\"15CaMo2\"\n\t\t\t\t\tsrc=\"https:\/\/dev.jazzweltfestival.ch\/wp-content\/gallery\/jwf18\/cache\/15CaMo2.JPG-nggid03174-ngg0dyn-170x110x100-00f0w010c011r110f110r010t010.JPG\"\n\t\t\t\t\twidth=\"170\"\n\t\t\t\t\theight=\"110\"\n\t\t\t\t\tstyle=\"max-width:100%;\"\n\t\t\t\t\/>\n\t\t\t<\/a>\n\t\t<\/div>\n\t\t\t\t\t\t\t<\/div> \n\t\t\t\n\t\t\t\t<div id=\"ngg-image-6\" class=\"ngg-gallery-thumbnail-box \n\t\t\t\t\t\t\t\t\t\t\t\" \n\t\t\t>\n\t\t\t\t\t\t<div class=\"ngg-gallery-thumbnail\">\n\t\t\t<a href=\"https:\/\/dev.jazzweltfestival.ch\/wp-content\/gallery\/jwf18\/16Tri1.JPG\"\n\t\t\t\ttitle=\"\"\n\t\t\t\tdata-src=\"https:\/\/dev.jazzweltfestival.ch\/wp-content\/gallery\/jwf18\/16Tri1.JPG\"\n\t\t\t\tdata-thumbnail=\"https:\/\/dev.jazzweltfestival.ch\/wp-content\/gallery\/jwf18\/thumbs\/thumbs_16Tri1.JPG\"\n\t\t\t\tdata-image-id=\"175\"\n\t\t\t\tdata-title=\"16Tri1\"\n\t\t\t\tdata-description=\"\"\n\t\t\t\tdata-image-slug=\"16tri1\"\n\t\t\t\trel=\"lightbox\">\n\t\t\t\t<img\n\t\t\t\t\ttitle=\"16Tri1\"\n\t\t\t\t\talt=\"16Tri1\"\n\t\t\t\t\tsrc=\"https:\/\/dev.jazzweltfestival.ch\/wp-content\/gallery\/jwf18\/cache\/16Tri1.JPG-nggid03175-ngg0dyn-170x110x100-00f0w010c011r110f110r010t010.JPG\"\n\t\t\t\t\twidth=\"170\"\n\t\t\t\t\theight=\"110\"\n\t\t\t\t\tstyle=\"max-width:100%;\"\n\t\t\t\t\/>\n\t\t\t<\/a>\n\t\t<\/div>\n\t\t\t\t\t\t\t<\/div> \n\t\t\t\n\t\t\t\t<div id=\"ngg-image-7\" class=\"ngg-gallery-thumbnail-box \n\t\t\t\t\t\t\t\t\t\t\t\" \n\t\t\t>\n\t\t\t\t\t\t<div class=\"ngg-gallery-thumbnail\">\n\t\t\t<a href=\"https:\/\/dev.jazzweltfestival.ch\/wp-content\/gallery\/jwf18\/17Tri2.JPG\"\n\t\t\t\ttitle=\"\"\n\t\t\t\tdata-src=\"https:\/\/dev.jazzweltfestival.ch\/wp-content\/gallery\/jwf18\/17Tri2.JPG\"\n\t\t\t\tdata-thumbnail=\"https:\/\/dev.jazzweltfestival.ch\/wp-content\/gallery\/jwf18\/thumbs\/thumbs_17Tri2.JPG\"\n\t\t\t\tdata-image-id=\"176\"\n\t\t\t\tdata-title=\"17Tri2\"\n\t\t\t\tdata-description=\"\"\n\t\t\t\tdata-image-slug=\"17tri2\"\n\t\t\t\trel=\"lightbox\">\n\t\t\t\t<img\n\t\t\t\t\ttitle=\"17Tri2\"\n\t\t\t\t\talt=\"17Tri2\"\n\t\t\t\t\tsrc=\"https:\/\/dev.jazzweltfestival.ch\/wp-content\/gallery\/jwf18\/cache\/17Tri2.JPG-nggid03176-ngg0dyn-170x110x100-00f0w010c011r110f110r010t010.JPG\"\n\t\t\t\t\twidth=\"170\"\n\t\t\t\t\theight=\"110\"\n\t\t\t\t\tstyle=\"max-width:100%;\"\n\t\t\t\t\/>\n\t\t\t<\/a>\n\t\t<\/div>\n\t\t\t\t\t\t\t<\/div> \n\t\t\t\n\t\t\t\t<div id=\"ngg-image-8\" class=\"ngg-gallery-thumbnail-box \n\t\t\t\t\t\t\t\t\t\t\t\" \n\t\t\t>\n\t\t\t\t\t\t<div class=\"ngg-gallery-thumbnail\">\n\t\t\t<a href=\"https:\/\/dev.jazzweltfestival.ch\/wp-content\/gallery\/jwf18\/18aStaff3.JPG\"\n\t\t\t\ttitle=\"\"\n\t\t\t\tdata-src=\"https:\/\/dev.jazzweltfestival.ch\/wp-content\/gallery\/jwf18\/18aStaff3.JPG\"\n\t\t\t\tdata-thumbnail=\"https:\/\/dev.jazzweltfestival.ch\/wp-content\/gallery\/jwf18\/thumbs\/thumbs_18aStaff3.JPG\"\n\t\t\t\tdata-image-id=\"177\"\n\t\t\t\tdata-title=\"18aStaff3\"\n\t\t\t\tdata-description=\"\"\n\t\t\t\tdata-image-slug=\"18astaff3\"\n\t\t\t\trel=\"lightbox\">\n\t\t\t\t<img\n\t\t\t\t\ttitle=\"18aStaff3\"\n\t\t\t\t\talt=\"18aStaff3\"\n\t\t\t\t\tsrc=\"https:\/\/dev.jazzweltfestival.ch\/wp-content\/gallery\/jwf18\/cache\/18aStaff3.JPG-nggid03177-ngg0dyn-170x110x100-00f0w010c011r110f110r010t010.JPG\"\n\t\t\t\t\twidth=\"170\"\n\t\t\t\t\theight=\"110\"\n\t\t\t\t\tstyle=\"max-width:100%;\"\n\t\t\t\t\/>\n\t\t\t<\/a>\n\t\t<\/div>\n\t\t\t\t\t\t\t<\/div> \n\t\t\t\n\t\t\t\t<div id=\"ngg-image-9\" class=\"ngg-gallery-thumbnail-box \n\t\t\t\t\t\t\t\t\t\t\t\" \n\t\t\t>\n\t\t\t\t\t\t<div class=\"ngg-gallery-thumbnail\">\n\t\t\t<a href=\"https:\/\/dev.jazzweltfestival.ch\/wp-content\/gallery\/jwf18\/18bGrHu1.JPG\"\n\t\t\t\ttitle=\"\"\n\t\t\t\tdata-src=\"https:\/\/dev.jazzweltfestival.ch\/wp-content\/gallery\/jwf18\/18bGrHu1.JPG\"\n\t\t\t\tdata-thumbnail=\"https:\/\/dev.jazzweltfestival.ch\/wp-content\/gallery\/jwf18\/thumbs\/thumbs_18bGrHu1.JPG\"\n\t\t\t\tdata-image-id=\"178\"\n\t\t\t\tdata-title=\"18bGrHu1\"\n\t\t\t\tdata-description=\"\"\n\t\t\t\tdata-image-slug=\"18bgrhu1\"\n\t\t\t\trel=\"lightbox\">\n\t\t\t\t<img\n\t\t\t\t\ttitle=\"18bGrHu1\"\n\t\t\t\t\talt=\"18bGrHu1\"\n\t\t\t\t\tsrc=\"https:\/\/dev.jazzweltfestival.ch\/wp-content\/gallery\/jwf18\/cache\/18bGrHu1.JPG-nggid03178-ngg0dyn-170x110x100-00f0w010c011r110f110r010t010.JPG\"\n\t\t\t\t\twidth=\"170\"\n\t\t\t\t\theight=\"110\"\n\t\t\t\t\tstyle=\"max-width:100%;\"\n\t\t\t\t\/>\n\t\t\t<\/a>\n\t\t<\/div>\n\t\t\t\t\t\t\t<\/div> \n\t\t\t\n\t\t\t\t<div id=\"ngg-image-10\" class=\"ngg-gallery-thumbnail-box \n\t\t\t\t\t\t\t\t\t\t\t\" \n\t\t\t>\n\t\t\t\t\t\t<div class=\"ngg-gallery-thumbnail\">\n\t\t\t<a href=\"https:\/\/dev.jazzweltfestival.ch\/wp-content\/gallery\/jwf18\/19aGrHu2.JPG\"\n\t\t\t\ttitle=\"\"\n\t\t\t\tdata-src=\"https:\/\/dev.jazzweltfestival.ch\/wp-content\/gallery\/jwf18\/19aGrHu2.JPG\"\n\t\t\t\tdata-thumbnail=\"https:\/\/dev.jazzweltfestival.ch\/wp-content\/gallery\/jwf18\/thumbs\/thumbs_19aGrHu2.JPG\"\n\t\t\t\tdata-image-id=\"179\"\n\t\t\t\tdata-title=\"19aGrHu2\"\n\t\t\t\tdata-description=\"\"\n\t\t\t\tdata-image-slug=\"19agrhu2\"\n\t\t\t\trel=\"lightbox\">\n\t\t\t\t<img\n\t\t\t\t\ttitle=\"19aGrHu2\"\n\t\t\t\t\talt=\"19aGrHu2\"\n\t\t\t\t\tsrc=\"https:\/\/dev.jazzweltfestival.ch\/wp-content\/gallery\/jwf18\/cache\/19aGrHu2.JPG-nggid03179-ngg0dyn-170x110x100-00f0w010c011r110f110r010t010.JPG\"\n\t\t\t\t\twidth=\"170\"\n\t\t\t\t\theight=\"110\"\n\t\t\t\t\tstyle=\"max-width:100%;\"\n\t\t\t\t\/>\n\t\t\t<\/a>\n\t\t<\/div>\n\t\t\t\t\t\t\t<\/div> \n\t\t\t\n\t\t\t\t<div id=\"ngg-image-11\" class=\"ngg-gallery-thumbnail-box \n\t\t\t\t\t\t\t\t\t\t\t\" \n\t\t\t>\n\t\t\t\t\t\t<div class=\"ngg-gallery-thumbnail\">\n\t\t\t<a href=\"https:\/\/dev.jazzweltfestival.ch\/wp-content\/gallery\/jwf18\/19bAmb2.JPG\"\n\t\t\t\ttitle=\"\"\n\t\t\t\tdata-src=\"https:\/\/dev.jazzweltfestival.ch\/wp-content\/gallery\/jwf18\/19bAmb2.JPG\"\n\t\t\t\tdata-thumbnail=\"https:\/\/dev.jazzweltfestival.ch\/wp-content\/gallery\/jwf18\/thumbs\/thumbs_19bAmb2.JPG\"\n\t\t\t\tdata-image-id=\"180\"\n\t\t\t\tdata-title=\"19bAmb2\"\n\t\t\t\tdata-description=\"\"\n\t\t\t\tdata-image-slug=\"19bamb2\"\n\t\t\t\trel=\"lightbox\">\n\t\t\t\t<img\n\t\t\t\t\ttitle=\"19bAmb2\"\n\t\t\t\t\talt=\"19bAmb2\"\n\t\t\t\t\tsrc=\"https:\/\/dev.jazzweltfestival.ch\/wp-content\/gallery\/jwf18\/cache\/19bAmb2.JPG-nggid03180-ngg0dyn-170x110x100-00f0w010c011r110f110r010t010.JPG\"\n\t\t\t\t\twidth=\"170\"\n\t\t\t\t\theight=\"110\"\n\t\t\t\t\tstyle=\"max-width:100%;\"\n\t\t\t\t\/>\n\t\t\t<\/a>\n\t\t<\/div>\n\t\t\t\t\t\t\t<\/div> \n\t\t\t\n\t\t\t\t<div id=\"ngg-image-12\" class=\"ngg-gallery-thumbnail-box \n\t\t\t\t\t\t\t\t\t\t\t\" \n\t\t\t>\n\t\t\t\t\t\t<div class=\"ngg-gallery-thumbnail\">\n\t\t\t<a href=\"https:\/\/dev.jazzweltfestival.ch\/wp-content\/gallery\/jwf18\/30COC1.JPG\"\n\t\t\t\ttitle=\"\"\n\t\t\t\tdata-src=\"https:\/\/dev.jazzweltfestival.ch\/wp-content\/gallery\/jwf18\/30COC1.JPG\"\n\t\t\t\tdata-thumbnail=\"https:\/\/dev.jazzweltfestival.ch\/wp-content\/gallery\/jwf18\/thumbs\/thumbs_30COC1.JPG\"\n\t\t\t\tdata-image-id=\"181\"\n\t\t\t\tdata-title=\"30COC1\"\n\t\t\t\tdata-description=\"\"\n\t\t\t\tdata-image-slug=\"30coc1\"\n\t\t\t\trel=\"lightbox\">\n\t\t\t\t<img\n\t\t\t\t\ttitle=\"30COC1\"\n\t\t\t\t\talt=\"30COC1\"\n\t\t\t\t\tsrc=\"https:\/\/dev.jazzweltfestival.ch\/wp-content\/gallery\/jwf18\/cache\/30COC1.JPG-nggid03181-ngg0dyn-170x110x100-00f0w010c011r110f110r010t010.JPG\"\n\t\t\t\t\twidth=\"170\"\n\t\t\t\t\theight=\"110\"\n\t\t\t\t\tstyle=\"max-width:100%;\"\n\t\t\t\t\/>\n\t\t\t<\/a>\n\t\t<\/div>\n\t\t\t\t\t\t\t<\/div> \n\t\t\t\n\t\t\t\t<div id=\"ngg-image-13\" class=\"ngg-gallery-thumbnail-box \n\t\t\t\t\t\t\t\t\t\t\t\" \n\t\t\t>\n\t\t\t\t\t\t<div class=\"ngg-gallery-thumbnail\">\n\t\t\t<a href=\"https:\/\/dev.jazzweltfestival.ch\/wp-content\/gallery\/jwf18\/31aCOC2.JPG\"\n\t\t\t\ttitle=\"\"\n\t\t\t\tdata-src=\"https:\/\/dev.jazzweltfestival.ch\/wp-content\/gallery\/jwf18\/31aCOC2.JPG\"\n\t\t\t\tdata-thumbnail=\"https:\/\/dev.jazzweltfestival.ch\/wp-content\/gallery\/jwf18\/thumbs\/thumbs_31aCOC2.JPG\"\n\t\t\t\tdata-image-id=\"182\"\n\t\t\t\tdata-title=\"31aCOC2\"\n\t\t\t\tdata-description=\"\"\n\t\t\t\tdata-image-slug=\"31acoc2\"\n\t\t\t\trel=\"lightbox\">\n\t\t\t\t<img\n\t\t\t\t\ttitle=\"31aCOC2\"\n\t\t\t\t\talt=\"31aCOC2\"\n\t\t\t\t\tsrc=\"https:\/\/dev.jazzweltfestival.ch\/wp-content\/gallery\/jwf18\/cache\/31aCOC2.JPG-nggid03182-ngg0dyn-170x110x100-00f0w010c011r110f110r010t010.JPG\"\n\t\t\t\t\twidth=\"170\"\n\t\t\t\t\theight=\"110\"\n\t\t\t\t\tstyle=\"max-width:100%;\"\n\t\t\t\t\/>\n\t\t\t<\/a>\n\t\t<\/div>\n\t\t\t\t\t\t\t<\/div> \n\t\t\t\n\t\t\t\t<div id=\"ngg-image-14\" class=\"ngg-gallery-thumbnail-box \n\t\t\t\t\t\t\t\t\t\t\t\" \n\t\t\t>\n\t\t\t\t\t\t<div class=\"ngg-gallery-thumbnail\">\n\t\t\t<a href=\"https:\/\/dev.jazzweltfestival.ch\/wp-content\/gallery\/jwf18\/31bAmb1.JPG\"\n\t\t\t\ttitle=\"\"\n\t\t\t\tdata-src=\"https:\/\/dev.jazzweltfestival.ch\/wp-content\/gallery\/jwf18\/31bAmb1.JPG\"\n\t\t\t\tdata-thumbnail=\"https:\/\/dev.jazzweltfestival.ch\/wp-content\/gallery\/jwf18\/thumbs\/thumbs_31bAmb1.JPG\"\n\t\t\t\tdata-image-id=\"183\"\n\t\t\t\tdata-title=\"31bAmb1\"\n\t\t\t\tdata-description=\"\"\n\t\t\t\tdata-image-slug=\"31bamb1\"\n\t\t\t\trel=\"lightbox\">\n\t\t\t\t<img\n\t\t\t\t\ttitle=\"31bAmb1\"\n\t\t\t\t\talt=\"31bAmb1\"\n\t\t\t\t\tsrc=\"https:\/\/dev.jazzweltfestival.ch\/wp-content\/gallery\/jwf18\/cache\/31bAmb1.JPG-nggid03183-ngg0dyn-170x110x100-00f0w010c011r110f110r010t010.JPG\"\n\t\t\t\t\twidth=\"170\"\n\t\t\t\t\theight=\"110\"\n\t\t\t\t\tstyle=\"max-width:100%;\"\n\t\t\t\t\/>\n\t\t\t<\/a>\n\t\t<\/div>\n\t\t\t\t\t\t\t<\/div> \n\t\t\t\n\t\t\t\t<div id=\"ngg-image-15\" class=\"ngg-gallery-thumbnail-box \n\t\t\t\t\t\t\t\t\t\t\t\" \n\t\t\t>\n\t\t\t\t\t\t<div class=\"ngg-gallery-thumbnail\">\n\t\t\t<a href=\"https:\/\/dev.jazzweltfestival.ch\/wp-content\/gallery\/jwf18\/31cStaff1.JPG\"\n\t\t\t\ttitle=\"\"\n\t\t\t\tdata-src=\"https:\/\/dev.jazzweltfestival.ch\/wp-content\/gallery\/jwf18\/31cStaff1.JPG\"\n\t\t\t\tdata-thumbnail=\"https:\/\/dev.jazzweltfestival.ch\/wp-content\/gallery\/jwf18\/thumbs\/thumbs_31cStaff1.JPG\"\n\t\t\t\tdata-image-id=\"184\"\n\t\t\t\tdata-title=\"31cStaff1\"\n\t\t\t\tdata-description=\"\"\n\t\t\t\tdata-image-slug=\"31cstaff1\"\n\t\t\t\trel=\"lightbox\">\n\t\t\t\t<img\n\t\t\t\t\ttitle=\"31cStaff1\"\n\t\t\t\t\talt=\"31cStaff1\"\n\t\t\t\t\tsrc=\"https:\/\/dev.jazzweltfestival.ch\/wp-content\/gallery\/jwf18\/cache\/31cStaff1.JPG-nggid03184-ngg0dyn-170x110x100-00f0w010c011r110f110r010t010.JPG\"\n\t\t\t\t\twidth=\"170\"\n\t\t\t\t\theight=\"110\"\n\t\t\t\t\tstyle=\"max-width:100%;\"\n\t\t\t\t\/>\n\t\t\t<\/a>\n\t\t<\/div>\n\t\t\t\t\t\t\t<\/div> \n\t\t\t\n\t\t\t\t<div id=\"ngg-image-16\" class=\"ngg-gallery-thumbnail-box \n\t\t\t\t\t\t\t\t\t\t\t\" \n\t\t\t>\n\t\t\t\t\t\t<div class=\"ngg-gallery-thumbnail\">\n\t\t\t<a href=\"https:\/\/dev.jazzweltfestival.ch\/wp-content\/gallery\/jwf18\/32Be1.JPG\"\n\t\t\t\ttitle=\"\"\n\t\t\t\tdata-src=\"https:\/\/dev.jazzweltfestival.ch\/wp-content\/gallery\/jwf18\/32Be1.JPG\"\n\t\t\t\tdata-thumbnail=\"https:\/\/dev.jazzweltfestival.ch\/wp-content\/gallery\/jwf18\/thumbs\/thumbs_32Be1.JPG\"\n\t\t\t\tdata-image-id=\"185\"\n\t\t\t\tdata-title=\"32Be1\"\n\t\t\t\tdata-description=\"\"\n\t\t\t\tdata-image-slug=\"32be1\"\n\t\t\t\trel=\"lightbox\">\n\t\t\t\t<img\n\t\t\t\t\ttitle=\"32Be1\"\n\t\t\t\t\talt=\"32Be1\"\n\t\t\t\t\tsrc=\"https:\/\/dev.jazzweltfestival.ch\/wp-content\/gallery\/jwf18\/cache\/32Be1.JPG-nggid03185-ngg0dyn-170x110x100-00f0w010c011r110f110r010t010.JPG\"\n\t\t\t\t\twidth=\"170\"\n\t\t\t\t\theight=\"110\"\n\t\t\t\t\tstyle=\"max-width:100%;\"\n\t\t\t\t\/>\n\t\t\t<\/a>\n\t\t<\/div>\n\t\t\t\t\t\t\t<\/div> \n\t\t\t\n\t\t\t\t<div id=\"ngg-image-17\" class=\"ngg-gallery-thumbnail-box \n\t\t\t\t\t\t\t\t\t\t\t\" \n\t\t\t>\n\t\t\t\t\t\t<div class=\"ngg-gallery-thumbnail\">\n\t\t\t<a href=\"https:\/\/dev.jazzweltfestival.ch\/wp-content\/gallery\/jwf18\/33Ben2.JPG\"\n\t\t\t\ttitle=\"\"\n\t\t\t\tdata-src=\"https:\/\/dev.jazzweltfestival.ch\/wp-content\/gallery\/jwf18\/33Ben2.JPG\"\n\t\t\t\tdata-thumbnail=\"https:\/\/dev.jazzweltfestival.ch\/wp-content\/gallery\/jwf18\/thumbs\/thumbs_33Ben2.JPG\"\n\t\t\t\tdata-image-id=\"186\"\n\t\t\t\tdata-title=\"33Ben2\"\n\t\t\t\tdata-description=\"\"\n\t\t\t\tdata-image-slug=\"33ben2\"\n\t\t\t\trel=\"lightbox\">\n\t\t\t\t<img\n\t\t\t\t\ttitle=\"33Ben2\"\n\t\t\t\t\talt=\"33Ben2\"\n\t\t\t\t\tsrc=\"https:\/\/dev.jazzweltfestival.ch\/wp-content\/gallery\/jwf18\/cache\/33Ben2.JPG-nggid03186-ngg0dyn-170x110x100-00f0w010c011r110f110r010t010.JPG\"\n\t\t\t\t\twidth=\"170\"\n\t\t\t\t\theight=\"110\"\n\t\t\t\t\tstyle=\"max-width:100%;\"\n\t\t\t\t\/>\n\t\t\t<\/a>\n\t\t<\/div>\n\t\t\t\t\t\t\t<\/div> \n\t\t\t\n\t\t\t\t<div id=\"ngg-image-18\" class=\"ngg-gallery-thumbnail-box \n\t\t\t\t\t\t\t\t\t\t\t\" \n\t\t\t>\n\t\t\t\t\t\t<div class=\"ngg-gallery-thumbnail\">\n\t\t\t<a href=\"https:\/\/dev.jazzweltfestival.ch\/wp-content\/gallery\/jwf18\/34Ben3.JPG\"\n\t\t\t\ttitle=\"\"\n\t\t\t\tdata-src=\"https:\/\/dev.jazzweltfestival.ch\/wp-content\/gallery\/jwf18\/34Ben3.JPG\"\n\t\t\t\tdata-thumbnail=\"https:\/\/dev.jazzweltfestival.ch\/wp-content\/gallery\/jwf18\/thumbs\/thumbs_34Ben3.JPG\"\n\t\t\t\tdata-image-id=\"187\"\n\t\t\t\tdata-title=\"34Ben3\"\n\t\t\t\tdata-description=\"\"\n\t\t\t\tdata-image-slug=\"34ben3\"\n\t\t\t\trel=\"lightbox\">\n\t\t\t\t<img\n\t\t\t\t\ttitle=\"34Ben3\"\n\t\t\t\t\talt=\"34Ben3\"\n\t\t\t\t\tsrc=\"https:\/\/dev.jazzweltfestival.ch\/wp-content\/gallery\/jwf18\/cache\/34Ben3.JPG-nggid03187-ngg0dyn-170x110x100-00f0w010c011r110f110r010t010.JPG\"\n\t\t\t\t\twidth=\"170\"\n\t\t\t\t\theight=\"110\"\n\t\t\t\t\tstyle=\"max-width:100%;\"\n\t\t\t\t\/>\n\t\t\t<\/a>\n\t\t<\/div>\n\t\t\t\t\t\t\t<\/div> \n\t\t\t\n\t\t\t\t<div id=\"ngg-image-19\" class=\"ngg-gallery-thumbnail-box \n\t\t\t\t\t\t\t\t\t\t\t\" \n\t\t\t>\n\t\t\t\t\t\t<div class=\"ngg-gallery-thumbnail\">\n\t\t\t<a href=\"https:\/\/dev.jazzweltfestival.ch\/wp-content\/gallery\/jwf18\/35aStaff2.JPG\"\n\t\t\t\ttitle=\"\"\n\t\t\t\tdata-src=\"https:\/\/dev.jazzweltfestival.ch\/wp-content\/gallery\/jwf18\/35aStaff2.JPG\"\n\t\t\t\tdata-thumbnail=\"https:\/\/dev.jazzweltfestival.ch\/wp-content\/gallery\/jwf18\/thumbs\/thumbs_35aStaff2.JPG\"\n\t\t\t\tdata-image-id=\"188\"\n\t\t\t\tdata-title=\"35aStaff2\"\n\t\t\t\tdata-description=\"\"\n\t\t\t\tdata-image-slug=\"35astaff2\"\n\t\t\t\trel=\"lightbox\">\n\t\t\t\t<img\n\t\t\t\t\ttitle=\"35aStaff2\"\n\t\t\t\t\talt=\"35aStaff2\"\n\t\t\t\t\tsrc=\"https:\/\/dev.jazzweltfestival.ch\/wp-content\/gallery\/jwf18\/cache\/35aStaff2.JPG-nggid03188-ngg0dyn-170x110x100-00f0w010c011r110f110r010t010.JPG\"\n\t\t\t\t\twidth=\"170\"\n\t\t\t\t\theight=\"110\"\n\t\t\t\t\tstyle=\"max-width:100%;\"\n\t\t\t\t\/>\n\t\t\t<\/a>\n\t\t<\/div>\n\t\t\t\t\t\t\t<\/div> \n\t\t\t\n\t\t\t\t<div id=\"ngg-image-20\" class=\"ngg-gallery-thumbnail-box \n\t\t\t\t\t\t\t\t\t\t\t\" \n\t\t\t>\n\t\t\t\t\t\t<div class=\"ngg-gallery-thumbnail\">\n\t\t\t<a href=\"https:\/\/dev.jazzweltfestival.ch\/wp-content\/gallery\/jwf18\/35bWS0.JPG\"\n\t\t\t\ttitle=\"\"\n\t\t\t\tdata-src=\"https:\/\/dev.jazzweltfestival.ch\/wp-content\/gallery\/jwf18\/35bWS0.JPG\"\n\t\t\t\tdata-thumbnail=\"https:\/\/dev.jazzweltfestival.ch\/wp-content\/gallery\/jwf18\/thumbs\/thumbs_35bWS0.JPG\"\n\t\t\t\tdata-image-id=\"189\"\n\t\t\t\tdata-title=\"35bWS0\"\n\t\t\t\tdata-description=\"\"\n\t\t\t\tdata-image-slug=\"35bws0\"\n\t\t\t\trel=\"lightbox\">\n\t\t\t\t<img\n\t\t\t\t\ttitle=\"35bWS0\"\n\t\t\t\t\talt=\"35bWS0\"\n\t\t\t\t\tsrc=\"https:\/\/dev.jazzweltfestival.ch\/wp-content\/gallery\/jwf18\/cache\/35bWS0.JPG-nggid03189-ngg0dyn-170x110x100-00f0w010c011r110f110r010t010.JPG\"\n\t\t\t\t\twidth=\"170\"\n\t\t\t\t\theight=\"110\"\n\t\t\t\t\tstyle=\"max-width:100%;\"\n\t\t\t\t\/>\n\t\t\t<\/a>\n\t\t<\/div>\n\t\t\t\t\t\t\t<\/div> \n\t\t\t\n\t\t\t\t<div id=\"ngg-image-21\" class=\"ngg-gallery-thumbnail-box \n\t\t\t\t\t\t\t\t\t\t\t\" \n\t\t\t>\n\t\t\t\t\t\t<div class=\"ngg-gallery-thumbnail\">\n\t\t\t<a href=\"https:\/\/dev.jazzweltfestival.ch\/wp-content\/gallery\/jwf18\/36WS1.JPG\"\n\t\t\t\ttitle=\"\"\n\t\t\t\tdata-src=\"https:\/\/dev.jazzweltfestival.ch\/wp-content\/gallery\/jwf18\/36WS1.JPG\"\n\t\t\t\tdata-thumbnail=\"https:\/\/dev.jazzweltfestival.ch\/wp-content\/gallery\/jwf18\/thumbs\/thumbs_36WS1.JPG\"\n\t\t\t\tdata-image-id=\"190\"\n\t\t\t\tdata-title=\"36WS1\"\n\t\t\t\tdata-description=\"\"\n\t\t\t\tdata-image-slug=\"36ws1\"\n\t\t\t\trel=\"lightbox\">\n\t\t\t\t<img\n\t\t\t\t\ttitle=\"36WS1\"\n\t\t\t\t\talt=\"36WS1\"\n\t\t\t\t\tsrc=\"https:\/\/dev.jazzweltfestival.ch\/wp-content\/gallery\/jwf18\/cache\/36WS1.JPG-nggid03190-ngg0dyn-170x110x100-00f0w010c011r110f110r010t010.JPG\"\n\t\t\t\t\twidth=\"170\"\n\t\t\t\t\theight=\"110\"\n\t\t\t\t\tstyle=\"max-width:100%;\"\n\t\t\t\t\/>\n\t\t\t<\/a>\n\t\t<\/div>\n\t\t\t\t\t\t\t<\/div> \n\t\t\t\n\t\t\t\t<div id=\"ngg-image-22\" class=\"ngg-gallery-thumbnail-box \n\t\t\t\t\t\t\t\t\t\t\t\" \n\t\t\t>\n\t\t\t\t\t\t<div class=\"ngg-gallery-thumbnail\">\n\t\t\t<a href=\"https:\/\/dev.jazzweltfestival.ch\/wp-content\/gallery\/jwf18\/37WS2.JPG\"\n\t\t\t\ttitle=\"\"\n\t\t\t\tdata-src=\"https:\/\/dev.jazzweltfestival.ch\/wp-content\/gallery\/jwf18\/37WS2.JPG\"\n\t\t\t\tdata-thumbnail=\"https:\/\/dev.jazzweltfestival.ch\/wp-content\/gallery\/jwf18\/thumbs\/thumbs_37WS2.JPG\"\n\t\t\t\tdata-image-id=\"191\"\n\t\t\t\tdata-title=\"37WS2\"\n\t\t\t\tdata-description=\"\"\n\t\t\t\tdata-image-slug=\"37ws2\"\n\t\t\t\trel=\"lightbox\">\n\t\t\t\t<img\n\t\t\t\t\ttitle=\"37WS2\"\n\t\t\t\t\talt=\"37WS2\"\n\t\t\t\t\tsrc=\"https:\/\/dev.jazzweltfestival.ch\/wp-content\/gallery\/jwf18\/cache\/37WS2.JPG-nggid03191-ngg0dyn-170x110x100-00f0w010c011r110f110r010t010.JPG\"\n\t\t\t\t\twidth=\"170\"\n\t\t\t\t\theight=\"110\"\n\t\t\t\t\tstyle=\"max-width:100%;\"\n\t\t\t\t\/>\n\t\t\t<\/a>\n\t\t<\/div>\n\t\t\t\t\t\t\t<\/div> \n\t\t\t\n\t\t\t\t<div id=\"ngg-image-23\" class=\"ngg-gallery-thumbnail-box \n\t\t\t\t\t\t\t\t\t\t\t\" \n\t\t\t>\n\t\t\t\t\t\t<div class=\"ngg-gallery-thumbnail\">\n\t\t\t<a href=\"https:\/\/dev.jazzweltfestival.ch\/wp-content\/gallery\/jwf18\/38WS3.JPG\"\n\t\t\t\ttitle=\"\"\n\t\t\t\tdata-src=\"https:\/\/dev.jazzweltfestival.ch\/wp-content\/gallery\/jwf18\/38WS3.JPG\"\n\t\t\t\tdata-thumbnail=\"https:\/\/dev.jazzweltfestival.ch\/wp-content\/gallery\/jwf18\/thumbs\/thumbs_38WS3.JPG\"\n\t\t\t\tdata-image-id=\"192\"\n\t\t\t\tdata-title=\"38WS3\"\n\t\t\t\tdata-description=\"\"\n\t\t\t\tdata-image-slug=\"38ws3\"\n\t\t\t\trel=\"lightbox\">\n\t\t\t\t<img\n\t\t\t\t\ttitle=\"38WS3\"\n\t\t\t\t\talt=\"38WS3\"\n\t\t\t\t\tsrc=\"https:\/\/dev.jazzweltfestival.ch\/wp-content\/gallery\/jwf18\/cache\/38WS3.JPG-nggid03192-ngg0dyn-170x110x100-00f0w010c011r110f110r010t010.JPG\"\n\t\t\t\t\twidth=\"170\"\n\t\t\t\t\theight=\"110\"\n\t\t\t\t\tstyle=\"max-width:100%;\"\n\t\t\t\t\/>\n\t\t\t<\/a>\n\t\t<\/div>\n\t\t\t\t\t\t\t<\/div> \n\t\t\t\n\t\t\t\t<div id=\"ngg-image-24\" class=\"ngg-gallery-thumbnail-box \n\t\t\t\t\t\t\t\t\t\t\t\" \n\t\t\t>\n\t\t\t\t\t\t<div class=\"ngg-gallery-thumbnail\">\n\t\t\t<a href=\"https:\/\/dev.jazzweltfestival.ch\/wp-content\/gallery\/jwf18\/39Pay1.JPG\"\n\t\t\t\ttitle=\"\"\n\t\t\t\tdata-src=\"https:\/\/dev.jazzweltfestival.ch\/wp-content\/gallery\/jwf18\/39Pay1.JPG\"\n\t\t\t\tdata-thumbnail=\"https:\/\/dev.jazzweltfestival.ch\/wp-content\/gallery\/jwf18\/thumbs\/thumbs_39Pay1.JPG\"\n\t\t\t\tdata-image-id=\"193\"\n\t\t\t\tdata-title=\"39Pay1\"\n\t\t\t\tdata-description=\"\"\n\t\t\t\tdata-image-slug=\"39pay1\"\n\t\t\t\trel=\"lightbox\">\n\t\t\t\t<img\n\t\t\t\t\ttitle=\"39Pay1\"\n\t\t\t\t\talt=\"39Pay1\"\n\t\t\t\t\tsrc=\"https:\/\/dev.jazzweltfestival.ch\/wp-content\/gallery\/jwf18\/cache\/39Pay1.JPG-nggid03193-ngg0dyn-170x110x100-00f0w010c011r110f110r010t010.JPG\"\n\t\t\t\t\twidth=\"170\"\n\t\t\t\t\theight=\"110\"\n\t\t\t\t\tstyle=\"max-width:100%;\"\n\t\t\t\t\/>\n\t\t\t<\/a>\n\t\t<\/div>\n\t\t\t\t\t\t\t<\/div> \n\t\t\t\n\t\t\t\t<div id=\"ngg-image-25\" class=\"ngg-gallery-thumbnail-box \n\t\t\t\t\t\t\t\t\t\t\t\" \n\t\t\t>\n\t\t\t\t\t\t<div class=\"ngg-gallery-thumbnail\">\n\t\t\t<a href=\"https:\/\/dev.jazzweltfestival.ch\/wp-content\/gallery\/jwf18\/40aPay2.JPG\"\n\t\t\t\ttitle=\"\"\n\t\t\t\tdata-src=\"https:\/\/dev.jazzweltfestival.ch\/wp-content\/gallery\/jwf18\/40aPay2.JPG\"\n\t\t\t\tdata-thumbnail=\"https:\/\/dev.jazzweltfestival.ch\/wp-content\/gallery\/jwf18\/thumbs\/thumbs_40aPay2.JPG\"\n\t\t\t\tdata-image-id=\"194\"\n\t\t\t\tdata-title=\"40aPay2\"\n\t\t\t\tdata-description=\"\"\n\t\t\t\tdata-image-slug=\"40apay2\"\n\t\t\t\trel=\"lightbox\">\n\t\t\t\t<img\n\t\t\t\t\ttitle=\"40aPay2\"\n\t\t\t\t\talt=\"40aPay2\"\n\t\t\t\t\tsrc=\"https:\/\/dev.jazzweltfestival.ch\/wp-content\/gallery\/jwf18\/cache\/40aPay2.JPG-nggid03194-ngg0dyn-170x110x100-00f0w010c011r110f110r010t010.JPG\"\n\t\t\t\t\twidth=\"170\"\n\t\t\t\t\theight=\"110\"\n\t\t\t\t\tstyle=\"max-width:100%;\"\n\t\t\t\t\/>\n\t\t\t<\/a>\n\t\t<\/div>\n\t\t\t\t\t\t\t<\/div> \n\t\t\t\n\t\t\t\t<div id=\"ngg-image-26\" class=\"ngg-gallery-thumbnail-box \n\t\t\t\t\t\t\t\t\t\t\t\" \n\t\t\t>\n\t\t\t\t\t\t<div class=\"ngg-gallery-thumbnail\">\n\t\t\t<a href=\"https:\/\/dev.jazzweltfestival.ch\/wp-content\/gallery\/jwf18\/40bAmb3.JPG\"\n\t\t\t\ttitle=\"\"\n\t\t\t\tdata-src=\"https:\/\/dev.jazzweltfestival.ch\/wp-content\/gallery\/jwf18\/40bAmb3.JPG\"\n\t\t\t\tdata-thumbnail=\"https:\/\/dev.jazzweltfestival.ch\/wp-content\/gallery\/jwf18\/thumbs\/thumbs_40bAmb3.JPG\"\n\t\t\t\tdata-image-id=\"195\"\n\t\t\t\tdata-title=\"40bAmb3\"\n\t\t\t\tdata-description=\"\"\n\t\t\t\tdata-image-slug=\"40bamb3\"\n\t\t\t\trel=\"lightbox\">\n\t\t\t\t<img\n\t\t\t\t\ttitle=\"40bAmb3\"\n\t\t\t\t\talt=\"40bAmb3\"\n\t\t\t\t\tsrc=\"https:\/\/dev.jazzweltfestival.ch\/wp-content\/gallery\/jwf18\/cache\/40bAmb3.JPG-nggid03195-ngg0dyn-170x110x100-00f0w010c011r110f110r010t010.JPG\"\n\t\t\t\t\twidth=\"170\"\n\t\t\t\t\theight=\"110\"\n\t\t\t\t\tstyle=\"max-width:100%;\"\n\t\t\t\t\/>\n\t\t\t<\/a>\n\t\t<\/div>\n\t\t\t\t\t\t\t<\/div> \n\t\t\t\n\t\t\t\t<div id=\"ngg-image-27\" class=\"ngg-gallery-thumbnail-box \n\t\t\t\t\t\t\t\t\t\t\t\" \n\t\t\t>\n\t\t\t\t\t\t<div class=\"ngg-gallery-thumbnail\">\n\t\t\t<a href=\"https:\/\/dev.jazzweltfestival.ch\/wp-content\/gallery\/jwf18\/41ZeCo1.JPG\"\n\t\t\t\ttitle=\"\"\n\t\t\t\tdata-src=\"https:\/\/dev.jazzweltfestival.ch\/wp-content\/gallery\/jwf18\/41ZeCo1.JPG\"\n\t\t\t\tdata-thumbnail=\"https:\/\/dev.jazzweltfestival.ch\/wp-content\/gallery\/jwf18\/thumbs\/thumbs_41ZeCo1.JPG\"\n\t\t\t\tdata-image-id=\"196\"\n\t\t\t\tdata-title=\"41ZeCo1\"\n\t\t\t\tdata-description=\"\"\n\t\t\t\tdata-image-slug=\"41zeco1\"\n\t\t\t\trel=\"lightbox\">\n\t\t\t\t<img\n\t\t\t\t\ttitle=\"41ZeCo1\"\n\t\t\t\t\talt=\"41ZeCo1\"\n\t\t\t\t\tsrc=\"https:\/\/dev.jazzweltfestival.ch\/wp-content\/gallery\/jwf18\/cache\/41ZeCo1.JPG-nggid03196-ngg0dyn-170x110x100-00f0w010c011r110f110r010t010.JPG\"\n\t\t\t\t\twidth=\"170\"\n\t\t\t\t\theight=\"110\"\n\t\t\t\t\tstyle=\"max-width:100%;\"\n\t\t\t\t\/>\n\t\t\t<\/a>\n\t\t<\/div>\n\t\t\t\t\t\t\t<\/div> \n\t\t\t\n\t\t\t\t<div id=\"ngg-image-28\" class=\"ngg-gallery-thumbnail-box \n\t\t\t\t\t\t\t\t\t\t\t\" \n\t\t\t>\n\t\t\t\t\t\t<div class=\"ngg-gallery-thumbnail\">\n\t\t\t<a href=\"https:\/\/dev.jazzweltfestival.ch\/wp-content\/gallery\/jwf18\/42ZeCo2.JPG\"\n\t\t\t\ttitle=\"\"\n\t\t\t\tdata-src=\"https:\/\/dev.jazzweltfestival.ch\/wp-content\/gallery\/jwf18\/42ZeCo2.JPG\"\n\t\t\t\tdata-thumbnail=\"https:\/\/dev.jazzweltfestival.ch\/wp-content\/gallery\/jwf18\/thumbs\/thumbs_42ZeCo2.JPG\"\n\t\t\t\tdata-image-id=\"197\"\n\t\t\t\tdata-title=\"42ZeCo2\"\n\t\t\t\tdata-description=\"\"\n\t\t\t\tdata-image-slug=\"42zeco2\"\n\t\t\t\trel=\"lightbox\">\n\t\t\t\t<img\n\t\t\t\t\ttitle=\"42ZeCo2\"\n\t\t\t\t\talt=\"42ZeCo2\"\n\t\t\t\t\tsrc=\"https:\/\/dev.jazzweltfestival.ch\/wp-content\/gallery\/jwf18\/cache\/42ZeCo2.JPG-nggid03197-ngg0dyn-170x110x100-00f0w010c011r110f110r010t010.JPG\"\n\t\t\t\t\twidth=\"170\"\n\t\t\t\t\theight=\"110\"\n\t\t\t\t\tstyle=\"max-width:100%;\"\n\t\t\t\t\/>\n\t\t\t<\/a>\n\t\t<\/div>\n\t\t\t\t\t\t\t<\/div> \n\t\t\t\n\t\n\t<br style=\"clear: both\" \/>\n\n\t\n\t\t<!-- Pagination -->\n\t\t<div class='ngg-clear'><\/div>\t<\/div>\n\n<h3>Feedbacks 2018<\/h3>\n<p class=\"p1\"><em>\u201eEs war einfach wunderbar, habe Stimmung und Leute sehr genossen, bekannte Gesichter besser kennen gelernt, ausgelassen getanzt zum afrikanischen Leckerbissen und vorher bin ich verzaubert worden von Nicole\u2019s atemberaubender Stimme und des Brasilianer\u2019s g\u00f6ttlichen H\u00e4nden am Klavier. F\u00fcr mich ein rundum fantastischer Abend! DANKE!\u201c<\/em><br \/>\n<em>Chiara<\/em><\/p>\n<p class=\"p1\"><em>\u201eDie Zusammenstellung der Musikrichtungen war sehr abwechslungsreich auch wenn ich nur den Samstag so richtig erlebt habe. F\u00fcr mich herausragend waren die letzten beiden Bands. Fasziniert hat mich die Stimme von Nicole Herzog und ihr vielseitiges Repertoire. Die letzte Band riss mich richtig mit, dieses afrikanische Feuerwerk brachte den ganzen Saal zum Beben. Harpes and Pipes sowie Brasil Jazz mit Ignacio waren f\u00fcr mich etwas fremde Musikstile und neue Erfahrungen. Die Postremise hat sich bei dieser k\u00fchlen, unsicheren Witterung bestens bew\u00e4hrt. Danke Felix und dem ganzen Team.\u201d&nbsp;<\/em><br \/>\n<em>Andrea<\/em><\/p>\n<p class=\"p1\"><em>\u201eJazz Welt Festival 2017 \u2026 das waren Publikum, K\u00fcnstler und Kulturen, die sich wieder leidenschaftlich und neugierig begegneten, wie damals, bei der Entstehung dieser Musik. Das musikalische Feuer hat mich schnell mitgenommen: Musiker und S\u00e4nger haben alles gegeben. Musik und Raum. Raum f\u00fcr Sch\u00f6nheit, Raum f\u00fcr Gef\u00fchle, Raum f\u00fcr Urkraft und f\u00fcr ein Urgebet. Menschen sangen, Menschen spielten, Menschen tanzten, Menschen erz\u00e4hlten Geschichten, Menschen bedankten sich\u2026 Ein kleiner, inspirierender Anlass in stimmiger Atmosph\u00e4re, der schon Tradition ist. Eine grosse gemeinsame Freude. Danke!\u201c<br \/>\n<\/em><em>Sara<\/em><\/p>\n<p class=\"p1\"><em>\u201cUnd schon ist das 12. Jazz Welt-Festival wiederum Geschichte. Und es war einmal mehr besonders in seiner Art, fast famili\u00e4r, verbindend und musikalisch \u00fcberraschend vielseitig. Der (erstmalige) Indoor-Entscheid f\u00fcr die Postremise war sicher richtig: zwar geht es so eindeutig konzertanter zu und der Kontext gestaltet sich ganz anders als auf dem Nicolai- und fr\u00fcher auf dem Pfisterplatz. Es gefiel mir vom Ambiente her besser auf dem Nicolai. Aber bei 16 Grad und so unsicherem Wetter sitze auch ich wirklich lieber drinnen. Die musikalische Vielfalt hat mir sehr gut gefallen! Speziell beeindruckt haben mich auch die beiden Celtic-Frauen \u2013 ich bewundere, dass man sich mit so viel Engagement und Empathie auf einen Musikstil einlassen und ihn so gut weiter entwickeln kann. Herzlichen Dank Felix und allen Beteiligten f\u00fcr diesen gelungenen Anlass\u201c<\/em><br \/>\n<em>Hans<\/em><\/p>\n<p class=\"p1\"><i>Bravo Felix and crew, das Welt Jazz Festival war super, fantastische Musik, super Stimmung, leckeres Essen von Mahmoud und Team \u2026 Danke allen !<\/i>&nbsp;<i>Die Postremise war ein guter Entscheid, ein sehr passendes Lokal.<\/i>&nbsp;<i>Das \u201cgrande Finale\u201d mit African Fusion war das beste, wir haben es so genossen, wieder mal richtig loszulassen mit tanzen!<\/i>&nbsp;<i>Ich freue mit auf n\u00e4chstes Jahr!\u201d<br \/>\n<\/i><i>Frances<\/i><\/p>\n<p class=\"p1\"><em>\u201eIch war ein wenig skeptisch als ich h\u00f6rte, das diesj\u00e4hrige Jazz Welt Festival w\u00fcrde in der Postremise stattfinden. Unn\u00f6tig, denn das Ambiente, die hervorragende Organisation, das sorgf\u00e4ltig zusammengestellte Programm und schliesslich die exzellenten Konzerte und Musiker waren wie jedes Jahr Top! Nur der Regen hat gefehlt!? Danke Felix &amp; crew! See ya next year!\u201d&nbsp;<\/em><br \/>\n<em>Jan<\/em><\/p>\n<p><em>\u201eKlein aber fein\u2026.darf ich das Jazz Welt Festival jedes Jahr von Neuem erleben. Es ist f\u00fcr mich immer wieder erfrischend, diesem excellent ausgesuchten Programm zu lauschen und zu geniessen. Es gibt nicht nur Jazzmusik in verschiedenen Variationen zu h\u00f6ren, sondern auch Weltmusik von einheimischen Interpreten. Und der kr\u00f6nende Abschluss ist f\u00fcr mich immer wieder das \u201efegige\u201c Schlusskonzert, das Jung und Alt das Tanzbein schwingen l\u00e4sst. Kann ich w\u00e4rmstens empfehlen.\u201c<br \/>\n<\/em><em>Christine<\/em><\/p>\n<p class=\"p1\"><em>\u201eIch hatte leider dieses Jahr nur f\u00fcr ein Konzert Zeit. Ich hab Peter T\u00f6nz\u2019s Saitenschlag ausgew\u00e4hlt, erstens weil ich Peter seit Jahren als Kollegen und Kompetenten Musiker kenne, zweitens: weil mir die Musik von Frank Zappa sehr gut gef\u00e4llt und drittens aber sicher nicht letztens; weil mir das Jazz Welt Festival seit Jahren sympatisch ist und ich immer wieder sehr gute Konzerte da geniessen konnte. Dieses Jahr ein bisschen vom Wettergott beeintr\u00e4chtigt. F\u00fcr das Konzert das ich ausgelesen hatte war die Lokatlit\u00e4t in der Postremise ideal. Der Sound war excellent, das Publikum h\u00f6rte aufmerksam zu , was mehr einer Konzertathmosph\u00e4re als einem Festival glich. Kurzum ich habs genossen. Ich freu mich schon auf das n\u00e4chste.\u201c&nbsp;<\/em><br \/>\n<em>Ernst<\/em><\/p>\n<p class=\"p1\"><em>\u201eFelix R\u00fcedi mit seinem Jazz Welt Festival ist der beste Beweis daf\u00fcr, dass Musik alle Nationen verbindet. Dass Musik und Rhythmik mit allen Menschen das gleiche macht: wir kommen in Bewegung. Innerlich wie \u00e4usserlich. Und dass wir durch ber\u00fchrende Kl\u00e4nge und Texte im Musikrausch schwelgen k\u00f6nnen. Danke Felix, du bist ein sympatischer und aufmerksamer Gastgeber, der weiss, was es braucht um sch\u00f6ne musikalische und kulinarische Stunden zu geniessen.\u201c&nbsp;<\/em><br \/>\n<em>Karin<\/em><\/p>\n<h3>Impressionen 2017 &#8211; 2006<\/h3>\n<p><!-- default-view.php -->\n<div\n\tclass=\"ngg-galleryoverview default-view \n\t ngg-ajax-pagination-none\t\"\n\tid=\"ngg-gallery-98fe2dd311118e8529e9b2efab5a025b-1\">\n\n\t\t<!-- Thumbnails -->\n\t\t\t\t<div id=\"ngg-image-0\" class=\"ngg-gallery-thumbnail-box \n\t\t\t\t\t\t\t\t\t\t\t\" \n\t\t\t>\n\t\t\t\t\t\t<div class=\"ngg-gallery-thumbnail\">\n\t\t\t<a href=\"https:\/\/dev.jazzweltfestival.ch\/wp-content\/gallery\/impressionen\/SAX.jpg\"\n\t\t\t\ttitle=\"\"\n\t\t\t\tdata-src=\"https:\/\/dev.jazzweltfestival.ch\/wp-content\/gallery\/impressionen\/SAX.jpg\"\n\t\t\t\tdata-thumbnail=\"https:\/\/dev.jazzweltfestival.ch\/wp-content\/gallery\/impressionen\/thumbs\/thumbs_SAX.jpg\"\n\t\t\t\tdata-image-id=\"159\"\n\t\t\t\tdata-title=\"SAX\"\n\t\t\t\tdata-description=\"\"\n\t\t\t\tdata-image-slug=\"sax\"\n\t\t\t\trel=\"lightbox\">\n\t\t\t\t<img\n\t\t\t\t\ttitle=\"SAX\"\n\t\t\t\t\talt=\"SAX\"\n\t\t\t\t\tsrc=\"https:\/\/dev.jazzweltfestival.ch\/wp-content\/gallery\/impressionen\/cache\/SAX.jpg-nggid03159-ngg0dyn-170x110x100-00f0w010c011r110f110r010t010.jpg\"\n\t\t\t\t\twidth=\"170\"\n\t\t\t\t\theight=\"110\"\n\t\t\t\t\tstyle=\"max-width:100%;\"\n\t\t\t\t\/>\n\t\t\t<\/a>\n\t\t<\/div>\n\t\t\t\t\t\t\t<\/div> \n\t\t\t\n\t\t\t\t<div id=\"ngg-image-1\" class=\"ngg-gallery-thumbnail-box \n\t\t\t\t\t\t\t\t\t\t\t\" \n\t\t\t>\n\t\t\t\t\t\t<div class=\"ngg-gallery-thumbnail\">\n\t\t\t<a href=\"https:\/\/dev.jazzweltfestival.ch\/wp-content\/gallery\/impressionen\/SAI.jpg\"\n\t\t\t\ttitle=\"\"\n\t\t\t\tdata-src=\"https:\/\/dev.jazzweltfestival.ch\/wp-content\/gallery\/impressionen\/SAI.jpg\"\n\t\t\t\tdata-thumbnail=\"https:\/\/dev.jazzweltfestival.ch\/wp-content\/gallery\/impressionen\/thumbs\/thumbs_SAI.jpg\"\n\t\t\t\tdata-image-id=\"158\"\n\t\t\t\tdata-title=\"SAI\"\n\t\t\t\tdata-description=\"\"\n\t\t\t\tdata-image-slug=\"sai\"\n\t\t\t\trel=\"lightbox\">\n\t\t\t\t<img\n\t\t\t\t\ttitle=\"SAI\"\n\t\t\t\t\talt=\"SAI\"\n\t\t\t\t\tsrc=\"https:\/\/dev.jazzweltfestival.ch\/wp-content\/gallery\/impressionen\/cache\/SAI.jpg-nggid03158-ngg0dyn-170x110x100-00f0w010c011r110f110r010t010.jpg\"\n\t\t\t\t\twidth=\"170\"\n\t\t\t\t\theight=\"110\"\n\t\t\t\t\tstyle=\"max-width:100%;\"\n\t\t\t\t\/>\n\t\t\t<\/a>\n\t\t<\/div>\n\t\t\t\t\t\t\t<\/div> \n\t\t\t\n\t\t\t\t<div id=\"ngg-image-2\" class=\"ngg-gallery-thumbnail-box \n\t\t\t\t\t\t\t\t\t\t\t\" \n\t\t\t>\n\t\t\t\t\t\t<div class=\"ngg-gallery-thumbnail\">\n\t\t\t<a href=\"https:\/\/dev.jazzweltfestival.ch\/wp-content\/gallery\/impressionen\/OFF.JPG\"\n\t\t\t\ttitle=\"\"\n\t\t\t\tdata-src=\"https:\/\/dev.jazzweltfestival.ch\/wp-content\/gallery\/impressionen\/OFF.JPG\"\n\t\t\t\tdata-thumbnail=\"https:\/\/dev.jazzweltfestival.ch\/wp-content\/gallery\/impressionen\/thumbs\/thumbs_OFF.JPG\"\n\t\t\t\tdata-image-id=\"157\"\n\t\t\t\tdata-title=\"OFF\"\n\t\t\t\tdata-description=\"\"\n\t\t\t\tdata-image-slug=\"off\"\n\t\t\t\trel=\"lightbox\">\n\t\t\t\t<img\n\t\t\t\t\ttitle=\"OFF\"\n\t\t\t\t\talt=\"OFF\"\n\t\t\t\t\tsrc=\"https:\/\/dev.jazzweltfestival.ch\/wp-content\/gallery\/impressionen\/cache\/OFF.JPG-nggid03157-ngg0dyn-170x110x100-00f0w010c011r110f110r010t010.JPG\"\n\t\t\t\t\twidth=\"170\"\n\t\t\t\t\theight=\"110\"\n\t\t\t\t\tstyle=\"max-width:100%;\"\n\t\t\t\t\/>\n\t\t\t<\/a>\n\t\t<\/div>\n\t\t\t\t\t\t\t<\/div> \n\t\t\t\n\t\t\t\t<div id=\"ngg-image-3\" class=\"ngg-gallery-thumbnail-box \n\t\t\t\t\t\t\t\t\t\t\t\" \n\t\t\t>\n\t\t\t\t\t\t<div class=\"ngg-gallery-thumbnail\">\n\t\t\t<a href=\"https:\/\/dev.jazzweltfestival.ch\/wp-content\/gallery\/impressionen\/CLA.JPG\"\n\t\t\t\ttitle=\"\"\n\t\t\t\tdata-src=\"https:\/\/dev.jazzweltfestival.ch\/wp-content\/gallery\/impressionen\/CLA.JPG\"\n\t\t\t\tdata-thumbnail=\"https:\/\/dev.jazzweltfestival.ch\/wp-content\/gallery\/impressionen\/thumbs\/thumbs_CLA.JPG\"\n\t\t\t\tdata-image-id=\"147\"\n\t\t\t\tdata-title=\"CLA\"\n\t\t\t\tdata-description=\"\"\n\t\t\t\tdata-image-slug=\"cla\"\n\t\t\t\trel=\"lightbox\">\n\t\t\t\t<img\n\t\t\t\t\ttitle=\"CLA\"\n\t\t\t\t\talt=\"CLA\"\n\t\t\t\t\tsrc=\"https:\/\/dev.jazzweltfestival.ch\/wp-content\/gallery\/impressionen\/cache\/CLA.JPG-nggid03147-ngg0dyn-170x110x100-00f0w010c011r110f110r010t010.JPG\"\n\t\t\t\t\twidth=\"170\"\n\t\t\t\t\theight=\"110\"\n\t\t\t\t\tstyle=\"max-width:100%;\"\n\t\t\t\t\/>\n\t\t\t<\/a>\n\t\t<\/div>\n\t\t\t\t\t\t\t<\/div> \n\t\t\t\n\t\t\t\t<div id=\"ngg-image-4\" class=\"ngg-gallery-thumbnail-box \n\t\t\t\t\t\t\t\t\t\t\t\" \n\t\t\t>\n\t\t\t\t\t\t<div class=\"ngg-gallery-thumbnail\">\n\t\t\t<a href=\"https:\/\/dev.jazzweltfestival.ch\/wp-content\/gallery\/impressionen\/KOU.JPG\"\n\t\t\t\ttitle=\"\"\n\t\t\t\tdata-src=\"https:\/\/dev.jazzweltfestival.ch\/wp-content\/gallery\/impressionen\/KOU.JPG\"\n\t\t\t\tdata-thumbnail=\"https:\/\/dev.jazzweltfestival.ch\/wp-content\/gallery\/impressionen\/thumbs\/thumbs_KOU.JPG\"\n\t\t\t\tdata-image-id=\"153\"\n\t\t\t\tdata-title=\"KOU\"\n\t\t\t\tdata-description=\"\"\n\t\t\t\tdata-image-slug=\"kou\"\n\t\t\t\trel=\"lightbox\">\n\t\t\t\t<img\n\t\t\t\t\ttitle=\"KOU\"\n\t\t\t\t\talt=\"KOU\"\n\t\t\t\t\tsrc=\"https:\/\/dev.jazzweltfestival.ch\/wp-content\/gallery\/impressionen\/cache\/KOU.JPG-nggid03153-ngg0dyn-170x110x100-00f0w010c011r110f110r010t010.JPG\"\n\t\t\t\t\twidth=\"170\"\n\t\t\t\t\theight=\"110\"\n\t\t\t\t\tstyle=\"max-width:100%;\"\n\t\t\t\t\/>\n\t\t\t<\/a>\n\t\t<\/div>\n\t\t\t\t\t\t\t<\/div> \n\t\t\t\n\t\t\t\t<div id=\"ngg-image-5\" class=\"ngg-gallery-thumbnail-box \n\t\t\t\t\t\t\t\t\t\t\t\" \n\t\t\t>\n\t\t\t\t\t\t<div class=\"ngg-gallery-thumbnail\">\n\t\t\t<a href=\"https:\/\/dev.jazzweltfestival.ch\/wp-content\/gallery\/impressionen\/MAR.JPG\"\n\t\t\t\ttitle=\"\"\n\t\t\t\tdata-src=\"https:\/\/dev.jazzweltfestival.ch\/wp-content\/gallery\/impressionen\/MAR.JPG\"\n\t\t\t\tdata-thumbnail=\"https:\/\/dev.jazzweltfestival.ch\/wp-content\/gallery\/impressionen\/thumbs\/thumbs_MAR.JPG\"\n\t\t\t\tdata-image-id=\"155\"\n\t\t\t\tdata-title=\"MAR\"\n\t\t\t\tdata-description=\"\"\n\t\t\t\tdata-image-slug=\"mar\"\n\t\t\t\trel=\"lightbox\">\n\t\t\t\t<img\n\t\t\t\t\ttitle=\"MAR\"\n\t\t\t\t\talt=\"MAR\"\n\t\t\t\t\tsrc=\"https:\/\/dev.jazzweltfestival.ch\/wp-content\/gallery\/impressionen\/cache\/MAR.JPG-nggid03155-ngg0dyn-170x110x100-00f0w010c011r110f110r010t010.JPG\"\n\t\t\t\t\twidth=\"170\"\n\t\t\t\t\theight=\"110\"\n\t\t\t\t\tstyle=\"max-width:100%;\"\n\t\t\t\t\/>\n\t\t\t<\/a>\n\t\t<\/div>\n\t\t\t\t\t\t\t<\/div> \n\t\t\t\n\t\t\t\t<div id=\"ngg-image-6\" class=\"ngg-gallery-thumbnail-box \n\t\t\t\t\t\t\t\t\t\t\t\" \n\t\t\t>\n\t\t\t\t\t\t<div class=\"ngg-gallery-thumbnail\">\n\t\t\t<a href=\"https:\/\/dev.jazzweltfestival.ch\/wp-content\/gallery\/impressionen\/IMG_6380.JPG\"\n\t\t\t\ttitle=\"\"\n\t\t\t\tdata-src=\"https:\/\/dev.jazzweltfestival.ch\/wp-content\/gallery\/impressionen\/IMG_6380.JPG\"\n\t\t\t\tdata-thumbnail=\"https:\/\/dev.jazzweltfestival.ch\/wp-content\/gallery\/impressionen\/thumbs\/thumbs_IMG_6380.JPG\"\n\t\t\t\tdata-image-id=\"163\"\n\t\t\t\tdata-title=\"IMG_6380\"\n\t\t\t\tdata-description=\"\"\n\t\t\t\tdata-image-slug=\"img_6380\"\n\t\t\t\trel=\"lightbox\">\n\t\t\t\t<img\n\t\t\t\t\ttitle=\"IMG_6380\"\n\t\t\t\t\talt=\"IMG_6380\"\n\t\t\t\t\tsrc=\"https:\/\/dev.jazzweltfestival.ch\/wp-content\/gallery\/impressionen\/cache\/IMG_6380.JPG-nggid03163-ngg0dyn-170x110x100-00f0w010c011r110f110r010t010.JPG\"\n\t\t\t\t\twidth=\"170\"\n\t\t\t\t\theight=\"110\"\n\t\t\t\t\tstyle=\"max-width:100%;\"\n\t\t\t\t\/>\n\t\t\t<\/a>\n\t\t<\/div>\n\t\t\t\t\t\t\t<\/div> \n\t\t\t\n\t\t\t\t<div id=\"ngg-image-7\" class=\"ngg-gallery-thumbnail-box \n\t\t\t\t\t\t\t\t\t\t\t\" \n\t\t\t>\n\t\t\t\t\t\t<div class=\"ngg-gallery-thumbnail\">\n\t\t\t<a href=\"https:\/\/dev.jazzweltfestival.ch\/wp-content\/gallery\/impressionen\/IMG_6321-1.jpg\"\n\t\t\t\ttitle=\"\"\n\t\t\t\tdata-src=\"https:\/\/dev.jazzweltfestival.ch\/wp-content\/gallery\/impressionen\/IMG_6321-1.jpg\"\n\t\t\t\tdata-thumbnail=\"https:\/\/dev.jazzweltfestival.ch\/wp-content\/gallery\/impressionen\/thumbs\/thumbs_IMG_6321-1.jpg\"\n\t\t\t\tdata-image-id=\"167\"\n\t\t\t\tdata-title=\"IMG_6321\"\n\t\t\t\tdata-description=\"\"\n\t\t\t\tdata-image-slug=\"img_6321-1\"\n\t\t\t\trel=\"lightbox\">\n\t\t\t\t<img\n\t\t\t\t\ttitle=\"IMG_6321\"\n\t\t\t\t\talt=\"IMG_6321\"\n\t\t\t\t\tsrc=\"https:\/\/dev.jazzweltfestival.ch\/wp-content\/gallery\/impressionen\/cache\/IMG_6321-1.jpg-nggid03167-ngg0dyn-170x110x100-00f0w010c011r110f110r010t010.jpg\"\n\t\t\t\t\twidth=\"170\"\n\t\t\t\t\theight=\"110\"\n\t\t\t\t\tstyle=\"max-width:100%;\"\n\t\t\t\t\/>\n\t\t\t<\/a>\n\t\t<\/div>\n\t\t\t\t\t\t\t<\/div> \n\t\t\t\n\t\t\t\t<div id=\"ngg-image-8\" class=\"ngg-gallery-thumbnail-box \n\t\t\t\t\t\t\t\t\t\t\t\" \n\t\t\t>\n\t\t\t\t\t\t<div class=\"ngg-gallery-thumbnail\">\n\t\t\t<a href=\"https:\/\/dev.jazzweltfestival.ch\/wp-content\/gallery\/impressionen\/IMG_6378.JPG\"\n\t\t\t\ttitle=\"\"\n\t\t\t\tdata-src=\"https:\/\/dev.jazzweltfestival.ch\/wp-content\/gallery\/impressionen\/IMG_6378.JPG\"\n\t\t\t\tdata-thumbnail=\"https:\/\/dev.jazzweltfestival.ch\/wp-content\/gallery\/impressionen\/thumbs\/thumbs_IMG_6378.JPG\"\n\t\t\t\tdata-image-id=\"162\"\n\t\t\t\tdata-title=\"IMG_6378\"\n\t\t\t\tdata-description=\"\"\n\t\t\t\tdata-image-slug=\"img_6378\"\n\t\t\t\trel=\"lightbox\">\n\t\t\t\t<img\n\t\t\t\t\ttitle=\"IMG_6378\"\n\t\t\t\t\talt=\"IMG_6378\"\n\t\t\t\t\tsrc=\"https:\/\/dev.jazzweltfestival.ch\/wp-content\/gallery\/impressionen\/cache\/IMG_6378.JPG-nggid03162-ngg0dyn-170x110x100-00f0w010c011r110f110r010t010.JPG\"\n\t\t\t\t\twidth=\"170\"\n\t\t\t\t\theight=\"110\"\n\t\t\t\t\tstyle=\"max-width:100%;\"\n\t\t\t\t\/>\n\t\t\t<\/a>\n\t\t<\/div>\n\t\t\t\t\t\t\t<\/div> \n\t\t\t\n\t\t\t\t<div id=\"ngg-image-9\" class=\"ngg-gallery-thumbnail-box \n\t\t\t\t\t\t\t\t\t\t\t\" \n\t\t\t>\n\t\t\t\t\t\t<div class=\"ngg-gallery-thumbnail\">\n\t\t\t<a href=\"https:\/\/dev.jazzweltfestival.ch\/wp-content\/gallery\/impressionen\/HAR.JPG\"\n\t\t\t\ttitle=\"\"\n\t\t\t\tdata-src=\"https:\/\/dev.jazzweltfestival.ch\/wp-content\/gallery\/impressionen\/HAR.JPG\"\n\t\t\t\tdata-thumbnail=\"https:\/\/dev.jazzweltfestival.ch\/wp-content\/gallery\/impressionen\/thumbs\/thumbs_HAR.JPG\"\n\t\t\t\tdata-image-id=\"152\"\n\t\t\t\tdata-title=\"HAR\"\n\t\t\t\tdata-description=\"\"\n\t\t\t\tdata-image-slug=\"har\"\n\t\t\t\trel=\"lightbox\">\n\t\t\t\t<img\n\t\t\t\t\ttitle=\"HAR\"\n\t\t\t\t\talt=\"HAR\"\n\t\t\t\t\tsrc=\"https:\/\/dev.jazzweltfestival.ch\/wp-content\/gallery\/impressionen\/cache\/HAR.JPG-nggid03152-ngg0dyn-170x110x100-00f0w010c011r110f110r010t010.JPG\"\n\t\t\t\t\twidth=\"170\"\n\t\t\t\t\theight=\"110\"\n\t\t\t\t\tstyle=\"max-width:100%;\"\n\t\t\t\t\/>\n\t\t\t<\/a>\n\t\t<\/div>\n\t\t\t\t\t\t\t<\/div> \n\t\t\t\n\t\t\t\t<div id=\"ngg-image-10\" class=\"ngg-gallery-thumbnail-box \n\t\t\t\t\t\t\t\t\t\t\t\" \n\t\t\t>\n\t\t\t\t\t\t<div class=\"ngg-gallery-thumbnail\">\n\t\t\t<a href=\"https:\/\/dev.jazzweltfestival.ch\/wp-content\/gallery\/impressionen\/FLO.JPG\"\n\t\t\t\ttitle=\"\"\n\t\t\t\tdata-src=\"https:\/\/dev.jazzweltfestival.ch\/wp-content\/gallery\/impressionen\/FLO.JPG\"\n\t\t\t\tdata-thumbnail=\"https:\/\/dev.jazzweltfestival.ch\/wp-content\/gallery\/impressionen\/thumbs\/thumbs_FLO.JPG\"\n\t\t\t\tdata-image-id=\"150\"\n\t\t\t\tdata-title=\"FLO\"\n\t\t\t\tdata-description=\"\"\n\t\t\t\tdata-image-slug=\"flo\"\n\t\t\t\trel=\"lightbox\">\n\t\t\t\t<img\n\t\t\t\t\ttitle=\"FLO\"\n\t\t\t\t\talt=\"FLO\"\n\t\t\t\t\tsrc=\"https:\/\/dev.jazzweltfestival.ch\/wp-content\/gallery\/impressionen\/cache\/FLO.JPG-nggid03150-ngg0dyn-170x110x100-00f0w010c011r110f110r010t010.JPG\"\n\t\t\t\t\twidth=\"170\"\n\t\t\t\t\theight=\"110\"\n\t\t\t\t\tstyle=\"max-width:100%;\"\n\t\t\t\t\/>\n\t\t\t<\/a>\n\t\t<\/div>\n\t\t\t\t\t\t\t<\/div> \n\t\t\t\n\t\t\t\t<div id=\"ngg-image-11\" class=\"ngg-gallery-thumbnail-box \n\t\t\t\t\t\t\t\t\t\t\t\" \n\t\t\t>\n\t\t\t\t\t\t<div class=\"ngg-gallery-thumbnail\">\n\t\t\t<a href=\"https:\/\/dev.jazzweltfestival.ch\/wp-content\/gallery\/impressionen\/FLO2.JPG\"\n\t\t\t\ttitle=\"\"\n\t\t\t\tdata-src=\"https:\/\/dev.jazzweltfestival.ch\/wp-content\/gallery\/impressionen\/FLO2.JPG\"\n\t\t\t\tdata-thumbnail=\"https:\/\/dev.jazzweltfestival.ch\/wp-content\/gallery\/impressionen\/thumbs\/thumbs_FLO2.JPG\"\n\t\t\t\tdata-image-id=\"151\"\n\t\t\t\tdata-title=\"FLO2\"\n\t\t\t\tdata-description=\"\"\n\t\t\t\tdata-image-slug=\"flo2\"\n\t\t\t\trel=\"lightbox\">\n\t\t\t\t<img\n\t\t\t\t\ttitle=\"FLO2\"\n\t\t\t\t\talt=\"FLO2\"\n\t\t\t\t\tsrc=\"https:\/\/dev.jazzweltfestival.ch\/wp-content\/gallery\/impressionen\/cache\/FLO2.JPG-nggid03151-ngg0dyn-170x110x100-00f0w010c011r110f110r010t010.JPG\"\n\t\t\t\t\twidth=\"170\"\n\t\t\t\t\theight=\"110\"\n\t\t\t\t\tstyle=\"max-width:100%;\"\n\t\t\t\t\/>\n\t\t\t<\/a>\n\t\t<\/div>\n\t\t\t\t\t\t\t<\/div> \n\t\t\t\n\t\t\t\t<div id=\"ngg-image-12\" class=\"ngg-gallery-thumbnail-box \n\t\t\t\t\t\t\t\t\t\t\t\" \n\t\t\t>\n\t\t\t\t\t\t<div class=\"ngg-gallery-thumbnail\">\n\t\t\t<a href=\"https:\/\/dev.jazzweltfestival.ch\/wp-content\/gallery\/impressionen\/DUD.JPG\"\n\t\t\t\ttitle=\"\"\n\t\t\t\tdata-src=\"https:\/\/dev.jazzweltfestival.ch\/wp-content\/gallery\/impressionen\/DUD.JPG\"\n\t\t\t\tdata-thumbnail=\"https:\/\/dev.jazzweltfestival.ch\/wp-content\/gallery\/impressionen\/thumbs\/thumbs_DUD.JPG\"\n\t\t\t\tdata-image-id=\"148\"\n\t\t\t\tdata-title=\"DUD\"\n\t\t\t\tdata-description=\"\"\n\t\t\t\tdata-image-slug=\"dud\"\n\t\t\t\trel=\"lightbox\">\n\t\t\t\t<img\n\t\t\t\t\ttitle=\"DUD\"\n\t\t\t\t\talt=\"DUD\"\n\t\t\t\t\tsrc=\"https:\/\/dev.jazzweltfestival.ch\/wp-content\/gallery\/impressionen\/cache\/DUD.JPG-nggid03148-ngg0dyn-170x110x100-00f0w010c011r110f110r010t010.JPG\"\n\t\t\t\t\twidth=\"170\"\n\t\t\t\t\theight=\"110\"\n\t\t\t\t\tstyle=\"max-width:100%;\"\n\t\t\t\t\/>\n\t\t\t<\/a>\n\t\t<\/div>\n\t\t\t\t\t\t\t<\/div> \n\t\t\t\n\t\t\t\t<div id=\"ngg-image-13\" class=\"ngg-gallery-thumbnail-box \n\t\t\t\t\t\t\t\t\t\t\t\" \n\t\t\t>\n\t\t\t\t\t\t<div class=\"ngg-gallery-thumbnail\">\n\t\t\t<a href=\"https:\/\/dev.jazzweltfestival.ch\/wp-content\/gallery\/impressionen\/NIC.JPG\"\n\t\t\t\ttitle=\"\"\n\t\t\t\tdata-src=\"https:\/\/dev.jazzweltfestival.ch\/wp-content\/gallery\/impressionen\/NIC.JPG\"\n\t\t\t\tdata-thumbnail=\"https:\/\/dev.jazzweltfestival.ch\/wp-content\/gallery\/impressionen\/thumbs\/thumbs_NIC.JPG\"\n\t\t\t\tdata-image-id=\"156\"\n\t\t\t\tdata-title=\"NIC\"\n\t\t\t\tdata-description=\"\"\n\t\t\t\tdata-image-slug=\"nic\"\n\t\t\t\trel=\"lightbox\">\n\t\t\t\t<img\n\t\t\t\t\ttitle=\"NIC\"\n\t\t\t\t\talt=\"NIC\"\n\t\t\t\t\tsrc=\"https:\/\/dev.jazzweltfestival.ch\/wp-content\/gallery\/impressionen\/cache\/NIC.JPG-nggid03156-ngg0dyn-170x110x100-00f0w010c011r110f110r010t010.JPG\"\n\t\t\t\t\twidth=\"170\"\n\t\t\t\t\theight=\"110\"\n\t\t\t\t\tstyle=\"max-width:100%;\"\n\t\t\t\t\/>\n\t\t\t<\/a>\n\t\t<\/div>\n\t\t\t\t\t\t\t<\/div> \n\t\t\t\n\t\t\t\t<div id=\"ngg-image-14\" class=\"ngg-gallery-thumbnail-box \n\t\t\t\t\t\t\t\t\t\t\t\" \n\t\t\t>\n\t\t\t\t\t\t<div class=\"ngg-gallery-thumbnail\">\n\t\t\t<a href=\"https:\/\/dev.jazzweltfestival.ch\/wp-content\/gallery\/impressionen\/STE.JPG\"\n\t\t\t\ttitle=\"\"\n\t\t\t\tdata-src=\"https:\/\/dev.jazzweltfestival.ch\/wp-content\/gallery\/impressionen\/STE.JPG\"\n\t\t\t\tdata-thumbnail=\"https:\/\/dev.jazzweltfestival.ch\/wp-content\/gallery\/impressionen\/thumbs\/thumbs_STE.JPG\"\n\t\t\t\tdata-image-id=\"160\"\n\t\t\t\tdata-title=\"STE\"\n\t\t\t\tdata-description=\"\"\n\t\t\t\tdata-image-slug=\"ste\"\n\t\t\t\trel=\"lightbox\">\n\t\t\t\t<img\n\t\t\t\t\ttitle=\"STE\"\n\t\t\t\t\talt=\"STE\"\n\t\t\t\t\tsrc=\"https:\/\/dev.jazzweltfestival.ch\/wp-content\/gallery\/impressionen\/cache\/STE.JPG-nggid03160-ngg0dyn-170x110x100-00f0w010c011r110f110r010t010.JPG\"\n\t\t\t\t\twidth=\"170\"\n\t\t\t\t\theight=\"110\"\n\t\t\t\t\tstyle=\"max-width:100%;\"\n\t\t\t\t\/>\n\t\t\t<\/a>\n\t\t<\/div>\n\t\t\t\t\t\t\t<\/div> \n\t\t\t\n\t\t\t\t<div id=\"ngg-image-15\" class=\"ngg-gallery-thumbnail-box \n\t\t\t\t\t\t\t\t\t\t\t\" \n\t\t\t>\n\t\t\t\t\t\t<div class=\"ngg-gallery-thumbnail\">\n\t\t\t<a href=\"https:\/\/dev.jazzweltfestival.ch\/wp-content\/gallery\/impressionen\/IMG_6332-1.jpg\"\n\t\t\t\ttitle=\"\"\n\t\t\t\tdata-src=\"https:\/\/dev.jazzweltfestival.ch\/wp-content\/gallery\/impressionen\/IMG_6332-1.jpg\"\n\t\t\t\tdata-thumbnail=\"https:\/\/dev.jazzweltfestival.ch\/wp-content\/gallery\/impressionen\/thumbs\/thumbs_IMG_6332-1.jpg\"\n\t\t\t\tdata-image-id=\"168\"\n\t\t\t\tdata-title=\"IMG_6332\"\n\t\t\t\tdata-description=\"\"\n\t\t\t\tdata-image-slug=\"img_6332-1\"\n\t\t\t\trel=\"lightbox\">\n\t\t\t\t<img\n\t\t\t\t\ttitle=\"IMG_6332\"\n\t\t\t\t\talt=\"IMG_6332\"\n\t\t\t\t\tsrc=\"https:\/\/dev.jazzweltfestival.ch\/wp-content\/gallery\/impressionen\/cache\/IMG_6332-1.jpg-nggid03168-ngg0dyn-170x110x100-00f0w010c011r110f110r010t010.jpg\"\n\t\t\t\t\twidth=\"170\"\n\t\t\t\t\theight=\"110\"\n\t\t\t\t\tstyle=\"max-width:100%;\"\n\t\t\t\t\/>\n\t\t\t<\/a>\n\t\t<\/div>\n\t\t\t\t\t\t\t<\/div> \n\t\t\t\n\t\t\t\t<div id=\"ngg-image-16\" class=\"ngg-gallery-thumbnail-box \n\t\t\t\t\t\t\t\t\t\t\t\" \n\t\t\t>\n\t\t\t\t\t\t<div class=\"ngg-gallery-thumbnail\">\n\t\t\t<a href=\"https:\/\/dev.jazzweltfestival.ch\/wp-content\/gallery\/impressionen\/AMA2.JPG\"\n\t\t\t\ttitle=\"\"\n\t\t\t\tdata-src=\"https:\/\/dev.jazzweltfestival.ch\/wp-content\/gallery\/impressionen\/AMA2.JPG\"\n\t\t\t\tdata-thumbnail=\"https:\/\/dev.jazzweltfestival.ch\/wp-content\/gallery\/impressionen\/thumbs\/thumbs_AMA2.JPG\"\n\t\t\t\tdata-image-id=\"146\"\n\t\t\t\tdata-title=\"AMA2\"\n\t\t\t\tdata-description=\"\"\n\t\t\t\tdata-image-slug=\"ama2\"\n\t\t\t\trel=\"lightbox\">\n\t\t\t\t<img\n\t\t\t\t\ttitle=\"AMA2\"\n\t\t\t\t\talt=\"AMA2\"\n\t\t\t\t\tsrc=\"https:\/\/dev.jazzweltfestival.ch\/wp-content\/gallery\/impressionen\/cache\/AMA2.JPG-nggid03146-ngg0dyn-170x110x100-00f0w010c011r110f110r010t010.JPG\"\n\t\t\t\t\twidth=\"170\"\n\t\t\t\t\theight=\"110\"\n\t\t\t\t\tstyle=\"max-width:100%;\"\n\t\t\t\t\/>\n\t\t\t<\/a>\n\t\t<\/div>\n\t\t\t\t\t\t\t<\/div> \n\t\t\t\n\t\t\t\t<div id=\"ngg-image-17\" class=\"ngg-gallery-thumbnail-box \n\t\t\t\t\t\t\t\t\t\t\t\" \n\t\t\t>\n\t\t\t\t\t\t<div class=\"ngg-gallery-thumbnail\">\n\t\t\t<a href=\"https:\/\/dev.jazzweltfestival.ch\/wp-content\/gallery\/impressionen\/AMA.jpg\"\n\t\t\t\ttitle=\"\"\n\t\t\t\tdata-src=\"https:\/\/dev.jazzweltfestival.ch\/wp-content\/gallery\/impressionen\/AMA.jpg\"\n\t\t\t\tdata-thumbnail=\"https:\/\/dev.jazzweltfestival.ch\/wp-content\/gallery\/impressionen\/thumbs\/thumbs_AMA.jpg\"\n\t\t\t\tdata-image-id=\"145\"\n\t\t\t\tdata-title=\"AMA\"\n\t\t\t\tdata-description=\"\"\n\t\t\t\tdata-image-slug=\"ama\"\n\t\t\t\trel=\"lightbox\">\n\t\t\t\t<img\n\t\t\t\t\ttitle=\"AMA\"\n\t\t\t\t\talt=\"AMA\"\n\t\t\t\t\tsrc=\"https:\/\/dev.jazzweltfestival.ch\/wp-content\/gallery\/impressionen\/cache\/AMA.jpg-nggid03145-ngg0dyn-170x110x100-00f0w010c011r110f110r010t010.jpg\"\n\t\t\t\t\twidth=\"170\"\n\t\t\t\t\theight=\"110\"\n\t\t\t\t\tstyle=\"max-width:100%;\"\n\t\t\t\t\/>\n\t\t\t<\/a>\n\t\t<\/div>\n\t\t\t\t\t\t\t<\/div> \n\t\t\t\n\t\t\t\t<div id=\"ngg-image-18\" class=\"ngg-gallery-thumbnail-box \n\t\t\t\t\t\t\t\t\t\t\t\" \n\t\t\t>\n\t\t\t\t\t\t<div class=\"ngg-gallery-thumbnail\">\n\t\t\t<a href=\"https:\/\/dev.jazzweltfestival.ch\/wp-content\/gallery\/impressionen\/FEL.JPG\"\n\t\t\t\ttitle=\"\"\n\t\t\t\tdata-src=\"https:\/\/dev.jazzweltfestival.ch\/wp-content\/gallery\/impressionen\/FEL.JPG\"\n\t\t\t\tdata-thumbnail=\"https:\/\/dev.jazzweltfestival.ch\/wp-content\/gallery\/impressionen\/thumbs\/thumbs_FEL.JPG\"\n\t\t\t\tdata-image-id=\"149\"\n\t\t\t\tdata-title=\"FEL\"\n\t\t\t\tdata-description=\"\"\n\t\t\t\tdata-image-slug=\"fel\"\n\t\t\t\trel=\"lightbox\">\n\t\t\t\t<img\n\t\t\t\t\ttitle=\"FEL\"\n\t\t\t\t\talt=\"FEL\"\n\t\t\t\t\tsrc=\"https:\/\/dev.jazzweltfestival.ch\/wp-content\/gallery\/impressionen\/cache\/FEL.JPG-nggid03149-ngg0dyn-170x110x100-00f0w010c011r110f110r010t010.JPG\"\n\t\t\t\t\twidth=\"170\"\n\t\t\t\t\theight=\"110\"\n\t\t\t\t\tstyle=\"max-width:100%;\"\n\t\t\t\t\/>\n\t\t\t<\/a>\n\t\t<\/div>\n\t\t\t\t\t\t\t<\/div> \n\t\t\t\n\t\t\t\t<div id=\"ngg-image-19\" class=\"ngg-gallery-thumbnail-box \n\t\t\t\t\t\t\t\t\t\t\t\" \n\t\t\t>\n\t\t\t\t\t\t<div class=\"ngg-gallery-thumbnail\">\n\t\t\t<a href=\"https:\/\/dev.jazzweltfestival.ch\/wp-content\/gallery\/impressionen\/MAH.jpg\"\n\t\t\t\ttitle=\"\"\n\t\t\t\tdata-src=\"https:\/\/dev.jazzweltfestival.ch\/wp-content\/gallery\/impressionen\/MAH.jpg\"\n\t\t\t\tdata-thumbnail=\"https:\/\/dev.jazzweltfestival.ch\/wp-content\/gallery\/impressionen\/thumbs\/thumbs_MAH.jpg\"\n\t\t\t\tdata-image-id=\"154\"\n\t\t\t\tdata-title=\"MAH\"\n\t\t\t\tdata-description=\"\"\n\t\t\t\tdata-image-slug=\"mah\"\n\t\t\t\trel=\"lightbox\">\n\t\t\t\t<img\n\t\t\t\t\ttitle=\"MAH\"\n\t\t\t\t\talt=\"MAH\"\n\t\t\t\t\tsrc=\"https:\/\/dev.jazzweltfestival.ch\/wp-content\/gallery\/impressionen\/cache\/MAH.jpg-nggid03154-ngg0dyn-170x110x100-00f0w010c011r110f110r010t010.jpg\"\n\t\t\t\t\twidth=\"170\"\n\t\t\t\t\theight=\"110\"\n\t\t\t\t\tstyle=\"max-width:100%;\"\n\t\t\t\t\/>\n\t\t\t<\/a>\n\t\t<\/div>\n\t\t\t\t\t\t\t<\/div> \n\t\t\t\n\t\t\t\t<div id=\"ngg-image-20\" class=\"ngg-gallery-thumbnail-box \n\t\t\t\t\t\t\t\t\t\t\t\" \n\t\t\t>\n\t\t\t\t\t\t<div class=\"ngg-gallery-thumbnail\">\n\t\t\t<a href=\"https:\/\/dev.jazzweltfestival.ch\/wp-content\/gallery\/impressionen\/JWF-16-DR.jpg\"\n\t\t\t\ttitle=\"\"\n\t\t\t\tdata-src=\"https:\/\/dev.jazzweltfestival.ch\/wp-content\/gallery\/impressionen\/JWF-16-DR.jpg\"\n\t\t\t\tdata-thumbnail=\"https:\/\/dev.jazzweltfestival.ch\/wp-content\/gallery\/impressionen\/thumbs\/thumbs_JWF-16-DR.jpg\"\n\t\t\t\tdata-image-id=\"98\"\n\t\t\t\tdata-title=\"JWF 16 DR\"\n\t\t\t\tdata-description=\"\"\n\t\t\t\tdata-image-slug=\"jwf-16-dr\"\n\t\t\t\trel=\"lightbox\">\n\t\t\t\t<img\n\t\t\t\t\ttitle=\"JWF 16 DR\"\n\t\t\t\t\talt=\"JWF 16 DR\"\n\t\t\t\t\tsrc=\"https:\/\/dev.jazzweltfestival.ch\/wp-content\/gallery\/impressionen\/cache\/JWF-16-DR.jpg-nggid0298-ngg0dyn-170x110x100-00f0w010c011r110f110r010t010.jpg\"\n\t\t\t\t\twidth=\"170\"\n\t\t\t\t\theight=\"110\"\n\t\t\t\t\tstyle=\"max-width:100%;\"\n\t\t\t\t\/>\n\t\t\t<\/a>\n\t\t<\/div>\n\t\t\t\t\t\t\t<\/div> \n\t\t\t\n\t\t\t\t<div id=\"ngg-image-21\" class=\"ngg-gallery-thumbnail-box \n\t\t\t\t\t\t\t\t\t\t\t\" \n\t\t\t>\n\t\t\t\t\t\t<div class=\"ngg-gallery-thumbnail\">\n\t\t\t<a href=\"https:\/\/dev.jazzweltfestival.ch\/wp-content\/gallery\/impressionen\/JWF-16-DR2.jpg\"\n\t\t\t\ttitle=\"\"\n\t\t\t\tdata-src=\"https:\/\/dev.jazzweltfestival.ch\/wp-content\/gallery\/impressionen\/JWF-16-DR2.jpg\"\n\t\t\t\tdata-thumbnail=\"https:\/\/dev.jazzweltfestival.ch\/wp-content\/gallery\/impressionen\/thumbs\/thumbs_JWF-16-DR2.jpg\"\n\t\t\t\tdata-image-id=\"99\"\n\t\t\t\tdata-title=\"JWF 16 DR2\"\n\t\t\t\tdata-description=\"\"\n\t\t\t\tdata-image-slug=\"jwf-16-dr2\"\n\t\t\t\trel=\"lightbox\">\n\t\t\t\t<img\n\t\t\t\t\ttitle=\"JWF 16 DR2\"\n\t\t\t\t\talt=\"JWF 16 DR2\"\n\t\t\t\t\tsrc=\"https:\/\/dev.jazzweltfestival.ch\/wp-content\/gallery\/impressionen\/cache\/JWF-16-DR2.jpg-nggid0299-ngg0dyn-170x110x100-00f0w010c011r110f110r010t010.jpg\"\n\t\t\t\t\twidth=\"170\"\n\t\t\t\t\theight=\"110\"\n\t\t\t\t\tstyle=\"max-width:100%;\"\n\t\t\t\t\/>\n\t\t\t<\/a>\n\t\t<\/div>\n\t\t\t\t\t\t\t<\/div> \n\t\t\t\n\t\t\t\t<div id=\"ngg-image-22\" class=\"ngg-gallery-thumbnail-box \n\t\t\t\t\t\t\t\t\t\t\t\" \n\t\t\t>\n\t\t\t\t\t\t<div class=\"ngg-gallery-thumbnail\">\n\t\t\t<a href=\"https:\/\/dev.jazzweltfestival.ch\/wp-content\/gallery\/impressionen\/JWF-16-GR1.JPG\"\n\t\t\t\ttitle=\"\"\n\t\t\t\tdata-src=\"https:\/\/dev.jazzweltfestival.ch\/wp-content\/gallery\/impressionen\/JWF-16-GR1.JPG\"\n\t\t\t\tdata-thumbnail=\"https:\/\/dev.jazzweltfestival.ch\/wp-content\/gallery\/impressionen\/thumbs\/thumbs_JWF-16-GR1.JPG\"\n\t\t\t\tdata-image-id=\"101\"\n\t\t\t\tdata-title=\"JWF 16 GR1\"\n\t\t\t\tdata-description=\"\"\n\t\t\t\tdata-image-slug=\"jwf-16-gr1\"\n\t\t\t\trel=\"lightbox\">\n\t\t\t\t<img\n\t\t\t\t\ttitle=\"JWF 16 GR1\"\n\t\t\t\t\talt=\"JWF 16 GR1\"\n\t\t\t\t\tsrc=\"https:\/\/dev.jazzweltfestival.ch\/wp-content\/gallery\/impressionen\/cache\/JWF-16-GR1.JPG-nggid03101-ngg0dyn-170x110x100-00f0w010c011r110f110r010t010.JPG\"\n\t\t\t\t\twidth=\"170\"\n\t\t\t\t\theight=\"110\"\n\t\t\t\t\tstyle=\"max-width:100%;\"\n\t\t\t\t\/>\n\t\t\t<\/a>\n\t\t<\/div>\n\t\t\t\t\t\t\t<\/div> \n\t\t\t\n\t\t\t\t<div id=\"ngg-image-23\" class=\"ngg-gallery-thumbnail-box \n\t\t\t\t\t\t\t\t\t\t\t\" \n\t\t\t>\n\t\t\t\t\t\t<div class=\"ngg-gallery-thumbnail\">\n\t\t\t<a href=\"https:\/\/dev.jazzweltfestival.ch\/wp-content\/gallery\/impressionen\/JWF-16-GR2.JPG\"\n\t\t\t\ttitle=\"\"\n\t\t\t\tdata-src=\"https:\/\/dev.jazzweltfestival.ch\/wp-content\/gallery\/impressionen\/JWF-16-GR2.JPG\"\n\t\t\t\tdata-thumbnail=\"https:\/\/dev.jazzweltfestival.ch\/wp-content\/gallery\/impressionen\/thumbs\/thumbs_JWF-16-GR2.JPG\"\n\t\t\t\tdata-image-id=\"102\"\n\t\t\t\tdata-title=\"JWF 16 GR2\"\n\t\t\t\tdata-description=\"\"\n\t\t\t\tdata-image-slug=\"jwf-16-gr2\"\n\t\t\t\trel=\"lightbox\">\n\t\t\t\t<img\n\t\t\t\t\ttitle=\"JWF 16 GR2\"\n\t\t\t\t\talt=\"JWF 16 GR2\"\n\t\t\t\t\tsrc=\"https:\/\/dev.jazzweltfestival.ch\/wp-content\/gallery\/impressionen\/cache\/JWF-16-GR2.JPG-nggid03102-ngg0dyn-170x110x100-00f0w010c011r110f110r010t010.JPG\"\n\t\t\t\t\twidth=\"170\"\n\t\t\t\t\theight=\"110\"\n\t\t\t\t\tstyle=\"max-width:100%;\"\n\t\t\t\t\/>\n\t\t\t<\/a>\n\t\t<\/div>\n\t\t\t\t\t\t\t<\/div> \n\t\t\t\n\t\t\t\t<div id=\"ngg-image-24\" class=\"ngg-gallery-thumbnail-box \n\t\t\t\t\t\t\t\t\t\t\t\" \n\t\t\t>\n\t\t\t\t\t\t<div class=\"ngg-gallery-thumbnail\">\n\t\t\t<a href=\"https:\/\/dev.jazzweltfestival.ch\/wp-content\/gallery\/impressionen\/JWF-16-ROOFER.JPG\"\n\t\t\t\ttitle=\"\"\n\t\t\t\tdata-src=\"https:\/\/dev.jazzweltfestival.ch\/wp-content\/gallery\/impressionen\/JWF-16-ROOFER.JPG\"\n\t\t\t\tdata-thumbnail=\"https:\/\/dev.jazzweltfestival.ch\/wp-content\/gallery\/impressionen\/thumbs\/thumbs_JWF-16-ROOFER.JPG\"\n\t\t\t\tdata-image-id=\"106\"\n\t\t\t\tdata-title=\"JWF 16 ROOFER\"\n\t\t\t\tdata-description=\"\"\n\t\t\t\tdata-image-slug=\"jwf-16-roofer\"\n\t\t\t\trel=\"lightbox\">\n\t\t\t\t<img\n\t\t\t\t\ttitle=\"JWF 16 ROOFER\"\n\t\t\t\t\talt=\"JWF 16 ROOFER\"\n\t\t\t\t\tsrc=\"https:\/\/dev.jazzweltfestival.ch\/wp-content\/gallery\/impressionen\/cache\/JWF-16-ROOFER.JPG-nggid03106-ngg0dyn-170x110x100-00f0w010c011r110f110r010t010.JPG\"\n\t\t\t\t\twidth=\"170\"\n\t\t\t\t\theight=\"110\"\n\t\t\t\t\tstyle=\"max-width:100%;\"\n\t\t\t\t\/>\n\t\t\t<\/a>\n\t\t<\/div>\n\t\t\t\t\t\t\t<\/div> \n\t\t\t\n\t\t\t\t<div id=\"ngg-image-25\" class=\"ngg-gallery-thumbnail-box \n\t\t\t\t\t\t\t\t\t\t\t\" \n\t\t\t>\n\t\t\t\t\t\t<div class=\"ngg-gallery-thumbnail\">\n\t\t\t<a href=\"https:\/\/dev.jazzweltfestival.ch\/wp-content\/gallery\/impressionen\/JWF-16-Luca.JPG\"\n\t\t\t\ttitle=\"\"\n\t\t\t\tdata-src=\"https:\/\/dev.jazzweltfestival.ch\/wp-content\/gallery\/impressionen\/JWF-16-Luca.JPG\"\n\t\t\t\tdata-thumbnail=\"https:\/\/dev.jazzweltfestival.ch\/wp-content\/gallery\/impressionen\/thumbs\/thumbs_JWF-16-Luca.JPG\"\n\t\t\t\tdata-image-id=\"105\"\n\t\t\t\tdata-title=\"JWF 16 Luca\"\n\t\t\t\tdata-description=\"\"\n\t\t\t\tdata-image-slug=\"jwf-16-luca\"\n\t\t\t\trel=\"lightbox\">\n\t\t\t\t<img\n\t\t\t\t\ttitle=\"JWF 16 Luca\"\n\t\t\t\t\talt=\"JWF 16 Luca\"\n\t\t\t\t\tsrc=\"https:\/\/dev.jazzweltfestival.ch\/wp-content\/gallery\/impressionen\/cache\/JWF-16-Luca.JPG-nggid03105-ngg0dyn-170x110x100-00f0w010c011r110f110r010t010.JPG\"\n\t\t\t\t\twidth=\"170\"\n\t\t\t\t\theight=\"110\"\n\t\t\t\t\tstyle=\"max-width:100%;\"\n\t\t\t\t\/>\n\t\t\t<\/a>\n\t\t<\/div>\n\t\t\t\t\t\t\t<\/div> \n\t\t\t\n\t\t\t\t<div id=\"ngg-image-26\" class=\"ngg-gallery-thumbnail-box \n\t\t\t\t\t\t\t\t\t\t\t\" \n\t\t\t>\n\t\t\t\t\t\t<div class=\"ngg-gallery-thumbnail\">\n\t\t\t<a href=\"https:\/\/dev.jazzweltfestival.ch\/wp-content\/gallery\/impressionen\/JWF-16-CHB.JPG\"\n\t\t\t\ttitle=\"\"\n\t\t\t\tdata-src=\"https:\/\/dev.jazzweltfestival.ch\/wp-content\/gallery\/impressionen\/JWF-16-CHB.JPG\"\n\t\t\t\tdata-thumbnail=\"https:\/\/dev.jazzweltfestival.ch\/wp-content\/gallery\/impressionen\/thumbs\/thumbs_JWF-16-CHB.JPG\"\n\t\t\t\tdata-image-id=\"94\"\n\t\t\t\tdata-title=\"JWF 16 CHB\"\n\t\t\t\tdata-description=\"\"\n\t\t\t\tdata-image-slug=\"jwf-16-chb\"\n\t\t\t\trel=\"lightbox\">\n\t\t\t\t<img\n\t\t\t\t\ttitle=\"JWF 16 CHB\"\n\t\t\t\t\talt=\"JWF 16 CHB\"\n\t\t\t\t\tsrc=\"https:\/\/dev.jazzweltfestival.ch\/wp-content\/gallery\/impressionen\/cache\/JWF-16-CHB.JPG-nggid0294-ngg0dyn-170x110x100-00f0w010c011r110f110r010t010.JPG\"\n\t\t\t\t\twidth=\"170\"\n\t\t\t\t\theight=\"110\"\n\t\t\t\t\tstyle=\"max-width:100%;\"\n\t\t\t\t\/>\n\t\t\t<\/a>\n\t\t<\/div>\n\t\t\t\t\t\t\t<\/div> \n\t\t\t\n\t\t\t\t<div id=\"ngg-image-27\" class=\"ngg-gallery-thumbnail-box \n\t\t\t\t\t\t\t\t\t\t\t\" \n\t\t\t>\n\t\t\t\t\t\t<div class=\"ngg-gallery-thumbnail\">\n\t\t\t<a href=\"https:\/\/dev.jazzweltfestival.ch\/wp-content\/gallery\/impressionen\/JWF-16-Ci.JPG\"\n\t\t\t\ttitle=\"\"\n\t\t\t\tdata-src=\"https:\/\/dev.jazzweltfestival.ch\/wp-content\/gallery\/impressionen\/JWF-16-Ci.JPG\"\n\t\t\t\tdata-thumbnail=\"https:\/\/dev.jazzweltfestival.ch\/wp-content\/gallery\/impressionen\/thumbs\/thumbs_JWF-16-Ci.JPG\"\n\t\t\t\tdata-image-id=\"97\"\n\t\t\t\tdata-title=\"JWF 16 Ci\"\n\t\t\t\tdata-description=\"\"\n\t\t\t\tdata-image-slug=\"jwf-16-ci\"\n\t\t\t\trel=\"lightbox\">\n\t\t\t\t<img\n\t\t\t\t\ttitle=\"JWF 16 Ci\"\n\t\t\t\t\talt=\"JWF 16 Ci\"\n\t\t\t\t\tsrc=\"https:\/\/dev.jazzweltfestival.ch\/wp-content\/gallery\/impressionen\/cache\/JWF-16-Ci.JPG-nggid0297-ngg0dyn-170x110x100-00f0w010c011r110f110r010t010.JPG\"\n\t\t\t\t\twidth=\"170\"\n\t\t\t\t\theight=\"110\"\n\t\t\t\t\tstyle=\"max-width:100%;\"\n\t\t\t\t\/>\n\t\t\t<\/a>\n\t\t<\/div>\n\t\t\t\t\t\t\t<\/div> \n\t\t\t\n\t\t\t\t<div id=\"ngg-image-28\" class=\"ngg-gallery-thumbnail-box \n\t\t\t\t\t\t\t\t\t\t\t\" \n\t\t\t>\n\t\t\t\t\t\t<div class=\"ngg-gallery-thumbnail\">\n\t\t\t<a href=\"https:\/\/dev.jazzweltfestival.ch\/wp-content\/gallery\/impressionen\/JWF-16-Ha.JPG\"\n\t\t\t\ttitle=\"\"\n\t\t\t\tdata-src=\"https:\/\/dev.jazzweltfestival.ch\/wp-content\/gallery\/impressionen\/JWF-16-Ha.JPG\"\n\t\t\t\tdata-thumbnail=\"https:\/\/dev.jazzweltfestival.ch\/wp-content\/gallery\/impressionen\/thumbs\/thumbs_JWF-16-Ha.JPG\"\n\t\t\t\tdata-image-id=\"103\"\n\t\t\t\tdata-title=\"JWF 16 Ha\"\n\t\t\t\tdata-description=\"\"\n\t\t\t\tdata-image-slug=\"jwf-16-ha\"\n\t\t\t\trel=\"lightbox\">\n\t\t\t\t<img\n\t\t\t\t\ttitle=\"JWF 16 Ha\"\n\t\t\t\t\talt=\"JWF 16 Ha\"\n\t\t\t\t\tsrc=\"https:\/\/dev.jazzweltfestival.ch\/wp-content\/gallery\/impressionen\/cache\/JWF-16-Ha.JPG-nggid03103-ngg0dyn-170x110x100-00f0w010c011r110f110r010t010.JPG\"\n\t\t\t\t\twidth=\"170\"\n\t\t\t\t\theight=\"110\"\n\t\t\t\t\tstyle=\"max-width:100%;\"\n\t\t\t\t\/>\n\t\t\t<\/a>\n\t\t<\/div>\n\t\t\t\t\t\t\t<\/div> \n\t\t\t\n\t\t\t\t<div id=\"ngg-image-29\" class=\"ngg-gallery-thumbnail-box \n\t\t\t\t\t\t\t\t\t\t\t\" \n\t\t\t>\n\t\t\t\t\t\t<div class=\"ngg-gallery-thumbnail\">\n\t\t\t<a href=\"https:\/\/dev.jazzweltfestival.ch\/wp-content\/gallery\/impressionen\/JWF-16-Br.JPG\"\n\t\t\t\ttitle=\"\"\n\t\t\t\tdata-src=\"https:\/\/dev.jazzweltfestival.ch\/wp-content\/gallery\/impressionen\/JWF-16-Br.JPG\"\n\t\t\t\tdata-thumbnail=\"https:\/\/dev.jazzweltfestival.ch\/wp-content\/gallery\/impressionen\/thumbs\/thumbs_JWF-16-Br.JPG\"\n\t\t\t\tdata-image-id=\"93\"\n\t\t\t\tdata-title=\"JWF 16 Br\"\n\t\t\t\tdata-description=\"\"\n\t\t\t\tdata-image-slug=\"jwf-16-br\"\n\t\t\t\trel=\"lightbox\">\n\t\t\t\t<img\n\t\t\t\t\ttitle=\"JWF 16 Br\"\n\t\t\t\t\talt=\"JWF 16 Br\"\n\t\t\t\t\tsrc=\"https:\/\/dev.jazzweltfestival.ch\/wp-content\/gallery\/impressionen\/cache\/JWF-16-Br.JPG-nggid0293-ngg0dyn-170x110x100-00f0w010c011r110f110r010t010.JPG\"\n\t\t\t\t\twidth=\"170\"\n\t\t\t\t\theight=\"110\"\n\t\t\t\t\tstyle=\"max-width:100%;\"\n\t\t\t\t\/>\n\t\t\t<\/a>\n\t\t<\/div>\n\t\t\t\t\t\t\t<\/div> \n\t\t\t\n\t\t\t\t<div id=\"ngg-image-30\" class=\"ngg-gallery-thumbnail-box \n\t\t\t\t\t\t\t\t\t\t\t\" \n\t\t\t>\n\t\t\t\t\t\t<div class=\"ngg-gallery-thumbnail\">\n\t\t\t<a href=\"https:\/\/dev.jazzweltfestival.ch\/wp-content\/gallery\/impressionen\/JWF-16-CHB3.JPG\"\n\t\t\t\ttitle=\"\"\n\t\t\t\tdata-src=\"https:\/\/dev.jazzweltfestival.ch\/wp-content\/gallery\/impressionen\/JWF-16-CHB3.JPG\"\n\t\t\t\tdata-thumbnail=\"https:\/\/dev.jazzweltfestival.ch\/wp-content\/gallery\/impressionen\/thumbs\/thumbs_JWF-16-CHB3.JPG\"\n\t\t\t\tdata-image-id=\"96\"\n\t\t\t\tdata-title=\"JWF 16 CHB3\"\n\t\t\t\tdata-description=\"\"\n\t\t\t\tdata-image-slug=\"jwf-16-chb3\"\n\t\t\t\trel=\"lightbox\">\n\t\t\t\t<img\n\t\t\t\t\ttitle=\"JWF 16 CHB3\"\n\t\t\t\t\talt=\"JWF 16 CHB3\"\n\t\t\t\t\tsrc=\"https:\/\/dev.jazzweltfestival.ch\/wp-content\/gallery\/impressionen\/cache\/JWF-16-CHB3.JPG-nggid0296-ngg0dyn-170x110x100-00f0w010c011r110f110r010t010.JPG\"\n\t\t\t\t\twidth=\"170\"\n\t\t\t\t\theight=\"110\"\n\t\t\t\t\tstyle=\"max-width:100%;\"\n\t\t\t\t\/>\n\t\t\t<\/a>\n\t\t<\/div>\n\t\t\t\t\t\t\t<\/div> \n\t\t\t\n\t\t\t\t<div id=\"ngg-image-31\" class=\"ngg-gallery-thumbnail-box \n\t\t\t\t\t\t\t\t\t\t\t\" \n\t\t\t>\n\t\t\t\t\t\t<div class=\"ngg-gallery-thumbnail\">\n\t\t\t<a href=\"https:\/\/dev.jazzweltfestival.ch\/wp-content\/gallery\/impressionen\/JWF-16-JF4.jpg\"\n\t\t\t\ttitle=\"\"\n\t\t\t\tdata-src=\"https:\/\/dev.jazzweltfestival.ch\/wp-content\/gallery\/impressionen\/JWF-16-JF4.jpg\"\n\t\t\t\tdata-thumbnail=\"https:\/\/dev.jazzweltfestival.ch\/wp-content\/gallery\/impressionen\/thumbs\/thumbs_JWF-16-JF4.jpg\"\n\t\t\t\tdata-image-id=\"104\"\n\t\t\t\tdata-title=\"JWF 16 JF4\"\n\t\t\t\tdata-description=\"\"\n\t\t\t\tdata-image-slug=\"jwf-16-jf4\"\n\t\t\t\trel=\"lightbox\">\n\t\t\t\t<img\n\t\t\t\t\ttitle=\"JWF 16 JF4\"\n\t\t\t\t\talt=\"JWF 16 JF4\"\n\t\t\t\t\tsrc=\"https:\/\/dev.jazzweltfestival.ch\/wp-content\/gallery\/impressionen\/cache\/JWF-16-JF4.jpg-nggid03104-ngg0dyn-170x110x100-00f0w010c011r110f110r010t010.jpg\"\n\t\t\t\t\twidth=\"170\"\n\t\t\t\t\theight=\"110\"\n\t\t\t\t\tstyle=\"max-width:100%;\"\n\t\t\t\t\/>\n\t\t\t<\/a>\n\t\t<\/div>\n\t\t\t\t\t\t\t<\/div> \n\t\t\t\n\t\t\t\t<div id=\"ngg-image-32\" class=\"ngg-gallery-thumbnail-box \n\t\t\t\t\t\t\t\t\t\t\t\" \n\t\t\t>\n\t\t\t\t\t\t<div class=\"ngg-gallery-thumbnail\">\n\t\t\t<a href=\"https:\/\/dev.jazzweltfestival.ch\/wp-content\/gallery\/impressionen\/JWF-16-SCH.JPG\"\n\t\t\t\ttitle=\"\"\n\t\t\t\tdata-src=\"https:\/\/dev.jazzweltfestival.ch\/wp-content\/gallery\/impressionen\/JWF-16-SCH.JPG\"\n\t\t\t\tdata-thumbnail=\"https:\/\/dev.jazzweltfestival.ch\/wp-content\/gallery\/impressionen\/thumbs\/thumbs_JWF-16-SCH.JPG\"\n\t\t\t\tdata-image-id=\"107\"\n\t\t\t\tdata-title=\"JWF 16 SCH\"\n\t\t\t\tdata-description=\"\"\n\t\t\t\tdata-image-slug=\"jwf-16-sch\"\n\t\t\t\trel=\"lightbox\">\n\t\t\t\t<img\n\t\t\t\t\ttitle=\"JWF 16 SCH\"\n\t\t\t\t\talt=\"JWF 16 SCH\"\n\t\t\t\t\tsrc=\"https:\/\/dev.jazzweltfestival.ch\/wp-content\/gallery\/impressionen\/cache\/JWF-16-SCH.JPG-nggid03107-ngg0dyn-170x110x100-00f0w010c011r110f110r010t010.JPG\"\n\t\t\t\t\twidth=\"170\"\n\t\t\t\t\theight=\"110\"\n\t\t\t\t\tstyle=\"max-width:100%;\"\n\t\t\t\t\/>\n\t\t\t<\/a>\n\t\t<\/div>\n\t\t\t\t\t\t\t<\/div> \n\t\t\t\n\t\t\t\t<div id=\"ngg-image-33\" class=\"ngg-gallery-thumbnail-box \n\t\t\t\t\t\t\t\t\t\t\t\" \n\t\t\t>\n\t\t\t\t\t\t<div class=\"ngg-gallery-thumbnail\">\n\t\t\t<a href=\"https:\/\/dev.jazzweltfestival.ch\/wp-content\/gallery\/impressionen\/JWF-16-GP.JPG\"\n\t\t\t\ttitle=\"\"\n\t\t\t\tdata-src=\"https:\/\/dev.jazzweltfestival.ch\/wp-content\/gallery\/impressionen\/JWF-16-GP.JPG\"\n\t\t\t\tdata-thumbnail=\"https:\/\/dev.jazzweltfestival.ch\/wp-content\/gallery\/impressionen\/thumbs\/thumbs_JWF-16-GP.JPG\"\n\t\t\t\tdata-image-id=\"100\"\n\t\t\t\tdata-title=\"JWF 16 GP\"\n\t\t\t\tdata-description=\"\"\n\t\t\t\tdata-image-slug=\"jwf-16-gp\"\n\t\t\t\trel=\"lightbox\">\n\t\t\t\t<img\n\t\t\t\t\ttitle=\"JWF 16 GP\"\n\t\t\t\t\talt=\"JWF 16 GP\"\n\t\t\t\t\tsrc=\"https:\/\/dev.jazzweltfestival.ch\/wp-content\/gallery\/impressionen\/cache\/JWF-16-GP.JPG-nggid03100-ngg0dyn-170x110x100-00f0w010c011r110f110r010t010.JPG\"\n\t\t\t\t\twidth=\"170\"\n\t\t\t\t\theight=\"110\"\n\t\t\t\t\tstyle=\"max-width:100%;\"\n\t\t\t\t\/>\n\t\t\t<\/a>\n\t\t<\/div>\n\t\t\t\t\t\t\t<\/div> \n\t\t\t\n\t\t\t\t<div id=\"ngg-image-34\" class=\"ngg-gallery-thumbnail-box \n\t\t\t\t\t\t\t\t\t\t\t\" \n\t\t\t>\n\t\t\t\t\t\t<div class=\"ngg-gallery-thumbnail\">\n\t\t\t<a href=\"https:\/\/dev.jazzweltfestival.ch\/wp-content\/gallery\/impressionen\/KVP_8069.JPG\"\n\t\t\t\ttitle=\"\"\n\t\t\t\tdata-src=\"https:\/\/dev.jazzweltfestival.ch\/wp-content\/gallery\/impressionen\/KVP_8069.JPG\"\n\t\t\t\tdata-thumbnail=\"https:\/\/dev.jazzweltfestival.ch\/wp-content\/gallery\/impressionen\/thumbs\/thumbs_KVP_8069.JPG\"\n\t\t\t\tdata-image-id=\"112\"\n\t\t\t\tdata-title=\"KVP_8069\"\n\t\t\t\tdata-description=\"\"\n\t\t\t\tdata-image-slug=\"kvp_8069\"\n\t\t\t\trel=\"lightbox\">\n\t\t\t\t<img\n\t\t\t\t\ttitle=\"KVP_8069\"\n\t\t\t\t\talt=\"KVP_8069\"\n\t\t\t\t\tsrc=\"https:\/\/dev.jazzweltfestival.ch\/wp-content\/gallery\/impressionen\/cache\/KVP_8069.JPG-nggid03112-ngg0dyn-170x110x100-00f0w010c011r110f110r010t010.JPG\"\n\t\t\t\t\twidth=\"170\"\n\t\t\t\t\theight=\"110\"\n\t\t\t\t\tstyle=\"max-width:100%;\"\n\t\t\t\t\/>\n\t\t\t<\/a>\n\t\t<\/div>\n\t\t\t\t\t\t\t<\/div> \n\t\t\t\n\t\t\t\t<div id=\"ngg-image-35\" class=\"ngg-gallery-thumbnail-box \n\t\t\t\t\t\t\t\t\t\t\t\" \n\t\t\t>\n\t\t\t\t\t\t<div class=\"ngg-gallery-thumbnail\">\n\t\t\t<a href=\"https:\/\/dev.jazzweltfestival.ch\/wp-content\/gallery\/impressionen\/JWF-16-TWR.JPG\"\n\t\t\t\ttitle=\"\"\n\t\t\t\tdata-src=\"https:\/\/dev.jazzweltfestival.ch\/wp-content\/gallery\/impressionen\/JWF-16-TWR.JPG\"\n\t\t\t\tdata-thumbnail=\"https:\/\/dev.jazzweltfestival.ch\/wp-content\/gallery\/impressionen\/thumbs\/thumbs_JWF-16-TWR.JPG\"\n\t\t\t\tdata-image-id=\"108\"\n\t\t\t\tdata-title=\"JWF 16 TWR\"\n\t\t\t\tdata-description=\"\"\n\t\t\t\tdata-image-slug=\"jwf-16-twr\"\n\t\t\t\trel=\"lightbox\">\n\t\t\t\t<img\n\t\t\t\t\ttitle=\"JWF 16 TWR\"\n\t\t\t\t\talt=\"JWF 16 TWR\"\n\t\t\t\t\tsrc=\"https:\/\/dev.jazzweltfestival.ch\/wp-content\/gallery\/impressionen\/cache\/JWF-16-TWR.JPG-nggid03108-ngg0dyn-170x110x100-00f0w010c011r110f110r010t010.JPG\"\n\t\t\t\t\twidth=\"170\"\n\t\t\t\t\theight=\"110\"\n\t\t\t\t\tstyle=\"max-width:100%;\"\n\t\t\t\t\/>\n\t\t\t<\/a>\n\t\t<\/div>\n\t\t\t\t\t\t\t<\/div> \n\t\t\t\n\t\t\t\t<div id=\"ngg-image-36\" class=\"ngg-gallery-thumbnail-box \n\t\t\t\t\t\t\t\t\t\t\t\" \n\t\t\t>\n\t\t\t\t\t\t<div class=\"ngg-gallery-thumbnail\">\n\t\t\t<a href=\"https:\/\/dev.jazzweltfestival.ch\/wp-content\/gallery\/impressionen\/JWF-16-TWR3.JPG\"\n\t\t\t\ttitle=\"\"\n\t\t\t\tdata-src=\"https:\/\/dev.jazzweltfestival.ch\/wp-content\/gallery\/impressionen\/JWF-16-TWR3.JPG\"\n\t\t\t\tdata-thumbnail=\"https:\/\/dev.jazzweltfestival.ch\/wp-content\/gallery\/impressionen\/thumbs\/thumbs_JWF-16-TWR3.JPG\"\n\t\t\t\tdata-image-id=\"110\"\n\t\t\t\tdata-title=\"JWF 16 TWR3\"\n\t\t\t\tdata-description=\"\"\n\t\t\t\tdata-image-slug=\"jwf-16-twr3\"\n\t\t\t\trel=\"lightbox\">\n\t\t\t\t<img\n\t\t\t\t\ttitle=\"JWF 16 TWR3\"\n\t\t\t\t\talt=\"JWF 16 TWR3\"\n\t\t\t\t\tsrc=\"https:\/\/dev.jazzweltfestival.ch\/wp-content\/gallery\/impressionen\/cache\/JWF-16-TWR3.JPG-nggid03110-ngg0dyn-170x110x100-00f0w010c011r110f110r010t010.JPG\"\n\t\t\t\t\twidth=\"170\"\n\t\t\t\t\theight=\"110\"\n\t\t\t\t\tstyle=\"max-width:100%;\"\n\t\t\t\t\/>\n\t\t\t<\/a>\n\t\t<\/div>\n\t\t\t\t\t\t\t<\/div> \n\t\t\t\n\t\t\t\t<div id=\"ngg-image-37\" class=\"ngg-gallery-thumbnail-box \n\t\t\t\t\t\t\t\t\t\t\t\" \n\t\t\t>\n\t\t\t\t\t\t<div class=\"ngg-gallery-thumbnail\">\n\t\t\t<a href=\"https:\/\/dev.jazzweltfestival.ch\/wp-content\/gallery\/impressionen\/JWF-16-Am.JPG\"\n\t\t\t\ttitle=\"\"\n\t\t\t\tdata-src=\"https:\/\/dev.jazzweltfestival.ch\/wp-content\/gallery\/impressionen\/JWF-16-Am.JPG\"\n\t\t\t\tdata-thumbnail=\"https:\/\/dev.jazzweltfestival.ch\/wp-content\/gallery\/impressionen\/thumbs\/thumbs_JWF-16-Am.JPG\"\n\t\t\t\tdata-image-id=\"92\"\n\t\t\t\tdata-title=\"JWF 16 Am\"\n\t\t\t\tdata-description=\"\"\n\t\t\t\tdata-image-slug=\"jwf-16-am\"\n\t\t\t\trel=\"lightbox\">\n\t\t\t\t<img\n\t\t\t\t\ttitle=\"JWF 16 Am\"\n\t\t\t\t\talt=\"JWF 16 Am\"\n\t\t\t\t\tsrc=\"https:\/\/dev.jazzweltfestival.ch\/wp-content\/gallery\/impressionen\/cache\/JWF-16-Am.JPG-nggid0292-ngg0dyn-170x110x100-00f0w010c011r110f110r010t010.JPG\"\n\t\t\t\t\twidth=\"170\"\n\t\t\t\t\theight=\"110\"\n\t\t\t\t\tstyle=\"max-width:100%;\"\n\t\t\t\t\/>\n\t\t\t<\/a>\n\t\t<\/div>\n\t\t\t\t\t\t\t<\/div> \n\t\t\t\n\t\t\t\t<div id=\"ngg-image-38\" class=\"ngg-gallery-thumbnail-box \n\t\t\t\t\t\t\t\t\t\t\t\" \n\t\t\t>\n\t\t\t\t\t\t<div class=\"ngg-gallery-thumbnail\">\n\t\t\t<a href=\"https:\/\/dev.jazzweltfestival.ch\/wp-content\/gallery\/impressionen\/JWF-16-AB.JPG\"\n\t\t\t\ttitle=\"\"\n\t\t\t\tdata-src=\"https:\/\/dev.jazzweltfestival.ch\/wp-content\/gallery\/impressionen\/JWF-16-AB.JPG\"\n\t\t\t\tdata-thumbnail=\"https:\/\/dev.jazzweltfestival.ch\/wp-content\/gallery\/impressionen\/thumbs\/thumbs_JWF-16-AB.JPG\"\n\t\t\t\tdata-image-id=\"111\"\n\t\t\t\tdata-title=\"JWF 16 AB\"\n\t\t\t\tdata-description=\"\"\n\t\t\t\tdata-image-slug=\"jwf-16-ab\"\n\t\t\t\trel=\"lightbox\">\n\t\t\t\t<img\n\t\t\t\t\ttitle=\"JWF 16 AB\"\n\t\t\t\t\talt=\"JWF 16 AB\"\n\t\t\t\t\tsrc=\"https:\/\/dev.jazzweltfestival.ch\/wp-content\/gallery\/impressionen\/cache\/JWF-16-AB.JPG-nggid03111-ngg0dyn-170x110x100-00f0w010c011r110f110r010t010.JPG\"\n\t\t\t\t\twidth=\"170\"\n\t\t\t\t\theight=\"110\"\n\t\t\t\t\tstyle=\"max-width:100%;\"\n\t\t\t\t\/>\n\t\t\t<\/a>\n\t\t<\/div>\n\t\t\t\t\t\t\t<\/div> \n\t\t\t\n\t\t\t\t<div id=\"ngg-image-39\" class=\"ngg-gallery-thumbnail-box \n\t\t\t\t\t\t\t\t\t\t\t\" \n\t\t\t>\n\t\t\t\t\t\t<div class=\"ngg-gallery-thumbnail\">\n\t\t\t<a href=\"https:\/\/dev.jazzweltfestival.ch\/wp-content\/gallery\/impressionen\/01.jpg\"\n\t\t\t\ttitle=\"JWF 15 Nikolaiplatz\"\n\t\t\t\tdata-src=\"https:\/\/dev.jazzweltfestival.ch\/wp-content\/gallery\/impressionen\/01.jpg\"\n\t\t\t\tdata-thumbnail=\"https:\/\/dev.jazzweltfestival.ch\/wp-content\/gallery\/impressionen\/thumbs\/thumbs_01.jpg\"\n\t\t\t\tdata-image-id=\"51\"\n\t\t\t\tdata-title=\"01\"\n\t\t\t\tdata-description=\"JWF 15 Nikolaiplatz\"\n\t\t\t\tdata-image-slug=\"01\"\n\t\t\t\trel=\"lightbox\">\n\t\t\t\t<img\n\t\t\t\t\ttitle=\"01\"\n\t\t\t\t\talt=\"01\"\n\t\t\t\t\tsrc=\"https:\/\/dev.jazzweltfestival.ch\/wp-content\/gallery\/impressionen\/cache\/01.jpg-nggid0251-ngg0dyn-170x110x100-00f0w010c011r110f110r010t010.jpg\"\n\t\t\t\t\twidth=\"170\"\n\t\t\t\t\theight=\"110\"\n\t\t\t\t\tstyle=\"max-width:100%;\"\n\t\t\t\t\/>\n\t\t\t<\/a>\n\t\t<\/div>\n\t\t\t\t\t\t\t<\/div> \n\t\t\t\n\t\t\t\t<div id=\"ngg-image-40\" class=\"ngg-gallery-thumbnail-box \n\t\t\t\t\t\t\t\t\t\t\t\" \n\t\t\t>\n\t\t\t\t\t\t<div class=\"ngg-gallery-thumbnail\">\n\t\t\t<a href=\"https:\/\/dev.jazzweltfestival.ch\/wp-content\/gallery\/impressionen\/04.jpg\"\n\t\t\t\ttitle=\"JWF 15 Corazon Latino\"\n\t\t\t\tdata-src=\"https:\/\/dev.jazzweltfestival.ch\/wp-content\/gallery\/impressionen\/04.jpg\"\n\t\t\t\tdata-thumbnail=\"https:\/\/dev.jazzweltfestival.ch\/wp-content\/gallery\/impressionen\/thumbs\/thumbs_04.jpg\"\n\t\t\t\tdata-image-id=\"48\"\n\t\t\t\tdata-title=\"04\"\n\t\t\t\tdata-description=\"JWF 15 Corazon Latino\"\n\t\t\t\tdata-image-slug=\"04\"\n\t\t\t\trel=\"lightbox\">\n\t\t\t\t<img\n\t\t\t\t\ttitle=\"04\"\n\t\t\t\t\talt=\"04\"\n\t\t\t\t\tsrc=\"https:\/\/dev.jazzweltfestival.ch\/wp-content\/gallery\/impressionen\/cache\/04.jpg-nggid0248-ngg0dyn-170x110x100-00f0w010c011r110f110r010t010.jpg\"\n\t\t\t\t\twidth=\"170\"\n\t\t\t\t\theight=\"110\"\n\t\t\t\t\tstyle=\"max-width:100%;\"\n\t\t\t\t\/>\n\t\t\t<\/a>\n\t\t<\/div>\n\t\t\t\t\t\t\t<\/div> \n\t\t\t\n\t\t\t\t<div id=\"ngg-image-41\" class=\"ngg-gallery-thumbnail-box \n\t\t\t\t\t\t\t\t\t\t\t\" \n\t\t\t>\n\t\t\t\t\t\t<div class=\"ngg-gallery-thumbnail\">\n\t\t\t<a href=\"https:\/\/dev.jazzweltfestival.ch\/wp-content\/gallery\/impressionen\/05.jpg\"\n\t\t\t\ttitle=\"JWF 15 Quintino\"\n\t\t\t\tdata-src=\"https:\/\/dev.jazzweltfestival.ch\/wp-content\/gallery\/impressionen\/05.jpg\"\n\t\t\t\tdata-thumbnail=\"https:\/\/dev.jazzweltfestival.ch\/wp-content\/gallery\/impressionen\/thumbs\/thumbs_05.jpg\"\n\t\t\t\tdata-image-id=\"47\"\n\t\t\t\tdata-title=\"05\"\n\t\t\t\tdata-description=\"JWF 15 Quintino\"\n\t\t\t\tdata-image-slug=\"05\"\n\t\t\t\trel=\"lightbox\">\n\t\t\t\t<img\n\t\t\t\t\ttitle=\"05\"\n\t\t\t\t\talt=\"05\"\n\t\t\t\t\tsrc=\"https:\/\/dev.jazzweltfestival.ch\/wp-content\/gallery\/impressionen\/cache\/05.jpg-nggid0247-ngg0dyn-170x110x100-00f0w010c011r110f110r010t010.jpg\"\n\t\t\t\t\twidth=\"170\"\n\t\t\t\t\theight=\"110\"\n\t\t\t\t\tstyle=\"max-width:100%;\"\n\t\t\t\t\/>\n\t\t\t<\/a>\n\t\t<\/div>\n\t\t\t\t\t\t\t<\/div> \n\t\t\t\n\t\t\t\t<div id=\"ngg-image-42\" class=\"ngg-gallery-thumbnail-box \n\t\t\t\t\t\t\t\t\t\t\t\" \n\t\t\t>\n\t\t\t\t\t\t<div class=\"ngg-gallery-thumbnail\">\n\t\t\t<a href=\"https:\/\/dev.jazzweltfestival.ch\/wp-content\/gallery\/impressionen\/06.jpg\"\n\t\t\t\ttitle=\"JWF 15 Haissam Salah Eddine\"\n\t\t\t\tdata-src=\"https:\/\/dev.jazzweltfestival.ch\/wp-content\/gallery\/impressionen\/06.jpg\"\n\t\t\t\tdata-thumbnail=\"https:\/\/dev.jazzweltfestival.ch\/wp-content\/gallery\/impressionen\/thumbs\/thumbs_06.jpg\"\n\t\t\t\tdata-image-id=\"46\"\n\t\t\t\tdata-title=\"06\"\n\t\t\t\tdata-description=\"JWF 15 Haissam Salah Eddine\"\n\t\t\t\tdata-image-slug=\"06\"\n\t\t\t\trel=\"lightbox\">\n\t\t\t\t<img\n\t\t\t\t\ttitle=\"06\"\n\t\t\t\t\talt=\"06\"\n\t\t\t\t\tsrc=\"https:\/\/dev.jazzweltfestival.ch\/wp-content\/gallery\/impressionen\/cache\/06.jpg-nggid0246-ngg0dyn-170x110x100-00f0w010c011r110f110r010t010.jpg\"\n\t\t\t\t\twidth=\"170\"\n\t\t\t\t\theight=\"110\"\n\t\t\t\t\tstyle=\"max-width:100%;\"\n\t\t\t\t\/>\n\t\t\t<\/a>\n\t\t<\/div>\n\t\t\t\t\t\t\t<\/div> \n\t\t\t\n\t\t\t\t<div id=\"ngg-image-43\" class=\"ngg-gallery-thumbnail-box \n\t\t\t\t\t\t\t\t\t\t\t\" \n\t\t\t>\n\t\t\t\t\t\t<div class=\"ngg-gallery-thumbnail\">\n\t\t\t<a href=\"https:\/\/dev.jazzweltfestival.ch\/wp-content\/gallery\/impressionen\/07.jpg\"\n\t\t\t\ttitle=\"JWF 15 Haissam Salah Eddine\"\n\t\t\t\tdata-src=\"https:\/\/dev.jazzweltfestival.ch\/wp-content\/gallery\/impressionen\/07.jpg\"\n\t\t\t\tdata-thumbnail=\"https:\/\/dev.jazzweltfestival.ch\/wp-content\/gallery\/impressionen\/thumbs\/thumbs_07.jpg\"\n\t\t\t\tdata-image-id=\"45\"\n\t\t\t\tdata-title=\"07\"\n\t\t\t\tdata-description=\"JWF 15 Haissam Salah Eddine\"\n\t\t\t\tdata-image-slug=\"07\"\n\t\t\t\trel=\"lightbox\">\n\t\t\t\t<img\n\t\t\t\t\ttitle=\"07\"\n\t\t\t\t\talt=\"07\"\n\t\t\t\t\tsrc=\"https:\/\/dev.jazzweltfestival.ch\/wp-content\/gallery\/impressionen\/cache\/07.jpg-nggid0245-ngg0dyn-170x110x100-00f0w010c011r110f110r010t010.jpg\"\n\t\t\t\t\twidth=\"170\"\n\t\t\t\t\theight=\"110\"\n\t\t\t\t\tstyle=\"max-width:100%;\"\n\t\t\t\t\/>\n\t\t\t<\/a>\n\t\t<\/div>\n\t\t\t\t\t\t\t<\/div> \n\t\t\t\n\t\t\t\t<div id=\"ngg-image-44\" class=\"ngg-gallery-thumbnail-box \n\t\t\t\t\t\t\t\t\t\t\t\" \n\t\t\t>\n\t\t\t\t\t\t<div class=\"ngg-gallery-thumbnail\">\n\t\t\t<a href=\"https:\/\/dev.jazzweltfestival.ch\/wp-content\/gallery\/impressionen\/08.jpg\"\n\t\t\t\ttitle=\"JWF 15 Event Weltfl\u00fcchtlingstag\"\n\t\t\t\tdata-src=\"https:\/\/dev.jazzweltfestival.ch\/wp-content\/gallery\/impressionen\/08.jpg\"\n\t\t\t\tdata-thumbnail=\"https:\/\/dev.jazzweltfestival.ch\/wp-content\/gallery\/impressionen\/thumbs\/thumbs_08.jpg\"\n\t\t\t\tdata-image-id=\"44\"\n\t\t\t\tdata-title=\"08\"\n\t\t\t\tdata-description=\"JWF 15 Event Weltfl\u00fcchtlingstag\"\n\t\t\t\tdata-image-slug=\"08\"\n\t\t\t\trel=\"lightbox\">\n\t\t\t\t<img\n\t\t\t\t\ttitle=\"08\"\n\t\t\t\t\talt=\"08\"\n\t\t\t\t\tsrc=\"https:\/\/dev.jazzweltfestival.ch\/wp-content\/gallery\/impressionen\/cache\/08.jpg-nggid0244-ngg0dyn-170x110x100-00f0w010c011r110f110r010t010.jpg\"\n\t\t\t\t\twidth=\"170\"\n\t\t\t\t\theight=\"110\"\n\t\t\t\t\tstyle=\"max-width:100%;\"\n\t\t\t\t\/>\n\t\t\t<\/a>\n\t\t<\/div>\n\t\t\t\t\t\t\t<\/div> \n\t\t\t\n\t\t\t\t<div id=\"ngg-image-45\" class=\"ngg-gallery-thumbnail-box \n\t\t\t\t\t\t\t\t\t\t\t\" \n\t\t\t>\n\t\t\t\t\t\t<div class=\"ngg-gallery-thumbnail\">\n\t\t\t<a href=\"https:\/\/dev.jazzweltfestival.ch\/wp-content\/gallery\/impressionen\/09.jpg\"\n\t\t\t\ttitle=\"JWF 15 Event Weltfl\u00fcchtlingstag\"\n\t\t\t\tdata-src=\"https:\/\/dev.jazzweltfestival.ch\/wp-content\/gallery\/impressionen\/09.jpg\"\n\t\t\t\tdata-thumbnail=\"https:\/\/dev.jazzweltfestival.ch\/wp-content\/gallery\/impressionen\/thumbs\/thumbs_09.jpg\"\n\t\t\t\tdata-image-id=\"43\"\n\t\t\t\tdata-title=\"09\"\n\t\t\t\tdata-description=\"JWF 15 Event Weltfl\u00fcchtlingstag\"\n\t\t\t\tdata-image-slug=\"09\"\n\t\t\t\trel=\"lightbox\">\n\t\t\t\t<img\n\t\t\t\t\ttitle=\"09\"\n\t\t\t\t\talt=\"09\"\n\t\t\t\t\tsrc=\"https:\/\/dev.jazzweltfestival.ch\/wp-content\/gallery\/impressionen\/cache\/09.jpg-nggid0243-ngg0dyn-170x110x100-00f0w010c011r110f110r010t010.jpg\"\n\t\t\t\t\twidth=\"170\"\n\t\t\t\t\theight=\"110\"\n\t\t\t\t\tstyle=\"max-width:100%;\"\n\t\t\t\t\/>\n\t\t\t<\/a>\n\t\t<\/div>\n\t\t\t\t\t\t\t<\/div> \n\t\t\t\n\t\t\t\t<div id=\"ngg-image-46\" class=\"ngg-gallery-thumbnail-box \n\t\t\t\t\t\t\t\t\t\t\t\" \n\t\t\t>\n\t\t\t\t\t\t<div class=\"ngg-gallery-thumbnail\">\n\t\t\t<a href=\"https:\/\/dev.jazzweltfestival.ch\/wp-content\/gallery\/impressionen\/10.jpg\"\n\t\t\t\ttitle=\"JWF 15 Strange Steps\"\n\t\t\t\tdata-src=\"https:\/\/dev.jazzweltfestival.ch\/wp-content\/gallery\/impressionen\/10.jpg\"\n\t\t\t\tdata-thumbnail=\"https:\/\/dev.jazzweltfestival.ch\/wp-content\/gallery\/impressionen\/thumbs\/thumbs_10.jpg\"\n\t\t\t\tdata-image-id=\"42\"\n\t\t\t\tdata-title=\"10\"\n\t\t\t\tdata-description=\"JWF 15 Strange Steps\"\n\t\t\t\tdata-image-slug=\"10\"\n\t\t\t\trel=\"lightbox\">\n\t\t\t\t<img\n\t\t\t\t\ttitle=\"10\"\n\t\t\t\t\talt=\"10\"\n\t\t\t\t\tsrc=\"https:\/\/dev.jazzweltfestival.ch\/wp-content\/gallery\/impressionen\/cache\/10.jpg-nggid0242-ngg0dyn-170x110x100-00f0w010c011r110f110r010t010.jpg\"\n\t\t\t\t\twidth=\"170\"\n\t\t\t\t\theight=\"110\"\n\t\t\t\t\tstyle=\"max-width:100%;\"\n\t\t\t\t\/>\n\t\t\t<\/a>\n\t\t<\/div>\n\t\t\t\t\t\t\t<\/div> \n\t\t\t\n\t\t\t\t<div id=\"ngg-image-47\" class=\"ngg-gallery-thumbnail-box \n\t\t\t\t\t\t\t\t\t\t\t\" \n\t\t\t>\n\t\t\t\t\t\t<div class=\"ngg-gallery-thumbnail\">\n\t\t\t<a href=\"https:\/\/dev.jazzweltfestival.ch\/wp-content\/gallery\/impressionen\/11.jpg\"\n\t\t\t\ttitle=\"JWF 15 The Clients\"\n\t\t\t\tdata-src=\"https:\/\/dev.jazzweltfestival.ch\/wp-content\/gallery\/impressionen\/11.jpg\"\n\t\t\t\tdata-thumbnail=\"https:\/\/dev.jazzweltfestival.ch\/wp-content\/gallery\/impressionen\/thumbs\/thumbs_11.jpg\"\n\t\t\t\tdata-image-id=\"41\"\n\t\t\t\tdata-title=\"11\"\n\t\t\t\tdata-description=\"JWF 15 The Clients\"\n\t\t\t\tdata-image-slug=\"11\"\n\t\t\t\trel=\"lightbox\">\n\t\t\t\t<img\n\t\t\t\t\ttitle=\"11\"\n\t\t\t\t\talt=\"11\"\n\t\t\t\t\tsrc=\"https:\/\/dev.jazzweltfestival.ch\/wp-content\/gallery\/impressionen\/cache\/11.jpg-nggid0241-ngg0dyn-170x110x100-00f0w010c011r110f110r010t010.jpg\"\n\t\t\t\t\twidth=\"170\"\n\t\t\t\t\theight=\"110\"\n\t\t\t\t\tstyle=\"max-width:100%;\"\n\t\t\t\t\/>\n\t\t\t<\/a>\n\t\t<\/div>\n\t\t\t\t\t\t\t<\/div> \n\t\t\t\n\t\t\t\t<div id=\"ngg-image-48\" class=\"ngg-gallery-thumbnail-box \n\t\t\t\t\t\t\t\t\t\t\t\" \n\t\t\t>\n\t\t\t\t\t\t<div class=\"ngg-gallery-thumbnail\">\n\t\t\t<a href=\"https:\/\/dev.jazzweltfestival.ch\/wp-content\/gallery\/impressionen\/063B8922-Kopie.jpg\"\n\t\t\t\ttitle=\"JWF 15 Ansage Felix\"\n\t\t\t\tdata-src=\"https:\/\/dev.jazzweltfestival.ch\/wp-content\/gallery\/impressionen\/063B8922-Kopie.jpg\"\n\t\t\t\tdata-thumbnail=\"https:\/\/dev.jazzweltfestival.ch\/wp-content\/gallery\/impressionen\/thumbs\/thumbs_063B8922-Kopie.jpg\"\n\t\t\t\tdata-image-id=\"53\"\n\t\t\t\tdata-title=\"063B8922 Kopie\"\n\t\t\t\tdata-description=\"JWF 15 Ansage Felix\"\n\t\t\t\tdata-image-slug=\"063b8922-kopie\"\n\t\t\t\trel=\"lightbox\">\n\t\t\t\t<img\n\t\t\t\t\ttitle=\"063B8922 Kopie\"\n\t\t\t\t\talt=\"063B8922 Kopie\"\n\t\t\t\t\tsrc=\"https:\/\/dev.jazzweltfestival.ch\/wp-content\/gallery\/impressionen\/cache\/063B8922-Kopie.jpg-nggid0253-ngg0dyn-170x110x100-00f0w010c011r110f110r010t010.jpg\"\n\t\t\t\t\twidth=\"170\"\n\t\t\t\t\theight=\"110\"\n\t\t\t\t\tstyle=\"max-width:100%;\"\n\t\t\t\t\/>\n\t\t\t<\/a>\n\t\t<\/div>\n\t\t\t\t\t\t\t<\/div> \n\t\t\t\n\t\t\t\t<div id=\"ngg-image-49\" class=\"ngg-gallery-thumbnail-box \n\t\t\t\t\t\t\t\t\t\t\t\" \n\t\t\t>\n\t\t\t\t\t\t<div class=\"ngg-gallery-thumbnail\">\n\t\t\t<a href=\"https:\/\/dev.jazzweltfestival.ch\/wp-content\/gallery\/impressionen\/12.jpg\"\n\t\t\t\ttitle=\"JWF 15 Agora Ensemble\"\n\t\t\t\tdata-src=\"https:\/\/dev.jazzweltfestival.ch\/wp-content\/gallery\/impressionen\/12.jpg\"\n\t\t\t\tdata-thumbnail=\"https:\/\/dev.jazzweltfestival.ch\/wp-content\/gallery\/impressionen\/thumbs\/thumbs_12.jpg\"\n\t\t\t\tdata-image-id=\"40\"\n\t\t\t\tdata-title=\"12\"\n\t\t\t\tdata-description=\"JWF 15 Agora Ensemble\"\n\t\t\t\tdata-image-slug=\"12\"\n\t\t\t\trel=\"lightbox\">\n\t\t\t\t<img\n\t\t\t\t\ttitle=\"12\"\n\t\t\t\t\talt=\"12\"\n\t\t\t\t\tsrc=\"https:\/\/dev.jazzweltfestival.ch\/wp-content\/gallery\/impressionen\/cache\/12.jpg-nggid0240-ngg0dyn-170x110x100-00f0w010c011r110f110r010t010.jpg\"\n\t\t\t\t\twidth=\"170\"\n\t\t\t\t\theight=\"110\"\n\t\t\t\t\tstyle=\"max-width:100%;\"\n\t\t\t\t\/>\n\t\t\t<\/a>\n\t\t<\/div>\n\t\t\t\t\t\t\t<\/div> \n\t\t\t\n\t\t\t\t<div id=\"ngg-image-50\" class=\"ngg-gallery-thumbnail-box \n\t\t\t\t\t\t\t\t\t\t\t\" \n\t\t\t>\n\t\t\t\t\t\t<div class=\"ngg-gallery-thumbnail\">\n\t\t\t<a href=\"https:\/\/dev.jazzweltfestival.ch\/wp-content\/gallery\/impressionen\/13.jpg\"\n\t\t\t\ttitle=\"JWF 15 Agora Ensemble\"\n\t\t\t\tdata-src=\"https:\/\/dev.jazzweltfestival.ch\/wp-content\/gallery\/impressionen\/13.jpg\"\n\t\t\t\tdata-thumbnail=\"https:\/\/dev.jazzweltfestival.ch\/wp-content\/gallery\/impressionen\/thumbs\/thumbs_13.jpg\"\n\t\t\t\tdata-image-id=\"39\"\n\t\t\t\tdata-title=\"13\"\n\t\t\t\tdata-description=\"JWF 15 Agora Ensemble\"\n\t\t\t\tdata-image-slug=\"13\"\n\t\t\t\trel=\"lightbox\">\n\t\t\t\t<img\n\t\t\t\t\ttitle=\"13\"\n\t\t\t\t\talt=\"13\"\n\t\t\t\t\tsrc=\"https:\/\/dev.jazzweltfestival.ch\/wp-content\/gallery\/impressionen\/cache\/13.jpg-nggid0239-ngg0dyn-170x110x100-00f0w010c011r110f110r010t010.jpg\"\n\t\t\t\t\twidth=\"170\"\n\t\t\t\t\theight=\"110\"\n\t\t\t\t\tstyle=\"max-width:100%;\"\n\t\t\t\t\/>\n\t\t\t<\/a>\n\t\t<\/div>\n\t\t\t\t\t\t\t<\/div> \n\t\t\t\n\t\t\t\t<div id=\"ngg-image-51\" class=\"ngg-gallery-thumbnail-box \n\t\t\t\t\t\t\t\t\t\t\t\" \n\t\t\t>\n\t\t\t\t\t\t<div class=\"ngg-gallery-thumbnail\">\n\t\t\t<a href=\"https:\/\/dev.jazzweltfestival.ch\/wp-content\/gallery\/impressionen\/14.jpg\"\n\t\t\t\ttitle=\"JWF 15 Michel Neff Group\"\n\t\t\t\tdata-src=\"https:\/\/dev.jazzweltfestival.ch\/wp-content\/gallery\/impressionen\/14.jpg\"\n\t\t\t\tdata-thumbnail=\"https:\/\/dev.jazzweltfestival.ch\/wp-content\/gallery\/impressionen\/thumbs\/thumbs_14.jpg\"\n\t\t\t\tdata-image-id=\"38\"\n\t\t\t\tdata-title=\"14\"\n\t\t\t\tdata-description=\"JWF 15 Michel Neff Group\"\n\t\t\t\tdata-image-slug=\"14\"\n\t\t\t\trel=\"lightbox\">\n\t\t\t\t<img\n\t\t\t\t\ttitle=\"14\"\n\t\t\t\t\talt=\"14\"\n\t\t\t\t\tsrc=\"https:\/\/dev.jazzweltfestival.ch\/wp-content\/gallery\/impressionen\/cache\/14.jpg-nggid0238-ngg0dyn-170x110x100-00f0w010c011r110f110r010t010.jpg\"\n\t\t\t\t\twidth=\"170\"\n\t\t\t\t\theight=\"110\"\n\t\t\t\t\tstyle=\"max-width:100%;\"\n\t\t\t\t\/>\n\t\t\t<\/a>\n\t\t<\/div>\n\t\t\t\t\t\t\t<\/div> \n\t\t\t\n\t\t\t\t<div id=\"ngg-image-52\" class=\"ngg-gallery-thumbnail-box \n\t\t\t\t\t\t\t\t\t\t\t\" \n\t\t\t>\n\t\t\t\t\t\t<div class=\"ngg-gallery-thumbnail\">\n\t\t\t<a href=\"https:\/\/dev.jazzweltfestival.ch\/wp-content\/gallery\/impressionen\/15.jpg\"\n\t\t\t\ttitle=\"JWF 15 Michel Neff Group\"\n\t\t\t\tdata-src=\"https:\/\/dev.jazzweltfestival.ch\/wp-content\/gallery\/impressionen\/15.jpg\"\n\t\t\t\tdata-thumbnail=\"https:\/\/dev.jazzweltfestival.ch\/wp-content\/gallery\/impressionen\/thumbs\/thumbs_15.jpg\"\n\t\t\t\tdata-image-id=\"37\"\n\t\t\t\tdata-title=\"15\"\n\t\t\t\tdata-description=\"JWF 15 Michel Neff Group\"\n\t\t\t\tdata-image-slug=\"15\"\n\t\t\t\trel=\"lightbox\">\n\t\t\t\t<img\n\t\t\t\t\ttitle=\"15\"\n\t\t\t\t\talt=\"15\"\n\t\t\t\t\tsrc=\"https:\/\/dev.jazzweltfestival.ch\/wp-content\/gallery\/impressionen\/cache\/15.jpg-nggid0237-ngg0dyn-170x110x100-00f0w010c011r110f110r010t010.jpg\"\n\t\t\t\t\twidth=\"170\"\n\t\t\t\t\theight=\"110\"\n\t\t\t\t\tstyle=\"max-width:100%;\"\n\t\t\t\t\/>\n\t\t\t<\/a>\n\t\t<\/div>\n\t\t\t\t\t\t\t<\/div> \n\t\t\t\n\t\t\t\t<div id=\"ngg-image-53\" class=\"ngg-gallery-thumbnail-box \n\t\t\t\t\t\t\t\t\t\t\t\" \n\t\t\t>\n\t\t\t\t\t\t<div class=\"ngg-gallery-thumbnail\">\n\t\t\t<a href=\"https:\/\/dev.jazzweltfestival.ch\/wp-content\/gallery\/impressionen\/16.jpg\"\n\t\t\t\ttitle=\"JWF 14 Ladrones del Tiempo\"\n\t\t\t\tdata-src=\"https:\/\/dev.jazzweltfestival.ch\/wp-content\/gallery\/impressionen\/16.jpg\"\n\t\t\t\tdata-thumbnail=\"https:\/\/dev.jazzweltfestival.ch\/wp-content\/gallery\/impressionen\/thumbs\/thumbs_16.jpg\"\n\t\t\t\tdata-image-id=\"36\"\n\t\t\t\tdata-title=\"16\"\n\t\t\t\tdata-description=\"JWF 14 Ladrones del Tiempo\"\n\t\t\t\tdata-image-slug=\"16\"\n\t\t\t\trel=\"lightbox\">\n\t\t\t\t<img\n\t\t\t\t\ttitle=\"16\"\n\t\t\t\t\talt=\"16\"\n\t\t\t\t\tsrc=\"https:\/\/dev.jazzweltfestival.ch\/wp-content\/gallery\/impressionen\/cache\/16.jpg-nggid0236-ngg0dyn-170x110x100-00f0w010c011r110f110r010t010.jpg\"\n\t\t\t\t\twidth=\"170\"\n\t\t\t\t\theight=\"110\"\n\t\t\t\t\tstyle=\"max-width:100%;\"\n\t\t\t\t\/>\n\t\t\t<\/a>\n\t\t<\/div>\n\t\t\t\t\t\t\t<\/div> \n\t\t\t\n\t\t\t\t<div id=\"ngg-image-54\" class=\"ngg-gallery-thumbnail-box \n\t\t\t\t\t\t\t\t\t\t\t\" \n\t\t\t>\n\t\t\t\t\t\t<div class=\"ngg-gallery-thumbnail\">\n\t\t\t<a href=\"https:\/\/dev.jazzweltfestival.ch\/wp-content\/gallery\/impressionen\/17.jpg\"\n\t\t\t\ttitle=\"JWF 14  Ladrones del Tiempo\"\n\t\t\t\tdata-src=\"https:\/\/dev.jazzweltfestival.ch\/wp-content\/gallery\/impressionen\/17.jpg\"\n\t\t\t\tdata-thumbnail=\"https:\/\/dev.jazzweltfestival.ch\/wp-content\/gallery\/impressionen\/thumbs\/thumbs_17.jpg\"\n\t\t\t\tdata-image-id=\"35\"\n\t\t\t\tdata-title=\"17\"\n\t\t\t\tdata-description=\"JWF 14  Ladrones del Tiempo\"\n\t\t\t\tdata-image-slug=\"17\"\n\t\t\t\trel=\"lightbox\">\n\t\t\t\t<img\n\t\t\t\t\ttitle=\"17\"\n\t\t\t\t\talt=\"17\"\n\t\t\t\t\tsrc=\"https:\/\/dev.jazzweltfestival.ch\/wp-content\/gallery\/impressionen\/cache\/17.jpg-nggid0235-ngg0dyn-170x110x100-00f0w010c011r110f110r010t010.jpg\"\n\t\t\t\t\twidth=\"170\"\n\t\t\t\t\theight=\"110\"\n\t\t\t\t\tstyle=\"max-width:100%;\"\n\t\t\t\t\/>\n\t\t\t<\/a>\n\t\t<\/div>\n\t\t\t\t\t\t\t<\/div> \n\t\t\t\n\t\t\t\t<div id=\"ngg-image-55\" class=\"ngg-gallery-thumbnail-box \n\t\t\t\t\t\t\t\t\t\t\t\" \n\t\t\t>\n\t\t\t\t\t\t<div class=\"ngg-gallery-thumbnail\">\n\t\t\t<a href=\"https:\/\/dev.jazzweltfestival.ch\/wp-content\/gallery\/impressionen\/18.jpg\"\n\t\t\t\ttitle=\"Phil Benesch Technik\"\n\t\t\t\tdata-src=\"https:\/\/dev.jazzweltfestival.ch\/wp-content\/gallery\/impressionen\/18.jpg\"\n\t\t\t\tdata-thumbnail=\"https:\/\/dev.jazzweltfestival.ch\/wp-content\/gallery\/impressionen\/thumbs\/thumbs_18.jpg\"\n\t\t\t\tdata-image-id=\"34\"\n\t\t\t\tdata-title=\"18\"\n\t\t\t\tdata-description=\"Phil Benesch Technik\"\n\t\t\t\tdata-image-slug=\"18\"\n\t\t\t\trel=\"lightbox\">\n\t\t\t\t<img\n\t\t\t\t\ttitle=\"18\"\n\t\t\t\t\talt=\"18\"\n\t\t\t\t\tsrc=\"https:\/\/dev.jazzweltfestival.ch\/wp-content\/gallery\/impressionen\/cache\/18.jpg-nggid0234-ngg0dyn-170x110x100-00f0w010c011r110f110r010t010.jpg\"\n\t\t\t\t\twidth=\"170\"\n\t\t\t\t\theight=\"110\"\n\t\t\t\t\tstyle=\"max-width:100%;\"\n\t\t\t\t\/>\n\t\t\t<\/a>\n\t\t<\/div>\n\t\t\t\t\t\t\t<\/div> \n\t\t\t\n\t\t\t\t<div id=\"ngg-image-56\" class=\"ngg-gallery-thumbnail-box \n\t\t\t\t\t\t\t\t\t\t\t\" \n\t\t\t>\n\t\t\t\t\t\t<div class=\"ngg-gallery-thumbnail\">\n\t\t\t<a href=\"https:\/\/dev.jazzweltfestival.ch\/wp-content\/gallery\/impressionen\/19.jpg\"\n\t\t\t\ttitle=\"JWF 14 Standarts of Rumantsch feat. Astrid Alexendre\"\n\t\t\t\tdata-src=\"https:\/\/dev.jazzweltfestival.ch\/wp-content\/gallery\/impressionen\/19.jpg\"\n\t\t\t\tdata-thumbnail=\"https:\/\/dev.jazzweltfestival.ch\/wp-content\/gallery\/impressionen\/thumbs\/thumbs_19.jpg\"\n\t\t\t\tdata-image-id=\"33\"\n\t\t\t\tdata-title=\"19\"\n\t\t\t\tdata-description=\"JWF 14 Standarts of Rumantsch feat. Astrid Alexendre\"\n\t\t\t\tdata-image-slug=\"19\"\n\t\t\t\trel=\"lightbox\">\n\t\t\t\t<img\n\t\t\t\t\ttitle=\"19\"\n\t\t\t\t\talt=\"19\"\n\t\t\t\t\tsrc=\"https:\/\/dev.jazzweltfestival.ch\/wp-content\/gallery\/impressionen\/cache\/19.jpg-nggid0233-ngg0dyn-170x110x100-00f0w010c011r110f110r010t010.jpg\"\n\t\t\t\t\twidth=\"170\"\n\t\t\t\t\theight=\"110\"\n\t\t\t\t\tstyle=\"max-width:100%;\"\n\t\t\t\t\/>\n\t\t\t<\/a>\n\t\t<\/div>\n\t\t\t\t\t\t\t<\/div> \n\t\t\t\n\t\t\t\t<div id=\"ngg-image-57\" class=\"ngg-gallery-thumbnail-box \n\t\t\t\t\t\t\t\t\t\t\t\" \n\t\t\t>\n\t\t\t\t\t\t<div class=\"ngg-gallery-thumbnail\">\n\t\t\t<a href=\"https:\/\/dev.jazzweltfestival.ch\/wp-content\/gallery\/impressionen\/20.jpg\"\n\t\t\t\ttitle=\"JWF 14 Grain Squaire Dixie\"\n\t\t\t\tdata-src=\"https:\/\/dev.jazzweltfestival.ch\/wp-content\/gallery\/impressionen\/20.jpg\"\n\t\t\t\tdata-thumbnail=\"https:\/\/dev.jazzweltfestival.ch\/wp-content\/gallery\/impressionen\/thumbs\/thumbs_20.jpg\"\n\t\t\t\tdata-image-id=\"32\"\n\t\t\t\tdata-title=\"20\"\n\t\t\t\tdata-description=\"JWF 14 Grain Squaire Dixie\"\n\t\t\t\tdata-image-slug=\"20\"\n\t\t\t\trel=\"lightbox\">\n\t\t\t\t<img\n\t\t\t\t\ttitle=\"20\"\n\t\t\t\t\talt=\"20\"\n\t\t\t\t\tsrc=\"https:\/\/dev.jazzweltfestival.ch\/wp-content\/gallery\/impressionen\/cache\/20.jpg-nggid0232-ngg0dyn-170x110x100-00f0w010c011r110f110r010t010.jpg\"\n\t\t\t\t\twidth=\"170\"\n\t\t\t\t\theight=\"110\"\n\t\t\t\t\tstyle=\"max-width:100%;\"\n\t\t\t\t\/>\n\t\t\t<\/a>\n\t\t<\/div>\n\t\t\t\t\t\t\t<\/div> \n\t\t\t\n\t\t\t\t<div id=\"ngg-image-58\" class=\"ngg-gallery-thumbnail-box \n\t\t\t\t\t\t\t\t\t\t\t\" \n\t\t\t>\n\t\t\t\t\t\t<div class=\"ngg-gallery-thumbnail\">\n\t\t\t<a href=\"https:\/\/dev.jazzweltfestival.ch\/wp-content\/gallery\/impressionen\/02.jpg\"\n\t\t\t\ttitle=\"JWF 14 Arcas Syncopics\"\n\t\t\t\tdata-src=\"https:\/\/dev.jazzweltfestival.ch\/wp-content\/gallery\/impressionen\/02.jpg\"\n\t\t\t\tdata-thumbnail=\"https:\/\/dev.jazzweltfestival.ch\/wp-content\/gallery\/impressionen\/thumbs\/thumbs_02.jpg\"\n\t\t\t\tdata-image-id=\"50\"\n\t\t\t\tdata-title=\"02\"\n\t\t\t\tdata-description=\"JWF 14 Arcas Syncopics\"\n\t\t\t\tdata-image-slug=\"02\"\n\t\t\t\trel=\"lightbox\">\n\t\t\t\t<img\n\t\t\t\t\ttitle=\"02\"\n\t\t\t\t\talt=\"02\"\n\t\t\t\t\tsrc=\"https:\/\/dev.jazzweltfestival.ch\/wp-content\/gallery\/impressionen\/cache\/02.jpg-nggid0250-ngg0dyn-170x110x100-00f0w010c011r110f110r010t010.jpg\"\n\t\t\t\t\twidth=\"170\"\n\t\t\t\t\theight=\"110\"\n\t\t\t\t\tstyle=\"max-width:100%;\"\n\t\t\t\t\/>\n\t\t\t<\/a>\n\t\t<\/div>\n\t\t\t\t\t\t\t<\/div> \n\t\t\t\n\t\t\t\t<div id=\"ngg-image-59\" class=\"ngg-gallery-thumbnail-box \n\t\t\t\t\t\t\t\t\t\t\t\" \n\t\t\t>\n\t\t\t\t\t\t<div class=\"ngg-gallery-thumbnail\">\n\t\t\t<a href=\"https:\/\/dev.jazzweltfestival.ch\/wp-content\/gallery\/impressionen\/21.jpg\"\n\t\t\t\ttitle=\"JWF 14 Euphoria\"\n\t\t\t\tdata-src=\"https:\/\/dev.jazzweltfestival.ch\/wp-content\/gallery\/impressionen\/21.jpg\"\n\t\t\t\tdata-thumbnail=\"https:\/\/dev.jazzweltfestival.ch\/wp-content\/gallery\/impressionen\/thumbs\/thumbs_21.jpg\"\n\t\t\t\tdata-image-id=\"31\"\n\t\t\t\tdata-title=\"21\"\n\t\t\t\tdata-description=\"JWF 14 Euphoria\"\n\t\t\t\tdata-image-slug=\"21\"\n\t\t\t\trel=\"lightbox\">\n\t\t\t\t<img\n\t\t\t\t\ttitle=\"21\"\n\t\t\t\t\talt=\"21\"\n\t\t\t\t\tsrc=\"https:\/\/dev.jazzweltfestival.ch\/wp-content\/gallery\/impressionen\/cache\/21.jpg-nggid0231-ngg0dyn-170x110x100-00f0w010c011r110f110r010t010.jpg\"\n\t\t\t\t\twidth=\"170\"\n\t\t\t\t\theight=\"110\"\n\t\t\t\t\tstyle=\"max-width:100%;\"\n\t\t\t\t\/>\n\t\t\t<\/a>\n\t\t<\/div>\n\t\t\t\t\t\t\t<\/div> \n\t\t\t\n\t\t\t\t<div id=\"ngg-image-60\" class=\"ngg-gallery-thumbnail-box \n\t\t\t\t\t\t\t\t\t\t\t\" \n\t\t\t>\n\t\t\t\t\t\t<div class=\"ngg-gallery-thumbnail\">\n\t\t\t<a href=\"https:\/\/dev.jazzweltfestival.ch\/wp-content\/gallery\/impressionen\/22.jpg\"\n\t\t\t\ttitle=\"JWF 14 Nikolaiplatz\"\n\t\t\t\tdata-src=\"https:\/\/dev.jazzweltfestival.ch\/wp-content\/gallery\/impressionen\/22.jpg\"\n\t\t\t\tdata-thumbnail=\"https:\/\/dev.jazzweltfestival.ch\/wp-content\/gallery\/impressionen\/thumbs\/thumbs_22.jpg\"\n\t\t\t\tdata-image-id=\"30\"\n\t\t\t\tdata-title=\"22\"\n\t\t\t\tdata-description=\"JWF 14 Nikolaiplatz\"\n\t\t\t\tdata-image-slug=\"22\"\n\t\t\t\trel=\"lightbox\">\n\t\t\t\t<img\n\t\t\t\t\ttitle=\"22\"\n\t\t\t\t\talt=\"22\"\n\t\t\t\t\tsrc=\"https:\/\/dev.jazzweltfestival.ch\/wp-content\/gallery\/impressionen\/cache\/22.jpg-nggid0230-ngg0dyn-170x110x100-00f0w010c011r110f110r010t010.jpg\"\n\t\t\t\t\twidth=\"170\"\n\t\t\t\t\theight=\"110\"\n\t\t\t\t\tstyle=\"max-width:100%;\"\n\t\t\t\t\/>\n\t\t\t<\/a>\n\t\t<\/div>\n\t\t\t\t\t\t\t<\/div> \n\t\t\t\n\t\t\t\t<div id=\"ngg-image-61\" class=\"ngg-gallery-thumbnail-box \n\t\t\t\t\t\t\t\t\t\t\t\" \n\t\t\t>\n\t\t\t\t\t\t<div class=\"ngg-gallery-thumbnail\">\n\t\t\t<a href=\"https:\/\/dev.jazzweltfestival.ch\/wp-content\/gallery\/impressionen\/03.jpg\"\n\t\t\t\ttitle=\"Mahmoud &amp; sein Team\"\n\t\t\t\tdata-src=\"https:\/\/dev.jazzweltfestival.ch\/wp-content\/gallery\/impressionen\/03.jpg\"\n\t\t\t\tdata-thumbnail=\"https:\/\/dev.jazzweltfestival.ch\/wp-content\/gallery\/impressionen\/thumbs\/thumbs_03.jpg\"\n\t\t\t\tdata-image-id=\"49\"\n\t\t\t\tdata-title=\"03\"\n\t\t\t\tdata-description=\"Mahmoud &amp; sein Team\"\n\t\t\t\tdata-image-slug=\"03\"\n\t\t\t\trel=\"lightbox\">\n\t\t\t\t<img\n\t\t\t\t\ttitle=\"03\"\n\t\t\t\t\talt=\"03\"\n\t\t\t\t\tsrc=\"https:\/\/dev.jazzweltfestival.ch\/wp-content\/gallery\/impressionen\/cache\/03.jpg-nggid0249-ngg0dyn-170x110x100-00f0w010c011r110f110r010t010.jpg\"\n\t\t\t\t\twidth=\"170\"\n\t\t\t\t\theight=\"110\"\n\t\t\t\t\tstyle=\"max-width:100%;\"\n\t\t\t\t\/>\n\t\t\t<\/a>\n\t\t<\/div>\n\t\t\t\t\t\t\t<\/div> \n\t\t\t\n\t\t\t\t<div id=\"ngg-image-62\" class=\"ngg-gallery-thumbnail-box \n\t\t\t\t\t\t\t\t\t\t\t\" \n\t\t\t>\n\t\t\t\t\t\t<div class=\"ngg-gallery-thumbnail\">\n\t\t\t<a href=\"https:\/\/dev.jazzweltfestival.ch\/wp-content\/gallery\/impressionen\/23.jpg\"\n\t\t\t\ttitle=\"JWF 13 Aliev Bleh Orkestar\"\n\t\t\t\tdata-src=\"https:\/\/dev.jazzweltfestival.ch\/wp-content\/gallery\/impressionen\/23.jpg\"\n\t\t\t\tdata-thumbnail=\"https:\/\/dev.jazzweltfestival.ch\/wp-content\/gallery\/impressionen\/thumbs\/thumbs_23.jpg\"\n\t\t\t\tdata-image-id=\"29\"\n\t\t\t\tdata-title=\"23\"\n\t\t\t\tdata-description=\"JWF 13 Aliev Bleh Orkestar\"\n\t\t\t\tdata-image-slug=\"23\"\n\t\t\t\trel=\"lightbox\">\n\t\t\t\t<img\n\t\t\t\t\ttitle=\"23\"\n\t\t\t\t\talt=\"23\"\n\t\t\t\t\tsrc=\"https:\/\/dev.jazzweltfestival.ch\/wp-content\/gallery\/impressionen\/cache\/23.jpg-nggid0229-ngg0dyn-170x110x100-00f0w010c011r110f110r010t010.jpg\"\n\t\t\t\t\twidth=\"170\"\n\t\t\t\t\theight=\"110\"\n\t\t\t\t\tstyle=\"max-width:100%;\"\n\t\t\t\t\/>\n\t\t\t<\/a>\n\t\t<\/div>\n\t\t\t\t\t\t\t<\/div> \n\t\t\t\n\t\t\t\t<div id=\"ngg-image-63\" class=\"ngg-gallery-thumbnail-box \n\t\t\t\t\t\t\t\t\t\t\t\" \n\t\t\t>\n\t\t\t\t\t\t<div class=\"ngg-gallery-thumbnail\">\n\t\t\t<a href=\"https:\/\/dev.jazzweltfestival.ch\/wp-content\/gallery\/impressionen\/24.jpg\"\n\t\t\t\ttitle=\"JWF 13 Aliev Bleh Orkestar\"\n\t\t\t\tdata-src=\"https:\/\/dev.jazzweltfestival.ch\/wp-content\/gallery\/impressionen\/24.jpg\"\n\t\t\t\tdata-thumbnail=\"https:\/\/dev.jazzweltfestival.ch\/wp-content\/gallery\/impressionen\/thumbs\/thumbs_24.jpg\"\n\t\t\t\tdata-image-id=\"28\"\n\t\t\t\tdata-title=\"24\"\n\t\t\t\tdata-description=\"JWF 13 Aliev Bleh Orkestar\"\n\t\t\t\tdata-image-slug=\"24\"\n\t\t\t\trel=\"lightbox\">\n\t\t\t\t<img\n\t\t\t\t\ttitle=\"24\"\n\t\t\t\t\talt=\"24\"\n\t\t\t\t\tsrc=\"https:\/\/dev.jazzweltfestival.ch\/wp-content\/gallery\/impressionen\/cache\/24.jpg-nggid0228-ngg0dyn-170x110x100-00f0w010c011r110f110r010t010.jpg\"\n\t\t\t\t\twidth=\"170\"\n\t\t\t\t\theight=\"110\"\n\t\t\t\t\tstyle=\"max-width:100%;\"\n\t\t\t\t\/>\n\t\t\t<\/a>\n\t\t<\/div>\n\t\t\t\t\t\t\t<\/div> \n\t\t\t\n\t\t\t\t<div id=\"ngg-image-64\" class=\"ngg-gallery-thumbnail-box \n\t\t\t\t\t\t\t\t\t\t\t\" \n\t\t\t>\n\t\t\t\t\t\t<div class=\"ngg-gallery-thumbnail\">\n\t\t\t<a href=\"https:\/\/dev.jazzweltfestival.ch\/wp-content\/gallery\/impressionen\/25.jpg\"\n\t\t\t\ttitle=\"JWF 13 ErRic is blue\"\n\t\t\t\tdata-src=\"https:\/\/dev.jazzweltfestival.ch\/wp-content\/gallery\/impressionen\/25.jpg\"\n\t\t\t\tdata-thumbnail=\"https:\/\/dev.jazzweltfestival.ch\/wp-content\/gallery\/impressionen\/thumbs\/thumbs_25.jpg\"\n\t\t\t\tdata-image-id=\"27\"\n\t\t\t\tdata-title=\"25\"\n\t\t\t\tdata-description=\"JWF 13 ErRic is blue\"\n\t\t\t\tdata-image-slug=\"25\"\n\t\t\t\trel=\"lightbox\">\n\t\t\t\t<img\n\t\t\t\t\ttitle=\"25\"\n\t\t\t\t\talt=\"25\"\n\t\t\t\t\tsrc=\"https:\/\/dev.jazzweltfestival.ch\/wp-content\/gallery\/impressionen\/cache\/25.jpg-nggid0227-ngg0dyn-170x110x100-00f0w010c011r110f110r010t010.jpg\"\n\t\t\t\t\twidth=\"170\"\n\t\t\t\t\theight=\"110\"\n\t\t\t\t\tstyle=\"max-width:100%;\"\n\t\t\t\t\/>\n\t\t\t<\/a>\n\t\t<\/div>\n\t\t\t\t\t\t\t<\/div> \n\t\t\t\n\t\t\t\t<div id=\"ngg-image-65\" class=\"ngg-gallery-thumbnail-box \n\t\t\t\t\t\t\t\t\t\t\t\" \n\t\t\t>\n\t\t\t\t\t\t<div class=\"ngg-gallery-thumbnail\">\n\t\t\t<a href=\"https:\/\/dev.jazzweltfestival.ch\/wp-content\/gallery\/impressionen\/26.jpg\"\n\t\t\t\ttitle=\"JWF 13 Klabautermann\"\n\t\t\t\tdata-src=\"https:\/\/dev.jazzweltfestival.ch\/wp-content\/gallery\/impressionen\/26.jpg\"\n\t\t\t\tdata-thumbnail=\"https:\/\/dev.jazzweltfestival.ch\/wp-content\/gallery\/impressionen\/thumbs\/thumbs_26.jpg\"\n\t\t\t\tdata-image-id=\"26\"\n\t\t\t\tdata-title=\"26\"\n\t\t\t\tdata-description=\"JWF 13 Klabautermann\"\n\t\t\t\tdata-image-slug=\"26\"\n\t\t\t\trel=\"lightbox\">\n\t\t\t\t<img\n\t\t\t\t\ttitle=\"26\"\n\t\t\t\t\talt=\"26\"\n\t\t\t\t\tsrc=\"https:\/\/dev.jazzweltfestival.ch\/wp-content\/gallery\/impressionen\/cache\/26.jpg-nggid0226-ngg0dyn-170x110x100-00f0w010c011r110f110r010t010.jpg\"\n\t\t\t\t\twidth=\"170\"\n\t\t\t\t\theight=\"110\"\n\t\t\t\t\tstyle=\"max-width:100%;\"\n\t\t\t\t\/>\n\t\t\t<\/a>\n\t\t<\/div>\n\t\t\t\t\t\t\t<\/div> \n\t\t\t\n\t\t\t\t<div id=\"ngg-image-66\" class=\"ngg-gallery-thumbnail-box \n\t\t\t\t\t\t\t\t\t\t\t\" \n\t\t\t>\n\t\t\t\t\t\t<div class=\"ngg-gallery-thumbnail\">\n\t\t\t<a href=\"https:\/\/dev.jazzweltfestival.ch\/wp-content\/gallery\/impressionen\/27.jpg\"\n\t\t\t\ttitle=\"JWF 13 Robin Mark Quartett\"\n\t\t\t\tdata-src=\"https:\/\/dev.jazzweltfestival.ch\/wp-content\/gallery\/impressionen\/27.jpg\"\n\t\t\t\tdata-thumbnail=\"https:\/\/dev.jazzweltfestival.ch\/wp-content\/gallery\/impressionen\/thumbs\/thumbs_27.jpg\"\n\t\t\t\tdata-image-id=\"25\"\n\t\t\t\tdata-title=\"27\"\n\t\t\t\tdata-description=\"JWF 13 Robin Mark Quartett\"\n\t\t\t\tdata-image-slug=\"27\"\n\t\t\t\trel=\"lightbox\">\n\t\t\t\t<img\n\t\t\t\t\ttitle=\"27\"\n\t\t\t\t\talt=\"27\"\n\t\t\t\t\tsrc=\"https:\/\/dev.jazzweltfestival.ch\/wp-content\/gallery\/impressionen\/cache\/27.jpg-nggid0225-ngg0dyn-170x110x100-00f0w010c011r110f110r010t010.jpg\"\n\t\t\t\t\twidth=\"170\"\n\t\t\t\t\theight=\"110\"\n\t\t\t\t\tstyle=\"max-width:100%;\"\n\t\t\t\t\/>\n\t\t\t<\/a>\n\t\t<\/div>\n\t\t\t\t\t\t\t<\/div> \n\t\t\t\n\t\t\t\t<div id=\"ngg-image-67\" class=\"ngg-gallery-thumbnail-box \n\t\t\t\t\t\t\t\t\t\t\t\" \n\t\t\t>\n\t\t\t\t\t\t<div class=\"ngg-gallery-thumbnail\">\n\t\t\t<a href=\"https:\/\/dev.jazzweltfestival.ch\/wp-content\/gallery\/impressionen\/28.jpg\"\n\t\t\t\ttitle=\"JWF 13 Rondolini\"\n\t\t\t\tdata-src=\"https:\/\/dev.jazzweltfestival.ch\/wp-content\/gallery\/impressionen\/28.jpg\"\n\t\t\t\tdata-thumbnail=\"https:\/\/dev.jazzweltfestival.ch\/wp-content\/gallery\/impressionen\/thumbs\/thumbs_28.jpg\"\n\t\t\t\tdata-image-id=\"24\"\n\t\t\t\tdata-title=\"28\"\n\t\t\t\tdata-description=\"JWF 13 Rondolini\"\n\t\t\t\tdata-image-slug=\"28\"\n\t\t\t\trel=\"lightbox\">\n\t\t\t\t<img\n\t\t\t\t\ttitle=\"28\"\n\t\t\t\t\talt=\"28\"\n\t\t\t\t\tsrc=\"https:\/\/dev.jazzweltfestival.ch\/wp-content\/gallery\/impressionen\/cache\/28.jpg-nggid0224-ngg0dyn-170x110x100-00f0w010c011r110f110r010t010.jpg\"\n\t\t\t\t\twidth=\"170\"\n\t\t\t\t\theight=\"110\"\n\t\t\t\t\tstyle=\"max-width:100%;\"\n\t\t\t\t\/>\n\t\t\t<\/a>\n\t\t<\/div>\n\t\t\t\t\t\t\t<\/div> \n\t\t\t\n\t\t\t\t<div id=\"ngg-image-68\" class=\"ngg-gallery-thumbnail-box \n\t\t\t\t\t\t\t\t\t\t\t\" \n\t\t\t>\n\t\t\t\t\t\t<div class=\"ngg-gallery-thumbnail\">\n\t\t\t<a href=\"https:\/\/dev.jazzweltfestival.ch\/wp-content\/gallery\/impressionen\/29.jpg\"\n\t\t\t\ttitle=\"JWF 12 Pfisterplatz\"\n\t\t\t\tdata-src=\"https:\/\/dev.jazzweltfestival.ch\/wp-content\/gallery\/impressionen\/29.jpg\"\n\t\t\t\tdata-thumbnail=\"https:\/\/dev.jazzweltfestival.ch\/wp-content\/gallery\/impressionen\/thumbs\/thumbs_29.jpg\"\n\t\t\t\tdata-image-id=\"23\"\n\t\t\t\tdata-title=\"29\"\n\t\t\t\tdata-description=\"JWF 12 Pfisterplatz\"\n\t\t\t\tdata-image-slug=\"29\"\n\t\t\t\trel=\"lightbox\">\n\t\t\t\t<img\n\t\t\t\t\ttitle=\"29\"\n\t\t\t\t\talt=\"29\"\n\t\t\t\t\tsrc=\"https:\/\/dev.jazzweltfestival.ch\/wp-content\/gallery\/impressionen\/cache\/29.jpg-nggid0223-ngg0dyn-170x110x100-00f0w010c011r110f110r010t010.jpg\"\n\t\t\t\t\twidth=\"170\"\n\t\t\t\t\theight=\"110\"\n\t\t\t\t\tstyle=\"max-width:100%;\"\n\t\t\t\t\/>\n\t\t\t<\/a>\n\t\t<\/div>\n\t\t\t\t\t\t\t<\/div> \n\t\t\t\n\t\t\t\t<div id=\"ngg-image-69\" class=\"ngg-gallery-thumbnail-box \n\t\t\t\t\t\t\t\t\t\t\t\" \n\t\t\t>\n\t\t\t\t\t\t<div class=\"ngg-gallery-thumbnail\">\n\t\t\t<a href=\"https:\/\/dev.jazzweltfestival.ch\/wp-content\/gallery\/impressionen\/30.jpg\"\n\t\t\t\ttitle=\"JWF 12 Baye Magatte\"\n\t\t\t\tdata-src=\"https:\/\/dev.jazzweltfestival.ch\/wp-content\/gallery\/impressionen\/30.jpg\"\n\t\t\t\tdata-thumbnail=\"https:\/\/dev.jazzweltfestival.ch\/wp-content\/gallery\/impressionen\/thumbs\/thumbs_30.jpg\"\n\t\t\t\tdata-image-id=\"22\"\n\t\t\t\tdata-title=\"30\"\n\t\t\t\tdata-description=\"JWF 12 Baye Magatte\"\n\t\t\t\tdata-image-slug=\"30\"\n\t\t\t\trel=\"lightbox\">\n\t\t\t\t<img\n\t\t\t\t\ttitle=\"30\"\n\t\t\t\t\talt=\"30\"\n\t\t\t\t\tsrc=\"https:\/\/dev.jazzweltfestival.ch\/wp-content\/gallery\/impressionen\/cache\/30.jpg-nggid0222-ngg0dyn-170x110x100-00f0w010c011r110f110r010t010.jpg\"\n\t\t\t\t\twidth=\"170\"\n\t\t\t\t\theight=\"110\"\n\t\t\t\t\tstyle=\"max-width:100%;\"\n\t\t\t\t\/>\n\t\t\t<\/a>\n\t\t<\/div>\n\t\t\t\t\t\t\t<\/div> \n\t\t\t\n\t\t\t\t<div id=\"ngg-image-70\" class=\"ngg-gallery-thumbnail-box \n\t\t\t\t\t\t\t\t\t\t\t\" \n\t\t\t>\n\t\t\t\t\t\t<div class=\"ngg-gallery-thumbnail\">\n\t\t\t<a href=\"https:\/\/dev.jazzweltfestival.ch\/wp-content\/gallery\/impressionen\/31.jpg\"\n\t\t\t\ttitle=\"JWF 12 Baye Magatte\"\n\t\t\t\tdata-src=\"https:\/\/dev.jazzweltfestival.ch\/wp-content\/gallery\/impressionen\/31.jpg\"\n\t\t\t\tdata-thumbnail=\"https:\/\/dev.jazzweltfestival.ch\/wp-content\/gallery\/impressionen\/thumbs\/thumbs_31.jpg\"\n\t\t\t\tdata-image-id=\"21\"\n\t\t\t\tdata-title=\"31\"\n\t\t\t\tdata-description=\"JWF 12 Baye Magatte\"\n\t\t\t\tdata-image-slug=\"31\"\n\t\t\t\trel=\"lightbox\">\n\t\t\t\t<img\n\t\t\t\t\ttitle=\"31\"\n\t\t\t\t\talt=\"31\"\n\t\t\t\t\tsrc=\"https:\/\/dev.jazzweltfestival.ch\/wp-content\/gallery\/impressionen\/cache\/31.jpg-nggid0221-ngg0dyn-170x110x100-00f0w010c011r110f110r010t010.jpg\"\n\t\t\t\t\twidth=\"170\"\n\t\t\t\t\theight=\"110\"\n\t\t\t\t\tstyle=\"max-width:100%;\"\n\t\t\t\t\/>\n\t\t\t<\/a>\n\t\t<\/div>\n\t\t\t\t\t\t\t<\/div> \n\t\t\t\n\t\t\t\t<div id=\"ngg-image-71\" class=\"ngg-gallery-thumbnail-box \n\t\t\t\t\t\t\t\t\t\t\t\" \n\t\t\t>\n\t\t\t\t\t\t<div class=\"ngg-gallery-thumbnail\">\n\t\t\t<a href=\"https:\/\/dev.jazzweltfestival.ch\/wp-content\/gallery\/impressionen\/32.jpg\"\n\t\t\t\ttitle=\"JWF 12 Corin Curschellas &amp; La Grischa\"\n\t\t\t\tdata-src=\"https:\/\/dev.jazzweltfestival.ch\/wp-content\/gallery\/impressionen\/32.jpg\"\n\t\t\t\tdata-thumbnail=\"https:\/\/dev.jazzweltfestival.ch\/wp-content\/gallery\/impressionen\/thumbs\/thumbs_32.jpg\"\n\t\t\t\tdata-image-id=\"20\"\n\t\t\t\tdata-title=\"32\"\n\t\t\t\tdata-description=\"JWF 12 Corin Curschellas &amp; La Grischa\"\n\t\t\t\tdata-image-slug=\"32\"\n\t\t\t\trel=\"lightbox\">\n\t\t\t\t<img\n\t\t\t\t\ttitle=\"32\"\n\t\t\t\t\talt=\"32\"\n\t\t\t\t\tsrc=\"https:\/\/dev.jazzweltfestival.ch\/wp-content\/gallery\/impressionen\/cache\/32.jpg-nggid0220-ngg0dyn-170x110x100-00f0w010c011r110f110r010t010.jpg\"\n\t\t\t\t\twidth=\"170\"\n\t\t\t\t\theight=\"110\"\n\t\t\t\t\tstyle=\"max-width:100%;\"\n\t\t\t\t\/>\n\t\t\t<\/a>\n\t\t<\/div>\n\t\t\t\t\t\t\t<\/div> \n\t\t\t\n\t\t\t\t<div id=\"ngg-image-72\" class=\"ngg-gallery-thumbnail-box \n\t\t\t\t\t\t\t\t\t\t\t\" \n\t\t\t>\n\t\t\t\t\t\t<div class=\"ngg-gallery-thumbnail\">\n\t\t\t<a href=\"https:\/\/dev.jazzweltfestival.ch\/wp-content\/gallery\/impressionen\/33.jpg\"\n\t\t\t\ttitle=\"JWF 12 Corin Curschellas &amp; La Grischa\"\n\t\t\t\tdata-src=\"https:\/\/dev.jazzweltfestival.ch\/wp-content\/gallery\/impressionen\/33.jpg\"\n\t\t\t\tdata-thumbnail=\"https:\/\/dev.jazzweltfestival.ch\/wp-content\/gallery\/impressionen\/thumbs\/thumbs_33.jpg\"\n\t\t\t\tdata-image-id=\"19\"\n\t\t\t\tdata-title=\"33\"\n\t\t\t\tdata-description=\"JWF 12 Corin Curschellas &amp; La Grischa\"\n\t\t\t\tdata-image-slug=\"33\"\n\t\t\t\trel=\"lightbox\">\n\t\t\t\t<img\n\t\t\t\t\ttitle=\"33\"\n\t\t\t\t\talt=\"33\"\n\t\t\t\t\tsrc=\"https:\/\/dev.jazzweltfestival.ch\/wp-content\/gallery\/impressionen\/cache\/33.jpg-nggid0219-ngg0dyn-170x110x100-00f0w010c011r110f110r010t010.jpg\"\n\t\t\t\t\twidth=\"170\"\n\t\t\t\t\theight=\"110\"\n\t\t\t\t\tstyle=\"max-width:100%;\"\n\t\t\t\t\/>\n\t\t\t<\/a>\n\t\t<\/div>\n\t\t\t\t\t\t\t<\/div> \n\t\t\t\n\t\t\t\t<div id=\"ngg-image-73\" class=\"ngg-gallery-thumbnail-box \n\t\t\t\t\t\t\t\t\t\t\t\" \n\t\t\t>\n\t\t\t\t\t\t<div class=\"ngg-gallery-thumbnail\">\n\t\t\t<a href=\"https:\/\/dev.jazzweltfestival.ch\/wp-content\/gallery\/impressionen\/34.jpg\"\n\t\t\t\ttitle=\"JWF 12 Yaroc Quartett\"\n\t\t\t\tdata-src=\"https:\/\/dev.jazzweltfestival.ch\/wp-content\/gallery\/impressionen\/34.jpg\"\n\t\t\t\tdata-thumbnail=\"https:\/\/dev.jazzweltfestival.ch\/wp-content\/gallery\/impressionen\/thumbs\/thumbs_34.jpg\"\n\t\t\t\tdata-image-id=\"18\"\n\t\t\t\tdata-title=\"34\"\n\t\t\t\tdata-description=\"JWF 12 Yaroc Quartett\"\n\t\t\t\tdata-image-slug=\"34\"\n\t\t\t\trel=\"lightbox\">\n\t\t\t\t<img\n\t\t\t\t\ttitle=\"34\"\n\t\t\t\t\talt=\"34\"\n\t\t\t\t\tsrc=\"https:\/\/dev.jazzweltfestival.ch\/wp-content\/gallery\/impressionen\/cache\/34.jpg-nggid0218-ngg0dyn-170x110x100-00f0w010c011r110f110r010t010.jpg\"\n\t\t\t\t\twidth=\"170\"\n\t\t\t\t\theight=\"110\"\n\t\t\t\t\tstyle=\"max-width:100%;\"\n\t\t\t\t\/>\n\t\t\t<\/a>\n\t\t<\/div>\n\t\t\t\t\t\t\t<\/div> \n\t\t\t\n\t\t\t\t<div id=\"ngg-image-74\" class=\"ngg-gallery-thumbnail-box \n\t\t\t\t\t\t\t\t\t\t\t\" \n\t\t\t>\n\t\t\t\t\t\t<div class=\"ngg-gallery-thumbnail\">\n\t\t\t<a href=\"https:\/\/dev.jazzweltfestival.ch\/wp-content\/gallery\/impressionen\/35.jpg\"\n\t\t\t\ttitle=\"JWF 12 Yaroc Quartett\"\n\t\t\t\tdata-src=\"https:\/\/dev.jazzweltfestival.ch\/wp-content\/gallery\/impressionen\/35.jpg\"\n\t\t\t\tdata-thumbnail=\"https:\/\/dev.jazzweltfestival.ch\/wp-content\/gallery\/impressionen\/thumbs\/thumbs_35.jpg\"\n\t\t\t\tdata-image-id=\"17\"\n\t\t\t\tdata-title=\"35\"\n\t\t\t\tdata-description=\"JWF 12 Yaroc Quartett\"\n\t\t\t\tdata-image-slug=\"35\"\n\t\t\t\trel=\"lightbox\">\n\t\t\t\t<img\n\t\t\t\t\ttitle=\"35\"\n\t\t\t\t\talt=\"35\"\n\t\t\t\t\tsrc=\"https:\/\/dev.jazzweltfestival.ch\/wp-content\/gallery\/impressionen\/cache\/35.jpg-nggid0217-ngg0dyn-170x110x100-00f0w010c011r110f110r010t010.jpg\"\n\t\t\t\t\twidth=\"170\"\n\t\t\t\t\theight=\"110\"\n\t\t\t\t\tstyle=\"max-width:100%;\"\n\t\t\t\t\/>\n\t\t\t<\/a>\n\t\t<\/div>\n\t\t\t\t\t\t\t<\/div> \n\t\t\t\n\t\t\t\t<div id=\"ngg-image-75\" class=\"ngg-gallery-thumbnail-box \n\t\t\t\t\t\t\t\t\t\t\t\" \n\t\t\t>\n\t\t\t\t\t\t<div class=\"ngg-gallery-thumbnail\">\n\t\t\t<a href=\"https:\/\/dev.jazzweltfestival.ch\/wp-content\/gallery\/impressionen\/36.jpg\"\n\t\t\t\ttitle=\"JWF 12 Sulser\/Hassler Trio\"\n\t\t\t\tdata-src=\"https:\/\/dev.jazzweltfestival.ch\/wp-content\/gallery\/impressionen\/36.jpg\"\n\t\t\t\tdata-thumbnail=\"https:\/\/dev.jazzweltfestival.ch\/wp-content\/gallery\/impressionen\/thumbs\/thumbs_36.jpg\"\n\t\t\t\tdata-image-id=\"16\"\n\t\t\t\tdata-title=\"36\"\n\t\t\t\tdata-description=\"JWF 12 Sulser\/Hassler Trio\"\n\t\t\t\tdata-image-slug=\"36\"\n\t\t\t\trel=\"lightbox\">\n\t\t\t\t<img\n\t\t\t\t\ttitle=\"36\"\n\t\t\t\t\talt=\"36\"\n\t\t\t\t\tsrc=\"https:\/\/dev.jazzweltfestival.ch\/wp-content\/gallery\/impressionen\/cache\/36.jpg-nggid0216-ngg0dyn-170x110x100-00f0w010c011r110f110r010t010.jpg\"\n\t\t\t\t\twidth=\"170\"\n\t\t\t\t\theight=\"110\"\n\t\t\t\t\tstyle=\"max-width:100%;\"\n\t\t\t\t\/>\n\t\t\t<\/a>\n\t\t<\/div>\n\t\t\t\t\t\t\t<\/div> \n\t\t\t\n\t\t\t\t<div id=\"ngg-image-76\" class=\"ngg-gallery-thumbnail-box \n\t\t\t\t\t\t\t\t\t\t\t\" \n\t\t\t>\n\t\t\t\t\t\t<div class=\"ngg-gallery-thumbnail\">\n\t\t\t<a href=\"https:\/\/dev.jazzweltfestival.ch\/wp-content\/gallery\/impressionen\/37.jpg\"\n\t\t\t\ttitle=\"JWF 12 Sulser\/Hassler Trio\"\n\t\t\t\tdata-src=\"https:\/\/dev.jazzweltfestival.ch\/wp-content\/gallery\/impressionen\/37.jpg\"\n\t\t\t\tdata-thumbnail=\"https:\/\/dev.jazzweltfestival.ch\/wp-content\/gallery\/impressionen\/thumbs\/thumbs_37.jpg\"\n\t\t\t\tdata-image-id=\"15\"\n\t\t\t\tdata-title=\"37\"\n\t\t\t\tdata-description=\"JWF 12 Sulser\/Hassler Trio\"\n\t\t\t\tdata-image-slug=\"37\"\n\t\t\t\trel=\"lightbox\">\n\t\t\t\t<img\n\t\t\t\t\ttitle=\"37\"\n\t\t\t\t\talt=\"37\"\n\t\t\t\t\tsrc=\"https:\/\/dev.jazzweltfestival.ch\/wp-content\/gallery\/impressionen\/cache\/37.jpg-nggid0215-ngg0dyn-170x110x100-00f0w010c011r110f110r010t010.jpg\"\n\t\t\t\t\twidth=\"170\"\n\t\t\t\t\theight=\"110\"\n\t\t\t\t\tstyle=\"max-width:100%;\"\n\t\t\t\t\/>\n\t\t\t<\/a>\n\t\t<\/div>\n\t\t\t\t\t\t\t<\/div> \n\t\t\t\n\t\t\t\t<div id=\"ngg-image-77\" class=\"ngg-gallery-thumbnail-box \n\t\t\t\t\t\t\t\t\t\t\t\" \n\t\t\t>\n\t\t\t\t\t\t<div class=\"ngg-gallery-thumbnail\">\n\t\t\t<a href=\"https:\/\/dev.jazzweltfestival.ch\/wp-content\/gallery\/impressionen\/38.jpg\"\n\t\t\t\ttitle=\"JWF 11 Kessler Group\"\n\t\t\t\tdata-src=\"https:\/\/dev.jazzweltfestival.ch\/wp-content\/gallery\/impressionen\/38.jpg\"\n\t\t\t\tdata-thumbnail=\"https:\/\/dev.jazzweltfestival.ch\/wp-content\/gallery\/impressionen\/thumbs\/thumbs_38.jpg\"\n\t\t\t\tdata-image-id=\"14\"\n\t\t\t\tdata-title=\"38\"\n\t\t\t\tdata-description=\"JWF 11 Kessler Group\"\n\t\t\t\tdata-image-slug=\"38\"\n\t\t\t\trel=\"lightbox\">\n\t\t\t\t<img\n\t\t\t\t\ttitle=\"38\"\n\t\t\t\t\talt=\"38\"\n\t\t\t\t\tsrc=\"https:\/\/dev.jazzweltfestival.ch\/wp-content\/gallery\/impressionen\/cache\/38.jpg-nggid0214-ngg0dyn-170x110x100-00f0w010c011r110f110r010t010.jpg\"\n\t\t\t\t\twidth=\"170\"\n\t\t\t\t\theight=\"110\"\n\t\t\t\t\tstyle=\"max-width:100%;\"\n\t\t\t\t\/>\n\t\t\t<\/a>\n\t\t<\/div>\n\t\t\t\t\t\t\t<\/div> \n\t\t\t\n\t\t\t\t<div id=\"ngg-image-78\" class=\"ngg-gallery-thumbnail-box \n\t\t\t\t\t\t\t\t\t\t\t\" \n\t\t\t>\n\t\t\t\t\t\t<div class=\"ngg-gallery-thumbnail\">\n\t\t\t<a href=\"https:\/\/dev.jazzweltfestival.ch\/wp-content\/gallery\/impressionen\/39.jpg\"\n\t\t\t\ttitle=\"JWF 11 Injaztigator\"\n\t\t\t\tdata-src=\"https:\/\/dev.jazzweltfestival.ch\/wp-content\/gallery\/impressionen\/39.jpg\"\n\t\t\t\tdata-thumbnail=\"https:\/\/dev.jazzweltfestival.ch\/wp-content\/gallery\/impressionen\/thumbs\/thumbs_39.jpg\"\n\t\t\t\tdata-image-id=\"13\"\n\t\t\t\tdata-title=\"39\"\n\t\t\t\tdata-description=\"JWF 11 Injaztigator\"\n\t\t\t\tdata-image-slug=\"39\"\n\t\t\t\trel=\"lightbox\">\n\t\t\t\t<img\n\t\t\t\t\ttitle=\"39\"\n\t\t\t\t\talt=\"39\"\n\t\t\t\t\tsrc=\"https:\/\/dev.jazzweltfestival.ch\/wp-content\/gallery\/impressionen\/cache\/39.jpg-nggid0213-ngg0dyn-170x110x100-00f0w010c011r110f110r010t010.jpg\"\n\t\t\t\t\twidth=\"170\"\n\t\t\t\t\theight=\"110\"\n\t\t\t\t\tstyle=\"max-width:100%;\"\n\t\t\t\t\/>\n\t\t\t<\/a>\n\t\t<\/div>\n\t\t\t\t\t\t\t<\/div> \n\t\t\t\n\t\t\t\t<div id=\"ngg-image-79\" class=\"ngg-gallery-thumbnail-box \n\t\t\t\t\t\t\t\t\t\t\t\" \n\t\t\t>\n\t\t\t\t\t\t<div class=\"ngg-gallery-thumbnail\">\n\t\t\t<a href=\"https:\/\/dev.jazzweltfestival.ch\/wp-content\/gallery\/impressionen\/40.jpg\"\n\t\t\t\ttitle=\"JWF 11 Ganes\"\n\t\t\t\tdata-src=\"https:\/\/dev.jazzweltfestival.ch\/wp-content\/gallery\/impressionen\/40.jpg\"\n\t\t\t\tdata-thumbnail=\"https:\/\/dev.jazzweltfestival.ch\/wp-content\/gallery\/impressionen\/thumbs\/thumbs_40.jpg\"\n\t\t\t\tdata-image-id=\"12\"\n\t\t\t\tdata-title=\"40\"\n\t\t\t\tdata-description=\"JWF 11 Ganes\"\n\t\t\t\tdata-image-slug=\"40\"\n\t\t\t\trel=\"lightbox\">\n\t\t\t\t<img\n\t\t\t\t\ttitle=\"40\"\n\t\t\t\t\talt=\"40\"\n\t\t\t\t\tsrc=\"https:\/\/dev.jazzweltfestival.ch\/wp-content\/gallery\/impressionen\/cache\/40.jpg-nggid0212-ngg0dyn-170x110x100-00f0w010c011r110f110r010t010.jpg\"\n\t\t\t\t\twidth=\"170\"\n\t\t\t\t\theight=\"110\"\n\t\t\t\t\tstyle=\"max-width:100%;\"\n\t\t\t\t\/>\n\t\t\t<\/a>\n\t\t<\/div>\n\t\t\t\t\t\t\t<\/div> \n\t\t\t\n\t\t\t\t<div id=\"ngg-image-80\" class=\"ngg-gallery-thumbnail-box \n\t\t\t\t\t\t\t\t\t\t\t\" \n\t\t\t>\n\t\t\t\t\t\t<div class=\"ngg-gallery-thumbnail\">\n\t\t\t<a href=\"https:\/\/dev.jazzweltfestival.ch\/wp-content\/gallery\/impressionen\/41.jpg\"\n\t\t\t\ttitle=\"JWF 11 Ot Asoy\"\n\t\t\t\tdata-src=\"https:\/\/dev.jazzweltfestival.ch\/wp-content\/gallery\/impressionen\/41.jpg\"\n\t\t\t\tdata-thumbnail=\"https:\/\/dev.jazzweltfestival.ch\/wp-content\/gallery\/impressionen\/thumbs\/thumbs_41.jpg\"\n\t\t\t\tdata-image-id=\"11\"\n\t\t\t\tdata-title=\"41\"\n\t\t\t\tdata-description=\"JWF 11 Ot Asoy\"\n\t\t\t\tdata-image-slug=\"41\"\n\t\t\t\trel=\"lightbox\">\n\t\t\t\t<img\n\t\t\t\t\ttitle=\"41\"\n\t\t\t\t\talt=\"41\"\n\t\t\t\t\tsrc=\"https:\/\/dev.jazzweltfestival.ch\/wp-content\/gallery\/impressionen\/cache\/41.jpg-nggid0211-ngg0dyn-170x110x100-00f0w010c011r110f110r010t010.jpg\"\n\t\t\t\t\twidth=\"170\"\n\t\t\t\t\theight=\"110\"\n\t\t\t\t\tstyle=\"max-width:100%;\"\n\t\t\t\t\/>\n\t\t\t<\/a>\n\t\t<\/div>\n\t\t\t\t\t\t\t<\/div> \n\t\t\t\n\t\t\t\t<div id=\"ngg-image-81\" class=\"ngg-gallery-thumbnail-box \n\t\t\t\t\t\t\t\t\t\t\t\" \n\t\t\t>\n\t\t\t\t\t\t<div class=\"ngg-gallery-thumbnail\">\n\t\t\t<a href=\"https:\/\/dev.jazzweltfestival.ch\/wp-content\/gallery\/impressionen\/42.jpg\"\n\t\t\t\ttitle=\"JWF 11 Jazz Juniors\"\n\t\t\t\tdata-src=\"https:\/\/dev.jazzweltfestival.ch\/wp-content\/gallery\/impressionen\/42.jpg\"\n\t\t\t\tdata-thumbnail=\"https:\/\/dev.jazzweltfestival.ch\/wp-content\/gallery\/impressionen\/thumbs\/thumbs_42.jpg\"\n\t\t\t\tdata-image-id=\"10\"\n\t\t\t\tdata-title=\"42\"\n\t\t\t\tdata-description=\"JWF 11 Jazz Juniors\"\n\t\t\t\tdata-image-slug=\"42\"\n\t\t\t\trel=\"lightbox\">\n\t\t\t\t<img\n\t\t\t\t\ttitle=\"42\"\n\t\t\t\t\talt=\"42\"\n\t\t\t\t\tsrc=\"https:\/\/dev.jazzweltfestival.ch\/wp-content\/gallery\/impressionen\/cache\/42.jpg-nggid0210-ngg0dyn-170x110x100-00f0w010c011r110f110r010t010.jpg\"\n\t\t\t\t\twidth=\"170\"\n\t\t\t\t\theight=\"110\"\n\t\t\t\t\tstyle=\"max-width:100%;\"\n\t\t\t\t\/>\n\t\t\t<\/a>\n\t\t<\/div>\n\t\t\t\t\t\t\t<\/div> \n\t\t\t\n\t\t\t\t<div id=\"ngg-image-82\" class=\"ngg-gallery-thumbnail-box \n\t\t\t\t\t\t\t\t\t\t\t\" \n\t\t\t>\n\t\t\t\t\t\t<div class=\"ngg-gallery-thumbnail\">\n\t\t\t<a href=\"https:\/\/dev.jazzweltfestival.ch\/wp-content\/gallery\/impressionen\/43.jpg\"\n\t\t\t\ttitle=\"JWF 10 X-elle\"\n\t\t\t\tdata-src=\"https:\/\/dev.jazzweltfestival.ch\/wp-content\/gallery\/impressionen\/43.jpg\"\n\t\t\t\tdata-thumbnail=\"https:\/\/dev.jazzweltfestival.ch\/wp-content\/gallery\/impressionen\/thumbs\/thumbs_43.jpg\"\n\t\t\t\tdata-image-id=\"9\"\n\t\t\t\tdata-title=\"43\"\n\t\t\t\tdata-description=\"JWF 10 X-elle\"\n\t\t\t\tdata-image-slug=\"43\"\n\t\t\t\trel=\"lightbox\">\n\t\t\t\t<img\n\t\t\t\t\ttitle=\"43\"\n\t\t\t\t\talt=\"43\"\n\t\t\t\t\tsrc=\"https:\/\/dev.jazzweltfestival.ch\/wp-content\/gallery\/impressionen\/cache\/43.jpg-nggid019-ngg0dyn-170x110x100-00f0w010c011r110f110r010t010.jpg\"\n\t\t\t\t\twidth=\"170\"\n\t\t\t\t\theight=\"110\"\n\t\t\t\t\tstyle=\"max-width:100%;\"\n\t\t\t\t\/>\n\t\t\t<\/a>\n\t\t<\/div>\n\t\t\t\t\t\t\t<\/div> \n\t\t\t\n\t\t\t\t<div id=\"ngg-image-83\" class=\"ngg-gallery-thumbnail-box \n\t\t\t\t\t\t\t\t\t\t\t\" \n\t\t\t>\n\t\t\t\t\t\t<div class=\"ngg-gallery-thumbnail\">\n\t\t\t<a href=\"https:\/\/dev.jazzweltfestival.ch\/wp-content\/gallery\/impressionen\/44.jpg\"\n\t\t\t\ttitle=\"JWF 10 Jazzpresso\"\n\t\t\t\tdata-src=\"https:\/\/dev.jazzweltfestival.ch\/wp-content\/gallery\/impressionen\/44.jpg\"\n\t\t\t\tdata-thumbnail=\"https:\/\/dev.jazzweltfestival.ch\/wp-content\/gallery\/impressionen\/thumbs\/thumbs_44.jpg\"\n\t\t\t\tdata-image-id=\"8\"\n\t\t\t\tdata-title=\"44\"\n\t\t\t\tdata-description=\"JWF 10 Jazzpresso\"\n\t\t\t\tdata-image-slug=\"44\"\n\t\t\t\trel=\"lightbox\">\n\t\t\t\t<img\n\t\t\t\t\ttitle=\"44\"\n\t\t\t\t\talt=\"44\"\n\t\t\t\t\tsrc=\"https:\/\/dev.jazzweltfestival.ch\/wp-content\/gallery\/impressionen\/cache\/44.jpg-nggid018-ngg0dyn-170x110x100-00f0w010c011r110f110r010t010.jpg\"\n\t\t\t\t\twidth=\"170\"\n\t\t\t\t\theight=\"110\"\n\t\t\t\t\tstyle=\"max-width:100%;\"\n\t\t\t\t\/>\n\t\t\t<\/a>\n\t\t<\/div>\n\t\t\t\t\t\t\t<\/div> \n\t\t\t\n\t\t\t\t<div id=\"ngg-image-84\" class=\"ngg-gallery-thumbnail-box \n\t\t\t\t\t\t\t\t\t\t\t\" \n\t\t\t>\n\t\t\t\t\t\t<div class=\"ngg-gallery-thumbnail\">\n\t\t\t<a href=\"https:\/\/dev.jazzweltfestival.ch\/wp-content\/gallery\/impressionen\/45.jpg\"\n\t\t\t\ttitle=\"JWF 10 Mettler\/Cavielzel\"\n\t\t\t\tdata-src=\"https:\/\/dev.jazzweltfestival.ch\/wp-content\/gallery\/impressionen\/45.jpg\"\n\t\t\t\tdata-thumbnail=\"https:\/\/dev.jazzweltfestival.ch\/wp-content\/gallery\/impressionen\/thumbs\/thumbs_45.jpg\"\n\t\t\t\tdata-image-id=\"7\"\n\t\t\t\tdata-title=\"45\"\n\t\t\t\tdata-description=\"JWF 10 Mettler\/Cavielzel\"\n\t\t\t\tdata-image-slug=\"45\"\n\t\t\t\trel=\"lightbox\">\n\t\t\t\t<img\n\t\t\t\t\ttitle=\"45\"\n\t\t\t\t\talt=\"45\"\n\t\t\t\t\tsrc=\"https:\/\/dev.jazzweltfestival.ch\/wp-content\/gallery\/impressionen\/cache\/45.jpg-nggid017-ngg0dyn-170x110x100-00f0w010c011r110f110r010t010.jpg\"\n\t\t\t\t\twidth=\"170\"\n\t\t\t\t\theight=\"110\"\n\t\t\t\t\tstyle=\"max-width:100%;\"\n\t\t\t\t\/>\n\t\t\t<\/a>\n\t\t<\/div>\n\t\t\t\t\t\t\t<\/div> \n\t\t\t\n\t\t\t\t<div id=\"ngg-image-85\" class=\"ngg-gallery-thumbnail-box \n\t\t\t\t\t\t\t\t\t\t\t\" \n\t\t\t>\n\t\t\t\t\t\t<div class=\"ngg-gallery-thumbnail\">\n\t\t\t<a href=\"https:\/\/dev.jazzweltfestival.ch\/wp-content\/gallery\/impressionen\/46.jpg\"\n\t\t\t\ttitle=\"JWF 10 Jazz Ensemble Plus\"\n\t\t\t\tdata-src=\"https:\/\/dev.jazzweltfestival.ch\/wp-content\/gallery\/impressionen\/46.jpg\"\n\t\t\t\tdata-thumbnail=\"https:\/\/dev.jazzweltfestival.ch\/wp-content\/gallery\/impressionen\/thumbs\/thumbs_46.jpg\"\n\t\t\t\tdata-image-id=\"6\"\n\t\t\t\tdata-title=\"46\"\n\t\t\t\tdata-description=\"JWF 10 Jazz Ensemble Plus\"\n\t\t\t\tdata-image-slug=\"46\"\n\t\t\t\trel=\"lightbox\">\n\t\t\t\t<img\n\t\t\t\t\ttitle=\"46\"\n\t\t\t\t\talt=\"46\"\n\t\t\t\t\tsrc=\"https:\/\/dev.jazzweltfestival.ch\/wp-content\/gallery\/impressionen\/cache\/46.jpg-nggid016-ngg0dyn-170x110x100-00f0w010c011r110f110r010t010.jpg\"\n\t\t\t\t\twidth=\"170\"\n\t\t\t\t\theight=\"110\"\n\t\t\t\t\tstyle=\"max-width:100%;\"\n\t\t\t\t\/>\n\t\t\t<\/a>\n\t\t<\/div>\n\t\t\t\t\t\t\t<\/div> \n\t\t\t\n\t\t\t\t<div id=\"ngg-image-86\" class=\"ngg-gallery-thumbnail-box \n\t\t\t\t\t\t\t\t\t\t\t\" \n\t\t\t>\n\t\t\t\t\t\t<div class=\"ngg-gallery-thumbnail\">\n\t\t\t<a href=\"https:\/\/dev.jazzweltfestival.ch\/wp-content\/gallery\/impressionen\/47.jpg\"\n\t\t\t\ttitle=\"JWF 09 Rezia Ladina Peer\"\n\t\t\t\tdata-src=\"https:\/\/dev.jazzweltfestival.ch\/wp-content\/gallery\/impressionen\/47.jpg\"\n\t\t\t\tdata-thumbnail=\"https:\/\/dev.jazzweltfestival.ch\/wp-content\/gallery\/impressionen\/thumbs\/thumbs_47.jpg\"\n\t\t\t\tdata-image-id=\"5\"\n\t\t\t\tdata-title=\"47\"\n\t\t\t\tdata-description=\"JWF 09 Rezia Ladina Peer\"\n\t\t\t\tdata-image-slug=\"47\"\n\t\t\t\trel=\"lightbox\">\n\t\t\t\t<img\n\t\t\t\t\ttitle=\"47\"\n\t\t\t\t\talt=\"47\"\n\t\t\t\t\tsrc=\"https:\/\/dev.jazzweltfestival.ch\/wp-content\/gallery\/impressionen\/cache\/47.jpg-nggid015-ngg0dyn-170x110x100-00f0w010c011r110f110r010t010.jpg\"\n\t\t\t\t\twidth=\"170\"\n\t\t\t\t\theight=\"110\"\n\t\t\t\t\tstyle=\"max-width:100%;\"\n\t\t\t\t\/>\n\t\t\t<\/a>\n\t\t<\/div>\n\t\t\t\t\t\t\t<\/div> \n\t\t\t\n\t\t\t\t<div id=\"ngg-image-87\" class=\"ngg-gallery-thumbnail-box \n\t\t\t\t\t\t\t\t\t\t\t\" \n\t\t\t>\n\t\t\t\t\t\t<div class=\"ngg-gallery-thumbnail\">\n\t\t\t<a href=\"https:\/\/dev.jazzweltfestival.ch\/wp-content\/gallery\/impressionen\/48.jpg\"\n\t\t\t\ttitle=\"JWF 09 Aoro Ritual Orchestra\"\n\t\t\t\tdata-src=\"https:\/\/dev.jazzweltfestival.ch\/wp-content\/gallery\/impressionen\/48.jpg\"\n\t\t\t\tdata-thumbnail=\"https:\/\/dev.jazzweltfestival.ch\/wp-content\/gallery\/impressionen\/thumbs\/thumbs_48.jpg\"\n\t\t\t\tdata-image-id=\"4\"\n\t\t\t\tdata-title=\"48\"\n\t\t\t\tdata-description=\"JWF 09 Aoro Ritual Orchestra\"\n\t\t\t\tdata-image-slug=\"48\"\n\t\t\t\trel=\"lightbox\">\n\t\t\t\t<img\n\t\t\t\t\ttitle=\"48\"\n\t\t\t\t\talt=\"48\"\n\t\t\t\t\tsrc=\"https:\/\/dev.jazzweltfestival.ch\/wp-content\/gallery\/impressionen\/cache\/48.jpg-nggid014-ngg0dyn-170x110x100-00f0w010c011r110f110r010t010.jpg\"\n\t\t\t\t\twidth=\"170\"\n\t\t\t\t\theight=\"110\"\n\t\t\t\t\tstyle=\"max-width:100%;\"\n\t\t\t\t\/>\n\t\t\t<\/a>\n\t\t<\/div>\n\t\t\t\t\t\t\t<\/div> \n\t\t\t\n\t\t\t\t<div id=\"ngg-image-88\" class=\"ngg-gallery-thumbnail-box \n\t\t\t\t\t\t\t\t\t\t\t\" \n\t\t\t>\n\t\t\t\t\t\t<div class=\"ngg-gallery-thumbnail\">\n\t\t\t<a href=\"https:\/\/dev.jazzweltfestival.ch\/wp-content\/gallery\/impressionen\/49.jpg\"\n\t\t\t\ttitle=\"JWF 09 Aoro Ritual Orchestra\"\n\t\t\t\tdata-src=\"https:\/\/dev.jazzweltfestival.ch\/wp-content\/gallery\/impressionen\/49.jpg\"\n\t\t\t\tdata-thumbnail=\"https:\/\/dev.jazzweltfestival.ch\/wp-content\/gallery\/impressionen\/thumbs\/thumbs_49.jpg\"\n\t\t\t\tdata-image-id=\"3\"\n\t\t\t\tdata-title=\"49\"\n\t\t\t\tdata-description=\"JWF 09 Aoro Ritual Orchestra\"\n\t\t\t\tdata-image-slug=\"49\"\n\t\t\t\trel=\"lightbox\">\n\t\t\t\t<img\n\t\t\t\t\ttitle=\"49\"\n\t\t\t\t\talt=\"49\"\n\t\t\t\t\tsrc=\"https:\/\/dev.jazzweltfestival.ch\/wp-content\/gallery\/impressionen\/cache\/49.jpg-nggid013-ngg0dyn-170x110x100-00f0w010c011r110f110r010t010.jpg\"\n\t\t\t\t\twidth=\"170\"\n\t\t\t\t\theight=\"110\"\n\t\t\t\t\tstyle=\"max-width:100%;\"\n\t\t\t\t\/>\n\t\t\t<\/a>\n\t\t<\/div>\n\t\t\t\t\t\t\t<\/div> \n\t\t\t\n\t\t\t\t<div id=\"ngg-image-89\" class=\"ngg-gallery-thumbnail-box \n\t\t\t\t\t\t\t\t\t\t\t\" \n\t\t\t>\n\t\t\t\t\t\t<div class=\"ngg-gallery-thumbnail\">\n\t\t\t<a href=\"https:\/\/dev.jazzweltfestival.ch\/wp-content\/gallery\/impressionen\/50.jpg\"\n\t\t\t\ttitle=\"JWF 06  SAF SAP\"\n\t\t\t\tdata-src=\"https:\/\/dev.jazzweltfestival.ch\/wp-content\/gallery\/impressionen\/50.jpg\"\n\t\t\t\tdata-thumbnail=\"https:\/\/dev.jazzweltfestival.ch\/wp-content\/gallery\/impressionen\/thumbs\/thumbs_50.jpg\"\n\t\t\t\tdata-image-id=\"2\"\n\t\t\t\tdata-title=\"50\"\n\t\t\t\tdata-description=\"JWF 06  SAF SAP\"\n\t\t\t\tdata-image-slug=\"50\"\n\t\t\t\trel=\"lightbox\">\n\t\t\t\t<img\n\t\t\t\t\ttitle=\"50\"\n\t\t\t\t\talt=\"50\"\n\t\t\t\t\tsrc=\"https:\/\/dev.jazzweltfestival.ch\/wp-content\/gallery\/impressionen\/cache\/50.jpg-nggid012-ngg0dyn-170x110x100-00f0w010c011r110f110r010t010.jpg\"\n\t\t\t\t\twidth=\"170\"\n\t\t\t\t\theight=\"110\"\n\t\t\t\t\tstyle=\"max-width:100%;\"\n\t\t\t\t\/>\n\t\t\t<\/a>\n\t\t<\/div>\n\t\t\t\t\t\t\t<\/div> \n\t\t\t\n\t\t\t\t<div id=\"ngg-image-90\" class=\"ngg-gallery-thumbnail-box \n\t\t\t\t\t\t\t\t\t\t\t\" \n\t\t\t>\n\t\t\t\t\t\t<div class=\"ngg-gallery-thumbnail\">\n\t\t\t<a href=\"https:\/\/dev.jazzweltfestival.ch\/wp-content\/gallery\/impressionen\/51.jpg\"\n\t\t\t\ttitle=\"JWF 06 Calanda Oil Company\"\n\t\t\t\tdata-src=\"https:\/\/dev.jazzweltfestival.ch\/wp-content\/gallery\/impressionen\/51.jpg\"\n\t\t\t\tdata-thumbnail=\"https:\/\/dev.jazzweltfestival.ch\/wp-content\/gallery\/impressionen\/thumbs\/thumbs_51.jpg\"\n\t\t\t\tdata-image-id=\"1\"\n\t\t\t\tdata-title=\"51\"\n\t\t\t\tdata-description=\"JWF 06 Calanda Oil Company\"\n\t\t\t\tdata-image-slug=\"51\"\n\t\t\t\trel=\"lightbox\">\n\t\t\t\t<img\n\t\t\t\t\ttitle=\"51\"\n\t\t\t\t\talt=\"51\"\n\t\t\t\t\tsrc=\"https:\/\/dev.jazzweltfestival.ch\/wp-content\/gallery\/impressionen\/cache\/51.jpg-nggid011-ngg0dyn-170x110x100-00f0w010c011r110f110r010t010.jpg\"\n\t\t\t\t\twidth=\"170\"\n\t\t\t\t\theight=\"110\"\n\t\t\t\t\tstyle=\"max-width:100%;\"\n\t\t\t\t\/>\n\t\t\t<\/a>\n\t\t<\/div>\n\t\t\t\t\t\t\t<\/div> \n\t\t\t\n\t\n\t<br style=\"clear: both\" \/>\n\n\t\n\t\t<!-- Pagination -->\n\t\t<div class='ngg-clear'><\/div>\t<\/div>\n<\/p>\n","protected":false},"excerpt":{"rendered":"<p>&nbsp; Impressionen 2022 Feedbacks 2022 &nbsp; \u00abJazz Welt Festival heisst f\u00fcr mich spannende Musik, tolle Stimmung, wunderbares Essen, Freunde wiedersehen. Ich kam zwar etwas sp\u00e4ter am Samstagabend aber Calabrun hat mich mit Fl\u00f6ten, Handpan und Trommeln sofort verzaubert. Danach eine mitreissende afrikanische Formation. Der charismatische S\u00e4nger zog das Publikum sofort in seinen Bann, die Leute [&hellip;]<\/p>\n","protected":false},"author":1,"featured_media":0,"parent":0,"menu_order":0,"comment_status":"closed","ping_status":"closed","template":"","meta":{"ngg_post_thumbnail":0,"footnotes":""},"class_list":["post-17","page","type-page","status-publish","hentry"],"_links":{"self":[{"href":"https:\/\/dev.jazzweltfestival.ch\/index.php?rest_route=\/wp\/v2\/pages\/17","targetHints":{"allow":["GET"]}}],"collection":[{"href":"https:\/\/dev.jazzweltfestival.ch\/index.php?rest_route=\/wp\/v2\/pages"}],"about":[{"href":"https:\/\/dev.jazzweltfestival.ch\/index.php?rest_route=\/wp\/v2\/types\/page"}],"author":[{"embeddable":true,"href":"https:\/\/dev.jazzweltfestival.ch\/index.php?rest_route=\/wp\/v2\/users\/1"}],"replies":[{"embeddable":true,"href":"https:\/\/dev.jazzweltfestival.ch\/index.php?rest_route=%2Fwp%2Fv2%2Fcomments&post=17"}],"version-history":[{"count":0,"href":"https:\/\/dev.jazzweltfestival.ch\/index.php?rest_route=\/wp\/v2\/pages\/17\/revisions"}],"wp:attachment":[{"href":"https:\/\/dev.jazzweltfestival.ch\/index.php?rest_route=%2Fwp%2Fv2%2Fmedia&parent=17"}],"curies":[{"name":"wp","href":"https:\/\/api.w.org\/{rel}","templated":true}]}}